{"id":24118,"date":"2023-09-25T09:44:42","date_gmt":"2023-09-25T07:44:42","guid":{"rendered":"https:\/\/jzi.org.pl\/?post_type=product&#038;p=24118"},"modified":"2026-02-19T10:43:04","modified_gmt":"2026-02-19T09:43:04","slug":"wspomnienia-leszek-rylski","status":"publish","type":"product","link":"https:\/\/jzi.org.pl\/en\/product\/wspomnienia-leszek-rylski\/","title":{"rendered":"Wspomnienia. Leszek Rylski"},"content":{"rendered":"<div id=\"pl-24118\"  class=\"panel-layout\" ><div id=\"pg-24118-0\"  class=\"panel-grid panel-no-style\" ><div id=\"pgc-24118-0-0\"  class=\"panel-grid-cell\" ><div id=\"panel-24118-0-0-0\" class=\"so-panel widget widget_sow-editor panel-first-child\" data-index=\"0\" ><div\n\t\t\t\n\t\t\tclass=\"so-widget-sow-editor so-widget-sow-editor-base\"\n\t\t\t\n\t\t>\n<div class=\"siteorigin-widget-tinymce textwidget\">\n\t<p>Tekst: Leszek Rylski, Tomasz Szczerbicki<\/p>\n<p>Redakcja i opracowanie: Tomasz Szczerbicki<\/p>\n<p>Korekta: Ewa Mo\u015bcicka, Zbigniew Mierzejewski, Krzysztof Zi\u0119cina<\/p>\n<p>Edition: 1<\/p>\n<p>ISBN 978-83-967448-5-2<\/p>\n<p>Stron: 220<\/p>\n<p>Format: <span>B5 (17x24,17 cm)<\/span><\/p>\n<p>Ok\u0142adka:<span> twarda lakierowana<\/span><\/p>\n<\/div>\n<\/div><\/div><div id=\"panel-24118-0-0-1\" class=\"so-panel widget widget_sow-editor\" data-index=\"1\" ><div\n\t\t\t\n\t\t\tclass=\"so-widget-sow-editor so-widget-sow-editor-base\"\n\t\t\t\n\t\t><h3 class=\"widget-title\">More information<\/h3>\n<div class=\"siteorigin-widget-tinymce textwidget\">\n\t<div id=\"pg-18543-1\" class=\"panel-grid panel-no-style\">\n<div id=\"pgc-18543-1-0\" class=\"panel-grid-cell\">\n<div id=\"panel-18543-1-0-0\" class=\"so-panel widget widget_sow-editor panel-first-child panel-last-child\" data-index=\"3\">\n<div class=\"panel-widget-style panel-widget-style-for-18543-1-0-0\">\n<div class=\"so-widget-sow-editor so-widget-sow-editor-base\">\n<div class=\"siteorigin-widget-tinymce textwidget\">Leszka Rylskiego pozna\u0142em w 2010 r. Mia\u0142em mu pom\u00f3c w pisaniu biografii jego rodziny z okresu 200 lat wstecz. Rozpocz\u0119li\u015bmy prac\u0119 bardzo intensywnie. Pracowali\u015bmy nad tym dzie\u0142em pi\u0119\u0107 lat. Najbardziej \u017cmudna by\u0142a weryfikacja dat, miejsc i os\u00f3b.<\/div>\n<div><\/div>\n<div class=\"siteorigin-widget-tinymce textwidget\">Cho\u0107 dzieli\u0142o nas ponad 50 lat, ta wsp\u00f3lna praca zrodzi\u0142a przyja\u017a\u0144. Prawdziw\u0105 m\u0119sk\u0105 przyja\u017a\u0144, o kt\u00f3r\u0105 dzi\u015b tak trudno. Leszek Rylski by\u0142 osob\u0105 niesamowicie pogodn\u0105 i obdarzon\u0105 poczuciem humoru. Nie by\u0142o w nim zawi\u015bci, z\u0142o\u015bci, ma\u0142ostkowo\u015bci. Nigdy nie narzeka\u0142. Nawet gdy dosi\u0119ga\u0142y go problemy zdrowotne lub inne troski nie opuszcza\u0142a go pogoda ducha. Poznaj\u0105c go zda\u0142em sobie spraw\u0119, \u017ce by\u0142 to jego spos\u00f3b na \u017cycie. Do tego praca, kt\u00f3ra by\u0142a jego pasj\u0105 \u2013 oczywi\u015bcie zwi\u0105zana z ukochanym futbolem.<\/div>\n<div><\/div>\n<div class=\"siteorigin-widget-tinymce textwidget\">To by\u0142 niesamowity facet, pe\u0142en energii i plan\u00f3w na przysz\u0142o\u015b\u0107. Gdy mia\u0142 90 lat zabra\u0142 si\u0119 za spisywanie dziej\u00f3w rodziny. Gdy mia\u0142 95 lat ju\u017c planowa\u0142 100 urodziny. I prawdopodobnie \u017cy\u0142by jeszcze d\u0142u\u017cej gdyby nie wypadek, kt\u00f3ry doprowadzi\u0142 do jego \u015bmierci.<\/div>\n<div><\/div>\n<div class=\"siteorigin-widget-tinymce textwidget\">Bardzo cz\u0119sto my\u015bl\u0119 o nim. Wiele miejsc mijanych w Warszawie przypomina mi go \u2013 pomniki poleg\u0142ych w czasie II wojny sportowc\u00f3w, kt\u00f3re opisywali\u015bmy. Miejsca, gdzie znajduj\u0105 si\u0119 tablice upami\u0119tniaj\u0105ce jego ojca. Mecze pi\u0142ki no\u017cnej rozgrywane na r\u00f3\u017cnych stadionach. Zawsze, gdy wspomn\u0119 Pana Leszka szczerze si\u0119 \u015bmiej\u0119.<\/div>\n<div><\/div>\n<div class=\"siteorigin-widget-tinymce textwidget\">Ta ksi\u0105\u017cka by\u0142a jego pragnieniem. Teraz ju\u017c b\u0119dzie j\u0105 mia\u0142. Panie Leszku, nasz\u0105 prac\u0119 doprowadzili\u015bmy do ko\u0144ca!<\/div>\n<div><\/div>\n<div class=\"siteorigin-widget-tinymce textwidget\" style=\"text-align: right;\">Tomasz Szczerbicki<\/div>\n<\/div>\n<\/div>\n<\/div>\n<\/div>\n<\/div>\n<\/div>\n<\/div><\/div><div id=\"panel-24118-0-0-2\" class=\"so-panel widget widget_sow-editor panel-last-child\" data-index=\"2\" ><div\n\t\t\t\n\t\t\tclass=\"so-widget-sow-editor so-widget-sow-editor-base\"\n\t\t\t\n\t\t><h3 class=\"widget-title\">Indeks os\u00f3b<\/h3>\n<div class=\"siteorigin-widget-tinymce textwidget\">\n\t<\/div>\n<\/div><\/div><\/div><\/div><div id=\"pg-24118-1\"  class=\"panel-grid panel-no-style\" ><div id=\"pgc-24118-1-0\"  class=\"panel-grid-cell\" ><div id=\"panel-24118-1-0-0\" class=\"so-panel widget widget_sow-editor panel-first-child panel-last-child\" data-index=\"3\" ><div\n\t\t\t\n\t\t\tclass=\"so-widget-sow-editor so-widget-sow-editor-base\"\n\t\t\t\n\t\t>\n<div class=\"siteorigin-widget-tinymce textwidget\">\n\t<p>Abt z d. Rylska, Iwona<br \/>\nAbt, Krzysztof<br \/>\nAbt, Witos\u0142aw<br \/>\nAguigui z d. Rylska, Maria<br \/>\nAguigui, Celestin<br \/>\nAguigui, Celina<br \/>\nAguigui, Elizabeth<br \/>\nAleksandrowicz, Grzegorz, dzia\u0142acz<br \/>\nAnders, W\u0142adys\u0142aw, genera\u0142<br \/>\nApanasowicz-Kat\u0142ubej, Henryk, ps. Tatar, kapral<br \/>\nArcyz, pi\u0142karz<br \/>\nArendt, K., pi\u0142karz<br \/>\nArgasi\u0144ski, Marcin<br \/>\nArgasi\u0144ski, Stanis\u0142aw<br \/>\nAroniszydze, Armin, kapitan<br \/>\nBachman, Edmund, nauczyciel<br \/>\nBaczewska Danuta<br \/>\nBaczewski, Tadeusz<br \/>\nBa\u0142dys, M., pi\u0142karz<br \/>\nBaran, Stefan, fryzjer<br \/>\nBara\u0144ska, Stanis\u0142awa<br \/>\nBartnik, ksi\u0105dz<br \/>\nBator, Stefan, nauczyciel<br \/>\nBeck, J\u00f3zef, minister<br \/>\nBednarski, Stanis\u0142aw, nauczyciel<br \/>\nBenesz, Edward, prezydent Czechos\u0142owacji<br \/>\nBerezowski, Zygmunt, pi\u0142karz<br \/>\nBere\u017anicki, Zygmunt, podchor\u0105\u017cy<br \/>\nBerling, Zygmunt, genera\u0142<br \/>\nBernacki, Witold<br \/>\nBeszczy\u0144ska z d. Rylska, Barbara<br \/>\nBeszczy\u0144ski, Bernard<br \/>\nBeszczy\u0144ski, Miko\u0142aj<br \/>\nBiernat, Henryk, ps. Bogu\u015b<br \/>\nBisanz, Leszek<br \/>\nB\u0142o\u0144ski, Wiktor, krytyk<br \/>\nBochenek, J\u00f3zef, kapitan<br \/>\nBoche\u0144ski, Jerzy<br \/>\nBogusz, Bogus\u0142aw, historyk<br \/>\nBojanowicz, Micha\u0142, chor\u0105\u017cy<br \/>\nBonaparte, Napoleon, cesarz<br \/>\nBoniek, Zbigniew<br \/>\nBorowiecki, W\u0142adys\u0142aw, dzia\u0142acz<br \/>\nBortnowski, W\u0142adys\u0142aw, genera\u0142<br \/>\nBrajtowicz, Zygmunt, pi\u0142karz<br \/>\nBry\u0142ka, pi\u0142karz<br \/>\nBrzosko, Jacek, \u0142y\u017cwiarz<br \/>\nBrzostek, Stefan, s\u0119dzia<br \/>\nBuja, Zygmunt<br \/>\nBulik, T., pi\u0142karz<br \/>\nBurakowski, W\u0142odzimierz, ps. Ry\u015b, kapral<br \/>\nBurzy\u0144ski, Stanis\u0142aw, pi\u0142karz<br \/>\nBu\u015bkiewicz, Czes\u0142aw, s\u0119dzia<br \/>\nBu\u015bko, Kazimierz<br \/>\nBytowski, Emil<br \/>\nChaberska, Halina, ps. Kamila<br \/>\nCha\u0142kowski, Jerzy<br \/>\nChojecki, pi\u0142karz<br \/>\nCho\u0142ub, Bronis\u0142aw, major<br \/>\nChruszcz, J., pi\u0142karz<br \/>\nChru\u015bciel, Antoni, ps. Monter, pu\u0142kownik<br \/>\nChudzicki, J\u00f3zef, pi\u0142karz<br \/>\nChudzikiewicz, J\u00f3zef, pi\u0142karz<br \/>\nChurchill, Winston, premier Wielkiej Brytanii<br \/>\nChwedorczuk, pi\u0142karz<br \/>\nCiecierski, w\u0142a\u015bciciel cukierni<br \/>\nCiesielski, Stanis\u0142aw, ps. Robak, kapral<br \/>\nCiszewski, J\u00f3zef, pi\u0142karz<br \/>\nCunningham z d. Dargiel, Barbara<br \/>\nCunningham, Ernest<br \/>\nCyganiewicz, zapa\u015bnik<br \/>\nCzarnecka z d. \u015alaska, Rachela<br \/>\nCzarnecki, J\u00f3zef<br \/>\nCzerkawski, Franciszek, major<br \/>\nCzerwi\u0144ski, Marian, ps. Rudy<br \/>\nCzubryt, pi\u0142karz<br \/>\nCzuwa\u0142a, Janina<br \/>\nCzy\u017cewski, Aleksander<br \/>\nDargiel z d. Rylska, Klotylda<br \/>\nDargiel, Czes\u0142aw<br \/>\nDassa, Aleksandra<br \/>\nDassa, Clement<br \/>\nDassa, Justyna<br \/>\nD\u0105browska, Maria, ps. Danka<br \/>\nD\u0105browski, Jerzy, pi\u0142karz<br \/>\nD\u0119bowiak, Janina<br \/>\nD\u0119bowiak, W\u0142adys\u0142aw<br \/>\nDobrza\u0144ska, Maria, nauczycielka<br \/>\nDolatkowski, Jerzy, in\u017cynier<br \/>\nDominiczek, browarnik<br \/>\nDominiczek, K., pi\u0142karz<br \/>\nDomino, Zdzis\u0142aw, pi\u0142karz<br \/>\nDowbor-Mu\u015bnicki, J\u00f3zef, genera\u0142<br \/>\nDrobner-Kwiatkowski, Boles\u0142aw, lekarz<br \/>\nDunin-W\u0105sowicz, Krzysztof, historyk<br \/>\nDurak, pi\u0142karz<br \/>\nDurski-Trzaska, pu\u0142kownik<br \/>\nDu\u015b, Kazimierz, porucznik<br \/>\nDytko, J., pi\u0142karz<br \/>\nDzie\u017cbicki, pi\u0142karz<br \/>\nEile, Stanis\u0142aw, nauczyciel<br \/>\nFecko, J., pi\u0142karz<br \/>\nFeret, T., pi\u0142karz<br \/>\nFolta, Stanis\u0142aw<br \/>\nFrankowski, Klemens, pi\u0142karz<br \/>\nGabara, Feliks, pi\u0142karz<br \/>\nGarkowienko, zapa\u015bnik<br \/>\nGartner, Zygmunt<br \/>\nGawryszewski, Stanis\u0142aw<br \/>\nGeromin z d. Dargiel, Irena<br \/>\nGeromin z d. Ziembli\u0144ska, Dorota<br \/>\nGeromin, Barbara<br \/>\nGeromin, Jan<br \/>\nGeromin, Jerzy<br \/>\nGeromin, Maciej<br \/>\nGlinia\u0144ski, J\u00f3zef<br \/>\nG\u0142\u0119bocka, Barbara, ps. Hanna<br \/>\nGogojewicz, T., pi\u0142karz<br \/>\nGolarzewska, Janina<br \/>\nGomuli\u0144ski, Jerzy, s\u0119dzia<br \/>\nGoriuszyn, porucznik<br \/>\nGos\u0142awski, pi\u0142karz<br \/>\nGrabowska, A., \u0142y\u017cwiarka<br \/>\nGrabowska, Krystyna<br \/>\nGrad z d. Dargiel, Krystyna<br \/>\nGrad, Bogdan<br \/>\nGratys, Janusz<br \/>\nGratys, Jennifer<br \/>\nGratys, Jerzy<br \/>\nGratys, Krzysztof<br \/>\nGrotowski, Roman, ps. Ers, major<br \/>\nGruszka, J\u00f3zef, pose\u0142<br \/>\nGruszka, Pawe\u0142<br \/>\nGryczman, Jan, chor\u0105\u017cy<br \/>\nGutman, Tadeusz, s\u0119dzia<br \/>\nHalama, J., pi\u0142karz<br \/>\nHamachek, Vaclav, pi\u0142karz<br \/>\nHan, Zygmunt<br \/>\nHaspel, M., pi\u0142karz<br \/>\nHaszczyc, pi\u0142karz<br \/>\nHawro, W\u0142adys\u0142aw<br \/>\nHejnos, Henryk, ksi\u0105dz<br \/>\nHitler, Adolf, kanclerz<br \/>\nHulley, Boles\u0142aw, genera\u0142<br \/>\nHunt, Dylan<br \/>\nHunt, William<br \/>\nJabrzemski, Jerzy, dziennikarz<br \/>\nJacyszyn, porucznik<br \/>\nJakubek z d. Geromin, Ewa<br \/>\nJakubek, Julia<br \/>\nJakubek, Micha\u0142<br \/>\nJakubek, Stanis\u0142aw<br \/>\nJa\u0142brzykowski, Romuald, biskup<br \/>\nJanicki, pi\u0142karz<br \/>\nJankowski, pi\u0142karz<br \/>\nJarosi\u0144ski, Tomasz, dzia\u0142acz<br \/>\nJaroszy\u0144ski, Zbigniew<br \/>\nJask\u00f3\u0142kowscy<br \/>\nJastrz\u0119bska, Maria, ps. Karin<br \/>\nJaszewski, Artur, ps. Antoni, kapral<br \/>\nJaworski, Zygfryd, ps. Murzyn, porucznik<br \/>\nJedli\u0144ski, Stanis\u0142aw, adwokat<br \/>\nJ\u0119drzejewicz, Janusz, minister<br \/>\nKaczorowski, Mieczys\u0142aw, ps. Adam, porucznik<br \/>\nKali\u0144ski, Wac\u0142aw, pu\u0142kownik<br \/>\nKami\u0144ski, Adam<br \/>\nKami\u0144ski, Bronis\u0142aw, podchor\u0105\u017cy<br \/>\nKami\u0144ski, Stanis\u0142aw, chirurg<br \/>\nKami\u0144ski, Tomasz<br \/>\nKaniku\u0142a, B., pi\u0142karz<br \/>\nKaniok, Kazimierz, ps. Kryspin, kapral<br \/>\nKapu\u015bci\u0144ska z d. Jasionowska, Rozalia<br \/>\nKapu\u015bci\u0144ska z d. Kubiak, Iwana<br \/>\nKapu\u015bci\u0144ska z d. Zarachowicz, Anna<br \/>\nKapu\u015bci\u0144ska, Urszula<br \/>\nKapu\u015bci\u0144ski, J\u00f3zef<br \/>\nKapu\u015bci\u0144ski, Micha\u0142<br \/>\nKapu\u015bci\u0144ski, Rafa\u0142<br \/>\nKapu\u015bci\u0144ski, Szymon<br \/>\nKapu\u015bci\u0144ski, Wincenty<br \/>\nKapu\u015bci\u0144ski, Zbigniew<br \/>\nKapu\u015bci\u0144ski, Zygmunt<br \/>\nKaraszewicz-Tokarzewski, Micha\u0142, genera\u0142<\/p>\n<\/div>\n<\/div><\/div><\/div><div id=\"pgc-24118-1-1\"  class=\"panel-grid-cell\" ><div id=\"panel-24118-1-1-0\" class=\"so-panel widget widget_sow-editor panel-first-child panel-last-child\" data-index=\"4\" ><div\n\t\t\t\n\t\t\tclass=\"so-widget-sow-editor so-widget-sow-editor-base\"\n\t\t\t\n\t\t>\n<div class=\"siteorigin-widget-tinymce textwidget\">\n\t<p>Kardasi\u0144ski, F., pi\u0142karz<br \/>\nKarpi\u0144ski, kapitan<br \/>\nKarwa\u0144ski, W\u0142adys\u0142aw, nauczyciel<br \/>\nKieniewicz, Boles\u0142aw, genera\u0142<br \/>\nKierb, W\u0142odzimierz, genera\u0142<br \/>\nKieszkowscy<br \/>\nKita, Tadeusz, pi\u0142karz<br \/>\nKiwa\u0142a, Julian, pi\u0142karz<br \/>\nKlocek, major<br \/>\nK\u0142osowski, Leszek<br \/>\nKnotz, Emil, nauczyciel<br \/>\nKociuba, T., pi\u0142karz<br \/>\nKonopnicka, Maria, pisarka<br \/>\nKonopnicki, Wojciech<br \/>\nKopiec, pi\u0142karz<br \/>\nKosiba, Franciszek, major<br \/>\nKosiba, Jerzy<br \/>\nKosi\u0144ski, Piotr, ps. Kos<br \/>\nKosmaty, J., pi\u0142karz<br \/>\nKo\u015bci\u0144ski, pi\u0142karz<br \/>\nKotulski, pi\u0142karz<br \/>\nKowalewski, Zbigniew<br \/>\nKowalski, Leonard, pi\u0142karz<br \/>\nKrawczyk, Maria<br \/>\nKrawczy\u0144ski, pi\u0142karz<br \/>\nKrug, Czes\u0142aw, dzia\u0142acz<br \/>\nKrukowski, Kazimierz, s\u0119dzia<br \/>\nKruszelnicki, J., pi\u0142karz<br \/>\nKruszewnicki, Jerzy, pi\u0142karz<br \/>\nKruszewski, Jan, genera\u0142<br \/>\nKrywienko, kapitan<br \/>\nKubica, E., pi\u0142karz<br \/>\nKubicki, J., szewc<br \/>\nKubicki, Stanis\u0142aw, pu\u0142kownik<br \/>\nKubicki, Zbigniew<br \/>\nKuchar, Wac\u0142aw, pi\u0142karz<br \/>\nKucharski, Zbigniew<br \/>\nKucner, Mieczys\u0142aw, pi\u0142karz<br \/>\nKudli\u0144ska z d. Dargiel, Bo\u017cenna<br \/>\nKudli\u0144ski, Henryk<br \/>\nKujawski, Baltazar, szambelan<br \/>\nKunysz, Wac\u0142awa, nauczycielka<br \/>\nKwiatkowski, Boles\u0142aw, kapitan<br \/>\nLichodziejewski, Kazimierz, ps. Tara, major<br \/>\nLigocki, Jerzy, pu\u0142kownik<br \/>\nLissewski, A., przedsi\u0119biorca<br \/>\nLitwin, pi\u0142karz<br \/>\nLity\u0144ski, G., pi\u0142karz<br \/>\n\u0141a\u0144cucka, Anna<br \/>\n\u0141azarewicz, Karol, s\u0119dzia<br \/>\n\u0141ozi\u0144ski, Jan, lekarz<br \/>\n\u0141uczy\u0144ska, El\u017cbieta, \u0142y\u017cwiarka<br \/>\n\u0141ukomski, Jerzy, ps. \u0141uk, kapral<br \/>\nMacko, Stanis\u0142aw, kapitan<br \/>\nMajewski, Stanis\u0142aw, nauczyciel<br \/>\nMajkowski, Stefan, re\u017cyser<br \/>\nMakar, Franciszek, pi\u0142karz<br \/>\nMakrojewski, pi\u0142karz<br \/>\nMaksimowska, Honorata<br \/>\nMaksimowski, Jan, ps. Ziuk<br \/>\nMalicki, w\u00f3jt<br \/>\nMalinowski, Tadeusz, genera\u0142<br \/>\nMali\u0144ski, Marek, ps. Kania<br \/>\nMaliszewska z d. Dytnerska, Maria<br \/>\nMaliszewska z d. Kotuli\u0144ska, Lilianna<br \/>\nMaliszewska z d. \u0141uczak, Barbara<br \/>\nMaliszewska z d. Paeyna, Joanna<br \/>\nMaliszewska z d. Przedborska, Franciszka<br \/>\nMaliszewska z d. Wrzochal, Aleksandra<br \/>\nMaliszewska, Agnieszka<br \/>\nMaliszewska, Ewa<br \/>\nMaliszewska, Magdalena<br \/>\nMaliszewska, Ma\u0142gorzata<br \/>\nMaliszewska, Wanda<br \/>\nMaliszewski, Jerzy<br \/>\nMaliszewski, J\u00f3zef<br \/>\nMaliszewski, Marek<br \/>\nMaliszewski, Pawe\u0142<br \/>\nMaliszewski, Ryszard<br \/>\nMaliszewski, W\u0142adys\u0142aw<br \/>\nMaliszewski, Wojciech<br \/>\nMally, Zbigniew, nauczyciel<br \/>\nMarchaj, Czes\u0142aw, ps. Czes\u0142aw, kapral<br \/>\nMarkiewicz, Lucjan, ps. Zdzis\u0142aw, kapitan<br \/>\nMarkiewicz, Marian, kapitan<br \/>\nMarkowski, Adam<br \/>\nMaszner, Stanis\u0142aw, dzia\u0142acz<br \/>\nMatusik, pi\u0142karz<br \/>\nMazurkiewicz, Jan, pu\u0142kownik<br \/>\nMera, Marian, pi\u0142karz<br \/>\nMichalak, Wac\u0142aw<br \/>\nMichalik, Zygmunt, pi\u0142karz<br \/>\nMichalski, W\u0142adys\u0142aw, pu\u0142kownik<br \/>\nMichler, Karol, kupiec<br \/>\nMielnicki, L., pi\u0142karz<br \/>\nMielnicki, T., pi\u0142karz<br \/>\nMieszczuch, Jerzy<br \/>\nMiller, Franciszek<br \/>\nMillerowa, w\u0142a\u015bcicielka domu<br \/>\nMitsehein, Waldemar, ps. Derwid, kapral<br \/>\nMoncza\u0142owski, Stanis\u0142aw, nauczyciel<br \/>\nMorawicki, Stanis\u0142aw, pi\u0142karz<br \/>\nMorawiecki, Stanis\u0142aw, ps. \u017bbik<br \/>\nMo\u015bcicki, Ignacy, prezydent<br \/>\nMul, Tadeusz, nauczyciel<br \/>\nNag\u00f3rski, Juliusz, architekt<br \/>\nNarkiewicz-Jodko, Irena, ps. Bona<br \/>\nNarkiewicz-Jodko, Konstanty, naukowiec<br \/>\nNasiadek, pi\u0142karz<br \/>\nNiemiec, Franciszek<br \/>\nNiezabitowski, H., pi\u0142karz<br \/>\nNiwinowski, Bogdan, aktor<br \/>\nNiwi\u0144ska z d. Ma\u0107kowiak, Helena<br \/>\nNiwi\u0144ski, Wac\u0142aw<br \/>\nNi\u017cy\u0144ski, Wac\u0142aw, major<br \/>\nNoskowski, Zbigniew, podchor\u0105\u017cy<br \/>\nNosowicz, Maria, nauczycielka<br \/>\nNowakowski, A.<br \/>\nNowakowski, Sylwester, pi\u0142karz<br \/>\nNowakowski, Zygmunt, ps. Dziki, porucznik<br \/>\nNowak-Przygodzki, pi\u0142karz<br \/>\nOpiela, J\u00f3zef, pi\u0142karz<br \/>\nOsi\u0144ski, Tadeusz, ps. Osa<br \/>\nOstrowski, Jerzy, pi\u0142karz<br \/>\nOstrowski, Wies\u0142aw, pi\u0142karz<br \/>\nPaw\u0142owski, W\u0142adys\u0142aw, podchor\u0105\u017cy<br \/>\nPe\u0107ko, J\u00f3zef, pi\u0142karz<br \/>\nPelc, Witold<br \/>\nPetroniec, J\u00f3zef, nauczyciel<br \/>\nPie\u015bkiewicz, Zofia, ps. Zosia<br \/>\nPi\u0142sudski, J\u00f3zef, marsza\u0142ek<br \/>\nPisur, Stanis\u0142aw<br \/>\nPiwnik, Franciszek, ps. Franio, sier\u017cant<br \/>\nPiwnik, W\u0142adys\u0142aw, krawiec<br \/>\nPogorzelski, Jan, ps. Mirek<br \/>\nPojma\u0144ska, Hanna<br \/>\nPojma\u0144ski, Tadeusz<br \/>\nPole\u017cajew, major<br \/>\nPrzedborska, Helena<br \/>\nPrzedborski, Stanis\u0142aw, przedsi\u0119biorca<br \/>\nPtaszy\u0144ski, Jerzy, chor\u0105\u017cy<br \/>\nPyrz, Micha\u0142<br \/>\nRadaj, pi\u0142karz<br \/>\nR\u0105czakowski, Z., pi\u0142karz<br \/>\nRembisz, Marian<br \/>\nR\u0119bisz, Marian, dzia\u0142acz<br \/>\nRola-\u017bymierski, Micha\u0142, genera\u0142<br \/>\nRomanowski, Bronis\u0142aw, dzia\u0142acz<br \/>\nRonikier, Adam, hrabia<br \/>\nRosenbl\u00fcht, pi\u0142karz<br \/>\nRosma\u0144ska, M., \u0142y\u017cwiarka<br \/>\nRostafi\u0144ski, Jan, profesor<br \/>\nRother, Zbigniew<br \/>\nRowecki, Stefan, ps. Grot, genera\u0142<br \/>\nR\u00f3\u017cycki, Ludomir, kompozytor<br \/>\nRubin, H., pi\u0142karz<br \/>\nRudowski, Jan, pose\u0142<br \/>\nRusek, Antoni, przedsi\u0119biorca<br \/>\nRutkowski, Eugeniusz<br \/>\nRydz-\u015amig\u0142y, Edward, genera\u0142<br \/>\nRykaczewska z d. Chylewska, Antonina<br \/>\nRykaczewski, Franciszek<br \/>\nRykaczewski, Franciszek, kapitan<br \/>\nRylska z d. Baczewska, Danuta<br \/>\nRylska z d. Bejnar, Ma\u0142gorzata<br \/>\nRylska z d. Borecka, Jadwiga<br \/>\nRylska z d. Fels, Maria<br \/>\nRylska z d. Gryc, Bo\u017cena<br \/>\nRylska z d. Kapu\u015bci\u0144ska, Michalina<br \/>\nRylska z d. Kotarska, Wies\u0142awa<br \/>\nRylska z d. Lewandowska, Marta<br \/>\nRylska z d. Maliszewska, Janina<br \/>\nRylska z d. Markowska, Honorata<br \/>\nRylska z d. Mia\u0142kowska, Helena<br \/>\nRylska z d. Mystkowska, Rachela<br \/>\nRylska z d. Niwi\u0144ska, Maria<br \/>\nRylska z d. Pitschman, Janina<br \/>\nRylska z d. Puciatycka, Jadwiga<br \/>\nRylska z d. Ratajczak, Agnieszka<br \/>\nRylska z d. Roma\u0144ska, Danuta<br \/>\nRylska z d. Rykaczewska, J\u00f3zefa<br \/>\nRylska z d. Soba\u0144ska, Ma\u0142gorzata<\/p>\n<\/div>\n<\/div><\/div><\/div><div id=\"pgc-24118-1-2\"  class=\"panel-grid-cell\" ><div id=\"panel-24118-1-2-0\" class=\"so-panel widget widget_sow-editor panel-first-child panel-last-child\" data-index=\"5\" ><div\n\t\t\t\n\t\t\tclass=\"so-widget-sow-editor so-widget-sow-editor-base\"\n\t\t\t\n\t\t>\n<div class=\"siteorigin-widget-tinymce textwidget\">\n\t<p>Rylska z d. Szwacka, Jadwiga<br \/>\nRylska z d. Szwacka, Zofia<br \/>\nRylska z d. \u015alaska, Stanis\u0142awa<br \/>\nRylska z d. Wilczy\u0144ska, Janina<br \/>\nRylska z d. \u017burowska, \u0141ucja<br \/>\nRylska, Regina<br \/>\nRylska-Dassa, Danuta<br \/>\nRylska-Hunt, Monika<br \/>\nRylska-Kapu\u015bci\u0144ska, Krystyna<br \/>\nRylski, Adam<br \/>\nRylski, Czes\u0142aw<br \/>\nRylski, Edmund<br \/>\nRylski, Henryk<br \/>\nRylski, Jacek<br \/>\nRylski, Janusz<br \/>\nRylski, Jerzy<br \/>\nRylski, J\u00f3zef<br \/>\nRylski, Leon<br \/>\nRylski, Leszek<br \/>\nRylski, Maciej<br \/>\nRylski, Marcin<br \/>\nRylski, Marek<br \/>\nRylski, Micha\u0142<br \/>\nRylski, Miros\u0142aw<br \/>\nRylski, Olaf<br \/>\nRylski, Olgierd<br \/>\nRylski, Romuald<br \/>\nRylski, S\u0142awomir<br \/>\nRylski, Stefan<br \/>\nRylski, Tadeusz<br \/>\nRylski, Wincenty<br \/>\nRylski, Wojciech<br \/>\nRylski, Zbigniew<br \/>\nRylski, Zygmunt<br \/>\nSalamonowicz, W\u0142adys\u0142aw, kapitan<br \/>\nSalamonowicz, Zofia, ps. Zosia<br \/>\nSatora, Kazimierz, pu\u0142kownik<br \/>\nSawicki, J\u00f3zef, portier<br \/>\nSawicki, Stanis\u0142aw, kapitan<br \/>\nS\u0105dowicz, Jan, nauczyciel<br \/>\nScaevaola-Wieczorkiewicz, Wac\u0142aw, genera\u0142<br \/>\nSchuk, Marian, podchor\u0105\u017cy<br \/>\nSiedlecki, Stanis\u0142aw, ps. Strach<br \/>\nSiekierski, Karol, pi\u0142karz<br \/>\nSiemi\u0105tkowski, pi\u0142karz<br \/>\nSitek, Marian, pi\u0142karz<br \/>\nSkarbowski, Kazimierz, nauczyciel<br \/>\nSkaryszewski, Henryk, pi\u0142karz<br \/>\nSkiba, pi\u0142karz<br \/>\nSkopal, Franciszek, pi\u0142karz<br \/>\nSkowronek, J., pi\u0142karz<br \/>\nSkowronek, Z., pi\u0142karz<br \/>\nSkulicz, Ryszard, pi\u0142karz<br \/>\nSkwarczy\u0144ski, Stanis\u0142aw, kapitan<br \/>\nS\u0142owacki, Juliusz, poeta<br \/>\nSmolak z d. Rylska, Anna<br \/>\nSmolak, Janusz<br \/>\nSmolak, Maciej<br \/>\nSmolak, Tomasz<br \/>\nSobolewski, Marian, nauczyciel<br \/>\nSo\u0142owiej, W\u0142adys\u0142aw, nauczyciel<br \/>\nSosi\u0144ska, kioskarka<br \/>\nSosnkowski, Kazimierz, genera\u0142<br \/>\nSpirydowicz, pi\u0142karz<br \/>\nStankiewicz, J\u00f3zef<br \/>\nStasiak, Stanis\u0142aw, podchor\u0105\u017cy<br \/>\nStecker, zapa\u015bnik<br \/>\nSteinke, Zbigniew, \u0142y\u017cwiarz<br \/>\nStolarczyk, Kazimierz, pi\u0142karz<br \/>\nSza\u0142kow z d. Maliszewska, Iwona<br \/>\nSza\u0142kow, Dawid<br \/>\nSza\u0142kow, Filip<br \/>\nSza\u0142kow, Leszek<br \/>\nSzarek, Roman, dzia\u0142acz<br \/>\nSzczechura, Stanis\u0142aw, ps. Wiktor, porucznik<br \/>\nSzczep\u0142ek, Stefan, dziennikarz<br \/>\nSzczerbi\u0144ski, zapa\u015bnik<br \/>\nSzczygielski, Jerzy, ps. Nowina, kapral<br \/>\nSzersze\u0144, Mieczys\u0142aw, kapitan<br \/>\nSzewc, F., pi\u0142karz<br \/>\nSzo\u0142der, J\u00f3zef, podchor\u0105\u017cy<br \/>\nSzulc, Tadeusz, dzia\u0142acz<br \/>\nSzwacka z d. \u0141uszczy\u0144ska, Jadwiga<br \/>\nSzwacka, Leokadia<br \/>\nSzwacka, Zofia<br \/>\nSzwacki, Cels<br \/>\nSzwacki, Leon<br \/>\nSzwed, W\u0142adys\u0142aw, nauczyciel<br \/>\nSzwed, Zuzanna, \u0142y\u017cwiarka<br \/>\nSzybalski, K., pi\u0142karz<br \/>\nSzypu\u0142a, J\u00f3zef, ksi\u0105dz<br \/>\nSzytenchelmowie<br \/>\n\u015alaska z d. Staniewicz, Ludwika<br \/>\n\u015alaski, Antoni<br \/>\n\u015alaski, Stanis\u0142aw<br \/>\n\u015alezak, Stanis\u0142aw<br \/>\n\u015alezak, W\u0142adys\u0142aw<br \/>\n\u015alusarczyk, major<br \/>\n\u015amielak, Juliusz<br \/>\n\u015amielak, Leokadia<br \/>\n\u015aniegoccy<br \/>\n\u015awiderski, Jerzy<br \/>\nTabaczy\u0144ska z d. Rylska, Agnieszka<br \/>\nTabaczy\u0144ska, Sandra<br \/>\nTalun, zapa\u015bnik<br \/>\nTascher, Jacek, \u0142y\u017cwiarz<br \/>\nTeichman, J., pi\u0142karz<br \/>\nTele\u015bnicki, Stanis\u0142aw, restaurator<br \/>\nTele\u015bnicki, Stanis\u0142aw, s\u0119dzia<br \/>\nTempski, Janusz, kapitan<br \/>\nTenczarowski, Tadeusz, nauczyciel<br \/>\nT\u0119siorowski, Jerzy, ps. Zawada, porucznik<br \/>\nTrochanowski, Jerzy, pi\u0142karz<br \/>\nTrojan, J., pi\u0142karz<br \/>\nTrompeter z d. Rylska, Waleria<br \/>\nTrompeter, Kazimierz<br \/>\nTrompeter, Stanis\u0142aw<br \/>\nTrybalski, Kazimierz<br \/>\nTrzankowska, Barbara<br \/>\nTrzankowski, Jerzy<br \/>\nTrzankowski, Tadeusz, kapitan<br \/>\nTrze\u015bniewski, pi\u0142karz<br \/>\nTrznadel, Janina<br \/>\nTurczynowski, Andrzej, pi\u0142karz<br \/>\nTurkowski, Zbigniew, \u0142y\u017cwiarz<br \/>\nTuszarski, A., pi\u0142karz<br \/>\nTuszy\u0144ski, in\u017cynier<br \/>\nTwardo, pi\u0142karz<br \/>\nTyczkowski, Franciszek, ksi\u0105dz<br \/>\nTylkiewicz, Jerzy, starszy sier\u017cant<br \/>\nTyszarski, Antoni, pi\u0142karz<br \/>\nUmiastowski, Roman, pu\u0142kownik<br \/>\nUrban, Witold, ps. Gromicz, porucznik<br \/>\nWalicki, Jan, pi\u0142karz<br \/>\nWa\u0144czycki, Janusz<br \/>\nWa\u0144czycki, W\u0142odzimierz<br \/>\nWasilewska, Stanis\u0142awa<br \/>\nWasilewski, Zbigniew, ps. Maciej, porucznik<br \/>\nW\u0105sacz, M., pi\u0142karz<br \/>\nWeinstein, pi\u0142karz<br \/>\nWeizkorn, Mieczys\u0142aw, ps. Lwowicz, kapral<br \/>\nWieczorek, Stanis\u0142aw, pi\u0142karz<br \/>\nWierzbowska z d. Rylska, Ewa<br \/>\nWiktorek, K., s\u0119dzia<br \/>\nWilczek, Blanka<br \/>\nWitkowski, August, fizyk<br \/>\nW\u0142odarski, Stanis\u0142aw, podchor\u0105\u017cy<br \/>\nW\u0142odzimierz, J., pi\u0142karz<br \/>\nWodzy\u0144ski, W\u0142odzimierz<br \/>\nWojciechowski, Stanis\u0142aw, prezydent<br \/>\nWojnarowicz, Piotr, pi\u0142karz<br \/>\nWojtyna, W., pi\u0142karz<br \/>\nWosi\u0144ski, pi\u0142karz<br \/>\nWo\u017aniak, Andrzej, in\u017cynier<br \/>\nZadrzy\u0144ski, major<br \/>\nZaj\u0105c, pi\u0142karz<br \/>\nZalewscy<br \/>\nZalewska, Klara, dozorczyni<br \/>\nZalewski, Boles\u0142aw, dozorca<br \/>\nZa\u0142\u0119gowski, Adam, \u0142y\u017cwiarz<br \/>\nZa\u0142\u0119ski, Kazimierz, podchor\u0105\u017cy<br \/>\nZarachowicz z d. Kapu\u015bci\u0144ska, Irena<br \/>\nZarachowicz, Adam<br \/>\nZarachowicz, Andrzej<br \/>\nZarachowicz, Eugeniusz<br \/>\nZarachowicz, Tomasz<br \/>\nZawadil, pi\u0142karz<br \/>\nZawadzka, Halina<br \/>\nZawadzki, Adam<br \/>\nZawadzki, Andrzej, ps. Krzych<br \/>\nZawadzki, Kazimierz, porucznik<br \/>\nZawadzki, Zygmunt<br \/>\nZawadzki, Zygmunt, podchor\u0105\u017cy<br \/>\nZawadzki, Zygmunt, ps. Ma\u0142y<br \/>\nZawidzki, Zygmunt, in\u017cynier<br \/>\nZazanek, Aleksander, dzia\u0142acz<br \/>\nZieli\u0144ski, Feliks, dzia\u0142acz<br \/>\nZieli\u0144ski, Jan, pi\u0142karz<br \/>\n\u017bbikowski, Tadeusz, pi\u0142karz<br \/>\n\u017bemojtel, Wojciech<br \/>\n\u017buchowski, Kamil<br \/>\n\u017burowska z d. St\u0119pi\u0144ska, Zofia<br \/>\n\u017burowska, Irena<br \/>\n\u017burowski, Aleksander, ps. Andrzej, Blacharski, pu\u0142kownik<br \/>\n\u017burowski, J\u00f3zef<br \/>\n\u017burowski, Leopold<\/p>\n<\/div>\n<\/div><\/div><\/div><\/div><\/div>","protected":false},"excerpt":{"rendered":"<p>Tekst: Leszek Rylski, Tomasz Szczerbicki Redakcja i opracowanie: Tomasz Szczerbicki Korekta: Ewa Mo\u015bcicka, Zbigniew Mierzejewski, Krzysztof Zi\u0119cina Wydanie: 1 ISBN 978-83-967448-5-2 Stron: 220 Format: B5 (17&#215;24,17 cm) Ok\u0142adka: twarda lakierowana Leszka Rylskiego pozna\u0142em w 2010 r. Mia\u0142em mu pom\u00f3c w pisaniu biografii jego rodziny z okresu 200 lat wstecz. Rozpocz\u0119li\u015bmy prac\u0119 bardzo intensywnie. Pracowali\u015bmy nad [&hellip;]<\/p>\n","protected":false},"author":1,"featured_media":24119,"comment_status":"open","ping_status":"closed","template":"","meta":{"h5ap_radio_sources":[],"jetpack_post_was_ever_published":false},"product_brand":[],"product_cat":[272,344],"product_tag":[],"class_list":{"0":"post-24118","1":"product","2":"type-product","3":"status-publish","4":"has-post-thumbnail","6":"product_cat-ksiazki","7":"product_cat-nasze-rodziny","9":"first","10":"outofstock","11":"featured","12":"taxable","13":"shipping-taxable","14":"purchasable","15":"product-type-simple"},"supplier_id":16598,"supplier_sku":"","barcode":null,"atum_controlled":true,"out_stock_date":"2026-02-16 17:32:48","out_stock_threshold":null,"inheritable":false,"inbound_stock":0,"stock_on_hold":0,"sold_today":0,"sales_last_days":0,"reserved_stock":0,"customer_returns":0,"warehouse_damage":0,"lost_in_post":0,"other_logs":0,"out_stock_days":69,"lost_sales":2070,"has_location":false,"update_date":"2026-04-27T00:11:59","atum_locations":[],"atum_stock_status":"outofstock","restock_status":false,"low_stock_amount":3,"sales_update_date":"2026-04-27T00:11:59","calc_backorders":null,"yoast_head":"<!-- This site is optimized with the Yoast SEO plugin v27.4 - https:\/\/yoast.com\/product\/yoast-seo-wordpress\/ -->\n<title>Wspomnienia. Leszek Rylski - Jami\u0144ski Zesp\u00f3\u0142 Indeksacyjny<\/title>\n<meta name=\"robots\" content=\"index, follow, max-snippet:-1, max-image-preview:large, max-video-preview:-1\" \/>\n<link rel=\"canonical\" href=\"https:\/\/jzi.org.pl\/en\/product\/wspomnienia-leszek-rylski\/\" \/>\n<meta property=\"og:locale\" content=\"en_US\" \/>\n<meta property=\"og:type\" content=\"article\" \/>\n<meta property=\"og:title\" content=\"Wspomnienia. Leszek Rylski - Jami\u0144ski Zesp\u00f3\u0142 Indeksacyjny\" \/>\n<meta property=\"og:description\" content=\"Tekst: Leszek Rylski, Tomasz Szczerbicki Redakcja i opracowanie: Tomasz Szczerbicki Korekta: Ewa Mo\u015bcicka, Zbigniew Mierzejewski, Krzysztof Zi\u0119cina Wydanie: 1 ISBN 978-83-967448-5-2 Stron: 220 Format: B5 (17x24,17 cm) Ok\u0142adka: twarda lakierowana Leszka Rylskiego pozna\u0142em w 2010 r. Mia\u0142em mu pom\u00f3c w pisaniu biografii jego rodziny z okresu 200 lat wstecz. Rozpocz\u0119li\u015bmy prac\u0119 bardzo intensywnie. Pracowali\u015bmy nad [&hellip;]\" \/>\n<meta property=\"og:url\" content=\"https:\/\/jzi.org.pl\/en\/product\/wspomnienia-leszek-rylski\/\" \/>\n<meta property=\"og:site_name\" content=\"Jami\u0144ski Zesp\u00f3\u0142 Indeksacyjny\" \/>\n<meta property=\"article:publisher\" content=\"https:\/\/www.facebook.com\/Jaminski.Zespol.Indeksacyjny\/\" \/>\n<meta property=\"article:modified_time\" content=\"2026-02-19T09:43:04+00:00\" \/>\n<meta property=\"og:image\" content=\"https:\/\/jzi.org.pl\/wp-content\/uploads\/2023\/09\/leszek-rylski-wspomnienia-0-scaled.jpg\" \/>\n\t<meta property=\"og:image:width\" content=\"1798\" \/>\n\t<meta property=\"og:image:height\" content=\"2560\" \/>\n\t<meta property=\"og:image:type\" content=\"image\/jpeg\" \/>\n<meta name=\"twitter:card\" content=\"summary_large_image\" \/>\n<meta name=\"twitter:label1\" content=\"Est. reading time\" \/>\n\t<meta name=\"twitter:data1\" content=\"12 minutes\" \/>\n<script type=\"application\/ld+json\" class=\"yoast-schema-graph\">{\"@context\":\"https:\\\/\\\/schema.org\",\"@graph\":[{\"@type\":\"WebPage\",\"@id\":\"https:\\\/\\\/jzi.org.pl\\\/produkt\\\/wspomnienia-leszek-rylski\\\/\",\"url\":\"https:\\\/\\\/jzi.org.pl\\\/produkt\\\/wspomnienia-leszek-rylski\\\/\",\"name\":\"Wspomnienia. Leszek Rylski - Jami\u0144ski Zesp\u00f3\u0142 Indeksacyjny\",\"isPartOf\":{\"@id\":\"https:\\\/\\\/jzi.org.pl\\\/#website\"},\"primaryImageOfPage\":{\"@id\":\"https:\\\/\\\/jzi.org.pl\\\/produkt\\\/wspomnienia-leszek-rylski\\\/#primaryimage\"},\"image\":{\"@id\":\"https:\\\/\\\/jzi.org.pl\\\/produkt\\\/wspomnienia-leszek-rylski\\\/#primaryimage\"},\"thumbnailUrl\":\"https:\\\/\\\/jzi.org.pl\\\/wp-content\\\/uploads\\\/2023\\\/09\\\/leszek-rylski-wspomnienia-0-scaled.jpg\",\"datePublished\":\"2023-09-25T07:44:42+00:00\",\"dateModified\":\"2026-02-19T09:43:04+00:00\",\"breadcrumb\":{\"@id\":\"https:\\\/\\\/jzi.org.pl\\\/produkt\\\/wspomnienia-leszek-rylski\\\/#breadcrumb\"},\"inLanguage\":\"en-US\",\"potentialAction\":[{\"@type\":\"ReadAction\",\"target\":[\"https:\\\/\\\/jzi.org.pl\\\/produkt\\\/wspomnienia-leszek-rylski\\\/\"]}]},{\"@type\":\"ImageObject\",\"inLanguage\":\"en-US\",\"@id\":\"https:\\\/\\\/jzi.org.pl\\\/produkt\\\/wspomnienia-leszek-rylski\\\/#primaryimage\",\"url\":\"https:\\\/\\\/jzi.org.pl\\\/wp-content\\\/uploads\\\/2023\\\/09\\\/leszek-rylski-wspomnienia-0-scaled.jpg\",\"contentUrl\":\"https:\\\/\\\/jzi.org.pl\\\/wp-content\\\/uploads\\\/2023\\\/09\\\/leszek-rylski-wspomnienia-0-scaled.jpg\",\"width\":1798,\"height\":2560},{\"@type\":\"BreadcrumbList\",\"@id\":\"https:\\\/\\\/jzi.org.pl\\\/produkt\\\/wspomnienia-leszek-rylski\\\/#breadcrumb\",\"itemListElement\":[{\"@type\":\"ListItem\",\"position\":1,\"name\":\"Strona g\u0142\u00f3wna\",\"item\":\"https:\\\/\\\/jzi.org.pl\\\/\"},{\"@type\":\"ListItem\",\"position\":2,\"name\":\"Sklep\",\"item\":\"https:\\\/\\\/jzi.org.pl\\\/sklep\\\/\"},{\"@type\":\"ListItem\",\"position\":3,\"name\":\"Wspomnienia. Leszek Rylski\"}]},{\"@type\":\"WebSite\",\"@id\":\"https:\\\/\\\/jzi.org.pl\\\/#website\",\"url\":\"https:\\\/\\\/jzi.org.pl\\\/\",\"name\":\"Jami\u0144ski Zesp\u00f3\u0142 Indeksacyjny\",\"description\":\"\",\"publisher\":{\"@id\":\"https:\\\/\\\/jzi.org.pl\\\/#organization\"},\"potentialAction\":[{\"@type\":\"SearchAction\",\"target\":{\"@type\":\"EntryPoint\",\"urlTemplate\":\"https:\\\/\\\/jzi.org.pl\\\/?s={search_term_string}\"},\"query-input\":{\"@type\":\"PropertyValueSpecification\",\"valueRequired\":true,\"valueName\":\"search_term_string\"}}],\"inLanguage\":\"en-US\"},{\"@type\":\"Organization\",\"@id\":\"https:\\\/\\\/jzi.org.pl\\\/#organization\",\"name\":\"Jami\u0144ski Zesp\u00f3\u0142 Indeksacyjny\",\"url\":\"https:\\\/\\\/jzi.org.pl\\\/\",\"logo\":{\"@type\":\"ImageObject\",\"inLanguage\":\"en-US\",\"@id\":\"https:\\\/\\\/jzi.org.pl\\\/#\\\/schema\\\/logo\\\/image\\\/\",\"url\":\"https:\\\/\\\/jzi.org.pl\\\/wp-content\\\/uploads\\\/2019\\\/03\\\/logo-stowarzyszenie-jzi.png\",\"contentUrl\":\"https:\\\/\\\/jzi.org.pl\\\/wp-content\\\/uploads\\\/2019\\\/03\\\/logo-stowarzyszenie-jzi.png\",\"width\":931,\"height\":990,\"caption\":\"Jami\u0144ski Zesp\u00f3\u0142 Indeksacyjny\"},\"image\":{\"@id\":\"https:\\\/\\\/jzi.org.pl\\\/#\\\/schema\\\/logo\\\/image\\\/\"},\"sameAs\":[\"https:\\\/\\\/www.facebook.com\\\/Jaminski.Zespol.Indeksacyjny\\\/\"]}]}<\/script>\n<!-- \/ Yoast SEO plugin. -->","yoast_head_json":{"title":"Wspomnienia. Leszek Rylski - Jami\u0144ski Zesp\u00f3\u0142 Indeksacyjny","robots":{"index":"index","follow":"follow","max-snippet":"max-snippet:-1","max-image-preview":"max-image-preview:large","max-video-preview":"max-video-preview:-1"},"canonical":"https:\/\/jzi.org.pl\/en\/product\/wspomnienia-leszek-rylski\/","og_locale":"en_US","og_type":"article","og_title":"Wspomnienia. Leszek Rylski - Jami\u0144ski Zesp\u00f3\u0142 Indeksacyjny","og_description":"Tekst: Leszek Rylski, Tomasz Szczerbicki Redakcja i opracowanie: Tomasz Szczerbicki Korekta: Ewa Mo\u015bcicka, Zbigniew Mierzejewski, Krzysztof Zi\u0119cina Wydanie: 1 ISBN 978-83-967448-5-2 Stron: 220 Format: B5 (17x24,17 cm) Ok\u0142adka: twarda lakierowana Leszka Rylskiego pozna\u0142em w 2010 r. Mia\u0142em mu pom\u00f3c w pisaniu biografii jego rodziny z okresu 200 lat wstecz. Rozpocz\u0119li\u015bmy prac\u0119 bardzo intensywnie. Pracowali\u015bmy nad [&hellip;]","og_url":"https:\/\/jzi.org.pl\/en\/product\/wspomnienia-leszek-rylski\/","og_site_name":"Jami\u0144ski Zesp\u00f3\u0142 Indeksacyjny","article_publisher":"https:\/\/www.facebook.com\/Jaminski.Zespol.Indeksacyjny\/","article_modified_time":"2026-02-19T09:43:04+00:00","og_image":[{"width":1798,"height":2560,"url":"https:\/\/jzi.org.pl\/wp-content\/uploads\/2023\/09\/leszek-rylski-wspomnienia-0-scaled.jpg","type":"image\/jpeg"}],"twitter_card":"summary_large_image","twitter_misc":{"Est. reading time":"12 minutes"},"schema":{"@context":"https:\/\/schema.org","@graph":[{"@type":"WebPage","@id":"https:\/\/jzi.org.pl\/produkt\/wspomnienia-leszek-rylski\/","url":"https:\/\/jzi.org.pl\/produkt\/wspomnienia-leszek-rylski\/","name":"Wspomnienia. Leszek Rylski - Jami\u0144ski Zesp\u00f3\u0142 Indeksacyjny","isPartOf":{"@id":"https:\/\/jzi.org.pl\/#website"},"primaryImageOfPage":{"@id":"https:\/\/jzi.org.pl\/produkt\/wspomnienia-leszek-rylski\/#primaryimage"},"image":{"@id":"https:\/\/jzi.org.pl\/produkt\/wspomnienia-leszek-rylski\/#primaryimage"},"thumbnailUrl":"https:\/\/jzi.org.pl\/wp-content\/uploads\/2023\/09\/leszek-rylski-wspomnienia-0-scaled.jpg","datePublished":"2023-09-25T07:44:42+00:00","dateModified":"2026-02-19T09:43:04+00:00","breadcrumb":{"@id":"https:\/\/jzi.org.pl\/produkt\/wspomnienia-leszek-rylski\/#breadcrumb"},"inLanguage":"en-US","potentialAction":[{"@type":"ReadAction","target":["https:\/\/jzi.org.pl\/produkt\/wspomnienia-leszek-rylski\/"]}]},{"@type":"ImageObject","inLanguage":"en-US","@id":"https:\/\/jzi.org.pl\/produkt\/wspomnienia-leszek-rylski\/#primaryimage","url":"https:\/\/jzi.org.pl\/wp-content\/uploads\/2023\/09\/leszek-rylski-wspomnienia-0-scaled.jpg","contentUrl":"https:\/\/jzi.org.pl\/wp-content\/uploads\/2023\/09\/leszek-rylski-wspomnienia-0-scaled.jpg","width":1798,"height":2560},{"@type":"BreadcrumbList","@id":"https:\/\/jzi.org.pl\/produkt\/wspomnienia-leszek-rylski\/#breadcrumb","itemListElement":[{"@type":"ListItem","position":1,"name":"Strona g\u0142\u00f3wna","item":"https:\/\/jzi.org.pl\/"},{"@type":"ListItem","position":2,"name":"Sklep","item":"https:\/\/jzi.org.pl\/sklep\/"},{"@type":"ListItem","position":3,"name":"Wspomnienia. Leszek Rylski"}]},{"@type":"WebSite","@id":"https:\/\/jzi.org.pl\/#website","url":"https:\/\/jzi.org.pl\/","name":"Jaminy Indexing Team","description":"","publisher":{"@id":"https:\/\/jzi.org.pl\/#organization"},"potentialAction":[{"@type":"SearchAction","target":{"@type":"EntryPoint","urlTemplate":"https:\/\/jzi.org.pl\/?s={search_term_string}"},"query-input":{"@type":"PropertyValueSpecification","valueRequired":true,"valueName":"search_term_string"}}],"inLanguage":"en-US"},{"@type":"Organization","@id":"https:\/\/jzi.org.pl\/#organization","name":"Jaminy Indexing Team","url":"https:\/\/jzi.org.pl\/","logo":{"@type":"ImageObject","inLanguage":"en-US","@id":"https:\/\/jzi.org.pl\/#\/schema\/logo\/image\/","url":"https:\/\/jzi.org.pl\/wp-content\/uploads\/2019\/03\/logo-stowarzyszenie-jzi.png","contentUrl":"https:\/\/jzi.org.pl\/wp-content\/uploads\/2019\/03\/logo-stowarzyszenie-jzi.png","width":931,"height":990,"caption":"Jami\u0144ski Zesp\u00f3\u0142 Indeksacyjny"},"image":{"@id":"https:\/\/jzi.org.pl\/#\/schema\/logo\/image\/"},"sameAs":["https:\/\/www.facebook.com\/Jaminski.Zespol.Indeksacyjny\/"]}]}},"jetpack_likes_enabled":true,"jetpack_sharing_enabled":true,"_links":{"self":[{"href":"https:\/\/jzi.org.pl\/en\/wp-json\/wp\/v2\/product\/24118","targetHints":{"allow":["GET"]}}],"collection":[{"href":"https:\/\/jzi.org.pl\/en\/wp-json\/wp\/v2\/product"}],"about":[{"href":"https:\/\/jzi.org.pl\/en\/wp-json\/wp\/v2\/types\/product"}],"author":[{"embeddable":true,"href":"https:\/\/jzi.org.pl\/en\/wp-json\/wp\/v2\/users\/1"}],"replies":[{"embeddable":true,"href":"https:\/\/jzi.org.pl\/en\/wp-json\/wp\/v2\/comments?post=24118"}],"wp:featuredmedia":[{"embeddable":true,"href":"https:\/\/jzi.org.pl\/en\/wp-json\/wp\/v2\/media\/24119"}],"wp:attachment":[{"href":"https:\/\/jzi.org.pl\/en\/wp-json\/wp\/v2\/media?parent=24118"}],"wp:term":[{"taxonomy":"product_brand","embeddable":true,"href":"https:\/\/jzi.org.pl\/en\/wp-json\/wp\/v2\/product_brand?post=24118"},{"taxonomy":"product_cat","embeddable":true,"href":"https:\/\/jzi.org.pl\/en\/wp-json\/wp\/v2\/product_cat?post=24118"},{"taxonomy":"product_tag","embeddable":true,"href":"https:\/\/jzi.org.pl\/en\/wp-json\/wp\/v2\/product_tag?post=24118"}],"curies":[{"name":"wp","href":"https:\/\/api.w.org\/{rel}","templated":true}]}}