{"id":8580,"date":"2019-09-03T00:00:00","date_gmt":"2019-09-02T22:00:00","guid":{"rendered":"https:\/\/jzi.org.pl\/?page_id=8580"},"modified":"2020-02-27T21:48:19","modified_gmt":"2020-02-27T20:48:19","slug":"wody-wigierskie-i-hucianskie-studium-toponomastyczne","status":"publish","type":"page","link":"https:\/\/jzi.org.pl\/en\/publikacje\/reprinty\/wody-wigierskie-i-hucianskie-studium-toponomastyczne\/","title":{"rendered":"Wody wigierskie i hucia\u0144skie \u2013 studium toponomastyczne (Vol. 1 &amp; 2)"},"content":{"rendered":"<div id=\"pl-8580\"  class=\"panel-layout\" ><div id=\"pg-8580-0\"  class=\"panel-grid panel-has-style\" ><div class=\"panel-row-style panel-row-style-for-8580-0\" ><div id=\"pgc-8580-0-0\"  class=\"panel-grid-cell\" ><div id=\"panel-8580-0-0-0\" class=\"so-panel widget widget_sow-editor panel-first-child panel-last-child\" data-index=\"0\" ><div class=\"panel-widget-style panel-widget-style-for-8580-0-0-0\" ><div\n\t\t\t\n\t\t\tclass=\"so-widget-sow-editor so-widget-sow-editor-base\"\n\t\t\t\n\t\t>\n<div class=\"siteorigin-widget-tinymce textwidget\">\n\t<div class='black' style='background:rgb(243, 243, 243); border:solid 0px rgba(0,0,0,0); border-radius:0px; padding:0px 0px 0px 0px;'>\n<div id='slider_365' class='owl-carousel sa_owl_theme owl-pagination-true autohide-arrows' data-slider-id='slider_365' style='visibility:hidden;'>\n<div id='slider_365_slide01' class='sa_hover_container' style='padding:2% 2%; margin:0px 0%; '>\n<p><a href=\"https:\/\/jzi.org.pl\/wp-content\/uploads\/2019\/09\/wody-wigerskie-i-hucianskie-1-0.jpg\"><img loading=\"lazy\" decoding=\"async\" class=\"aligncenter wp-image-8579 size-full\" src=\"https:\/\/jzi.org.pl\/wp-content\/uploads\/2019\/09\/wody-wigerskie-i-hucianskie-1-0.jpg\" alt=\"\" width=\"2089\" height=\"2934\" srcset=\"https:\/\/jzi.org.pl\/wp-content\/uploads\/2019\/09\/wody-wigerskie-i-hucianskie-1-0.jpg 2089w, https:\/\/jzi.org.pl\/wp-content\/uploads\/2019\/09\/wody-wigerskie-i-hucianskie-1-0-214x300.jpg 214w, https:\/\/jzi.org.pl\/wp-content\/uploads\/2019\/09\/wody-wigerskie-i-hucianskie-1-0-768x1079.jpg 768w, https:\/\/jzi.org.pl\/wp-content\/uploads\/2019\/09\/wody-wigerskie-i-hucianskie-1-0-729x1024.jpg 729w, https:\/\/jzi.org.pl\/wp-content\/uploads\/2019\/09\/wody-wigerskie-i-hucianskie-1-0-416x584.jpg 416w\" sizes=\"auto, (max-width: 2089px) 100vw, 2089px\" \/><\/a><\/p>\n<\/div>\n<div id='slider_365_slide02' class='sa_hover_container' style='padding:2% 2%; margin:0px 0%; '>\n<p><a href=\"https:\/\/jzi.org.pl\/wp-content\/uploads\/2019\/09\/wody-wigierskie-i-hucianskie-1-7.png\"><img loading=\"lazy\" decoding=\"async\" class=\"aligncenter size-full wp-image-8589\" src=\"https:\/\/jzi.org.pl\/wp-content\/uploads\/2019\/09\/wody-wigierskie-i-hucianskie-1-7.png\" alt=\"\" width=\"964\" height=\"1360\" srcset=\"https:\/\/jzi.org.pl\/wp-content\/uploads\/2019\/09\/wody-wigierskie-i-hucianskie-1-7.png 964w, https:\/\/jzi.org.pl\/wp-content\/uploads\/2019\/09\/wody-wigierskie-i-hucianskie-1-7-213x300.png 213w, https:\/\/jzi.org.pl\/wp-content\/uploads\/2019\/09\/wody-wigierskie-i-hucianskie-1-7-768x1083.png 768w, https:\/\/jzi.org.pl\/wp-content\/uploads\/2019\/09\/wody-wigierskie-i-hucianskie-1-7-726x1024.png 726w, https:\/\/jzi.org.pl\/wp-content\/uploads\/2019\/09\/wody-wigierskie-i-hucianskie-1-7-416x587.png 416w\" sizes=\"auto, (max-width: 964px) 100vw, 964px\" \/><\/a><\/p>\n<\/div>\n<div id='slider_365_slide03' class='sa_hover_container' style='padding:2% 2%; margin:0px 0%; '>\n<p><a href=\"https:\/\/jzi.org.pl\/wp-content\/uploads\/2019\/09\/wody-wigierskie-i-hucianskie-1-63.png\"><img loading=\"lazy\" decoding=\"async\" class=\"aligncenter size-full wp-image-8590\" src=\"https:\/\/jzi.org.pl\/wp-content\/uploads\/2019\/09\/wody-wigierskie-i-hucianskie-1-63.png\" alt=\"\" width=\"964\" height=\"1361\" srcset=\"https:\/\/jzi.org.pl\/wp-content\/uploads\/2019\/09\/wody-wigierskie-i-hucianskie-1-63.png 964w, https:\/\/jzi.org.pl\/wp-content\/uploads\/2019\/09\/wody-wigierskie-i-hucianskie-1-63-212x300.png 212w, https:\/\/jzi.org.pl\/wp-content\/uploads\/2019\/09\/wody-wigierskie-i-hucianskie-1-63-768x1084.png 768w, https:\/\/jzi.org.pl\/wp-content\/uploads\/2019\/09\/wody-wigierskie-i-hucianskie-1-63-725x1024.png 725w, https:\/\/jzi.org.pl\/wp-content\/uploads\/2019\/09\/wody-wigierskie-i-hucianskie-1-63-416x587.png 416w\" sizes=\"auto, (max-width: 964px) 100vw, 964px\" \/><\/a><\/p>\n<\/div>\n<div id='slider_365_slide04' class='sa_hover_container' style='padding:2% 2%; margin:0px 0%; '>\n<p><a href=\"https:\/\/jzi.org.pl\/wp-content\/uploads\/2019\/09\/wody-wigierskie-i-hucianskie-1-119.png\"><img loading=\"lazy\" decoding=\"async\" class=\"aligncenter size-full wp-image-8591\" src=\"https:\/\/jzi.org.pl\/wp-content\/uploads\/2019\/09\/wody-wigierskie-i-hucianskie-1-119.png\" alt=\"\" width=\"964\" height=\"1361\" srcset=\"https:\/\/jzi.org.pl\/wp-content\/uploads\/2019\/09\/wody-wigierskie-i-hucianskie-1-119.png 964w, https:\/\/jzi.org.pl\/wp-content\/uploads\/2019\/09\/wody-wigierskie-i-hucianskie-1-119-212x300.png 212w, https:\/\/jzi.org.pl\/wp-content\/uploads\/2019\/09\/wody-wigierskie-i-hucianskie-1-119-768x1084.png 768w, https:\/\/jzi.org.pl\/wp-content\/uploads\/2019\/09\/wody-wigierskie-i-hucianskie-1-119-725x1024.png 725w, https:\/\/jzi.org.pl\/wp-content\/uploads\/2019\/09\/wody-wigierskie-i-hucianskie-1-119-416x587.png 416w\" sizes=\"auto, (max-width: 964px) 100vw, 964px\" \/><\/a><\/p>\n<\/div>\n<div id='slider_365_slide05' class='sa_hover_container' style='padding:2% 2%; margin:0px 0%; '>\n<p><a href=\"https:\/\/jzi.org.pl\/wp-content\/uploads\/2019\/09\/wody-wigierskie-i-hucianskie-1-172.png\"><img loading=\"lazy\" decoding=\"async\" class=\"aligncenter size-full wp-image-8592\" src=\"https:\/\/jzi.org.pl\/wp-content\/uploads\/2019\/09\/wody-wigierskie-i-hucianskie-1-172.png\" alt=\"\" width=\"964\" height=\"1361\" srcset=\"https:\/\/jzi.org.pl\/wp-content\/uploads\/2019\/09\/wody-wigierskie-i-hucianskie-1-172.png 964w, https:\/\/jzi.org.pl\/wp-content\/uploads\/2019\/09\/wody-wigierskie-i-hucianskie-1-172-212x300.png 212w, https:\/\/jzi.org.pl\/wp-content\/uploads\/2019\/09\/wody-wigierskie-i-hucianskie-1-172-768x1084.png 768w, https:\/\/jzi.org.pl\/wp-content\/uploads\/2019\/09\/wody-wigierskie-i-hucianskie-1-172-725x1024.png 725w, https:\/\/jzi.org.pl\/wp-content\/uploads\/2019\/09\/wody-wigierskie-i-hucianskie-1-172-416x587.png 416w\" sizes=\"auto, (max-width: 964px) 100vw, 964px\" \/><\/a><\/p>\n<\/div>\n<div id='slider_365_slide06' class='sa_hover_container' style='padding:2% 2%; margin:0px 0%; '>\n<p><a href=\"https:\/\/jzi.org.pl\/wp-content\/uploads\/2019\/09\/wody-wigierskie-i-hucianskie-1-280.png\"><img loading=\"lazy\" decoding=\"async\" class=\"aligncenter size-full wp-image-8593\" src=\"https:\/\/jzi.org.pl\/wp-content\/uploads\/2019\/09\/wody-wigierskie-i-hucianskie-1-280.png\" alt=\"\" width=\"964\" height=\"1361\" srcset=\"https:\/\/jzi.org.pl\/wp-content\/uploads\/2019\/09\/wody-wigierskie-i-hucianskie-1-280.png 964w, https:\/\/jzi.org.pl\/wp-content\/uploads\/2019\/09\/wody-wigierskie-i-hucianskie-1-280-212x300.png 212w, https:\/\/jzi.org.pl\/wp-content\/uploads\/2019\/09\/wody-wigierskie-i-hucianskie-1-280-768x1084.png 768w, https:\/\/jzi.org.pl\/wp-content\/uploads\/2019\/09\/wody-wigierskie-i-hucianskie-1-280-725x1024.png 725w, https:\/\/jzi.org.pl\/wp-content\/uploads\/2019\/09\/wody-wigierskie-i-hucianskie-1-280-416x587.png 416w\" sizes=\"auto, (max-width: 964px) 100vw, 964px\" \/><\/a><\/p>\n<\/div>\n<div id='slider_365_slide07' class='sa_hover_container' style='padding:2% 2%; margin:0px 0%; '>\n<p><a href=\"https:\/\/jzi.org.pl\/wp-content\/uploads\/2019\/08\/30-lat-mojego-pasterzowania-w-parafii-sztabinskiej-209.png\"><img loading=\"lazy\" decoding=\"async\" class=\"aligncenter size-full wp-image-8430\" src=\"https:\/\/jzi.org.pl\/wp-content\/uploads\/2019\/08\/30-lat-mojego-pasterzowania-w-parafii-sztabinskiej-209.png\" alt=\"\" width=\"840\" height=\"1190\" srcset=\"https:\/\/jzi.org.pl\/wp-content\/uploads\/2019\/08\/30-lat-mojego-pasterzowania-w-parafii-sztabinskiej-209.png 840w, https:\/\/jzi.org.pl\/wp-content\/uploads\/2019\/08\/30-lat-mojego-pasterzowania-w-parafii-sztabinskiej-209-212x300.png 212w, https:\/\/jzi.org.pl\/wp-content\/uploads\/2019\/08\/30-lat-mojego-pasterzowania-w-parafii-sztabinskiej-209-768x1088.png 768w, https:\/\/jzi.org.pl\/wp-content\/uploads\/2019\/08\/30-lat-mojego-pasterzowania-w-parafii-sztabinskiej-209-723x1024.png 723w, https:\/\/jzi.org.pl\/wp-content\/uploads\/2019\/08\/30-lat-mojego-pasterzowania-w-parafii-sztabinskiej-209-416x589.png 416w\" sizes=\"auto, (max-width: 840px) 100vw, 840px\" \/><\/a><\/p>\n<\/div>\n<div id='slider_365_slide08' class='sa_hover_container' style='padding:2% 2%; margin:0px 0%; '>\n<p><a href=\"https:\/\/jzi.org.pl\/wp-content\/uploads\/2019\/09\/wody-wigierskie-i-hucianskie-2-6.png\"><img loading=\"lazy\" decoding=\"async\" class=\"aligncenter size-full wp-image-8594\" src=\"https:\/\/jzi.org.pl\/wp-content\/uploads\/2019\/09\/wody-wigierskie-i-hucianskie-2-6.png\" alt=\"\" width=\"964\" height=\"1361\" srcset=\"https:\/\/jzi.org.pl\/wp-content\/uploads\/2019\/09\/wody-wigierskie-i-hucianskie-2-6.png 964w, https:\/\/jzi.org.pl\/wp-content\/uploads\/2019\/09\/wody-wigierskie-i-hucianskie-2-6-212x300.png 212w, https:\/\/jzi.org.pl\/wp-content\/uploads\/2019\/09\/wody-wigierskie-i-hucianskie-2-6-768x1084.png 768w, https:\/\/jzi.org.pl\/wp-content\/uploads\/2019\/09\/wody-wigierskie-i-hucianskie-2-6-725x1024.png 725w, https:\/\/jzi.org.pl\/wp-content\/uploads\/2019\/09\/wody-wigierskie-i-hucianskie-2-6-416x587.png 416w\" sizes=\"auto, (max-width: 964px) 100vw, 964px\" \/><\/a><\/p>\n<\/div>\n<div id='slider_365_slide09' class='sa_hover_container' style='padding:2% 2%; margin:0px 0%; '>\n<p><a href=\"https:\/\/jzi.org.pl\/wp-content\/uploads\/2019\/09\/wody-wigierskie-i-hucianskie-2-19.png\"><img loading=\"lazy\" decoding=\"async\" class=\"aligncenter size-full wp-image-8595\" src=\"https:\/\/jzi.org.pl\/wp-content\/uploads\/2019\/09\/wody-wigierskie-i-hucianskie-2-19.png\" alt=\"\" width=\"964\" height=\"1361\" srcset=\"https:\/\/jzi.org.pl\/wp-content\/uploads\/2019\/09\/wody-wigierskie-i-hucianskie-2-19.png 964w, https:\/\/jzi.org.pl\/wp-content\/uploads\/2019\/09\/wody-wigierskie-i-hucianskie-2-19-212x300.png 212w, https:\/\/jzi.org.pl\/wp-content\/uploads\/2019\/09\/wody-wigierskie-i-hucianskie-2-19-768x1084.png 768w, https:\/\/jzi.org.pl\/wp-content\/uploads\/2019\/09\/wody-wigierskie-i-hucianskie-2-19-725x1024.png 725w, https:\/\/jzi.org.pl\/wp-content\/uploads\/2019\/09\/wody-wigierskie-i-hucianskie-2-19-416x587.png 416w\" sizes=\"auto, (max-width: 964px) 100vw, 964px\" \/><\/a><\/p>\n<\/div>\n<div id='slider_365_slide10' class='sa_hover_container' style='padding:2% 2%; margin:0px 0%; '>\n<p><a href=\"https:\/\/jzi.org.pl\/wp-content\/uploads\/2019\/09\/wody-wigierskie-i-hucianskie-2-23.png\"><img loading=\"lazy\" decoding=\"async\" class=\"aligncenter size-full wp-image-8596\" src=\"https:\/\/jzi.org.pl\/wp-content\/uploads\/2019\/09\/wody-wigierskie-i-hucianskie-2-23.png\" alt=\"\" width=\"964\" height=\"1361\" srcset=\"https:\/\/jzi.org.pl\/wp-content\/uploads\/2019\/09\/wody-wigierskie-i-hucianskie-2-23.png 964w, https:\/\/jzi.org.pl\/wp-content\/uploads\/2019\/09\/wody-wigierskie-i-hucianskie-2-23-212x300.png 212w, https:\/\/jzi.org.pl\/wp-content\/uploads\/2019\/09\/wody-wigierskie-i-hucianskie-2-23-768x1084.png 768w, https:\/\/jzi.org.pl\/wp-content\/uploads\/2019\/09\/wody-wigierskie-i-hucianskie-2-23-725x1024.png 725w, https:\/\/jzi.org.pl\/wp-content\/uploads\/2019\/09\/wody-wigierskie-i-hucianskie-2-23-416x587.png 416w\" sizes=\"auto, (max-width: 964px) 100vw, 964px\" \/><\/a><\/p>\n<\/div>\n<div id='slider_365_slide11' class='sa_hover_container' style='padding:2% 2%; margin:0px 0%; '>\n<p><a href=\"https:\/\/jzi.org.pl\/wp-content\/uploads\/2019\/09\/wody-wigierskie-i-hucianskie-2-73.png\"><img loading=\"lazy\" decoding=\"async\" class=\"aligncenter size-full wp-image-8597\" src=\"https:\/\/jzi.org.pl\/wp-content\/uploads\/2019\/09\/wody-wigierskie-i-hucianskie-2-73.png\" alt=\"\" width=\"964\" height=\"1361\" srcset=\"https:\/\/jzi.org.pl\/wp-content\/uploads\/2019\/09\/wody-wigierskie-i-hucianskie-2-73.png 964w, https:\/\/jzi.org.pl\/wp-content\/uploads\/2019\/09\/wody-wigierskie-i-hucianskie-2-73-212x300.png 212w, https:\/\/jzi.org.pl\/wp-content\/uploads\/2019\/09\/wody-wigierskie-i-hucianskie-2-73-768x1084.png 768w, https:\/\/jzi.org.pl\/wp-content\/uploads\/2019\/09\/wody-wigierskie-i-hucianskie-2-73-725x1024.png 725w, https:\/\/jzi.org.pl\/wp-content\/uploads\/2019\/09\/wody-wigierskie-i-hucianskie-2-73-416x587.png 416w\" sizes=\"auto, (max-width: 964px) 100vw, 964px\" \/><\/a><\/p>\n<\/div>\n<div id='slider_365_slide12' class='sa_hover_container' style='padding:2% 2%; margin:0px 0%; '>\n<p><a href=\"https:\/\/jzi.org.pl\/wp-content\/uploads\/2019\/09\/wody-wigierskie-i-hucianskie-2-180.png\"><img loading=\"lazy\" decoding=\"async\" class=\"aligncenter size-full wp-image-8598\" src=\"https:\/\/jzi.org.pl\/wp-content\/uploads\/2019\/09\/wody-wigierskie-i-hucianskie-2-180.png\" alt=\"\" width=\"964\" height=\"1361\" srcset=\"https:\/\/jzi.org.pl\/wp-content\/uploads\/2019\/09\/wody-wigierskie-i-hucianskie-2-180.png 964w, https:\/\/jzi.org.pl\/wp-content\/uploads\/2019\/09\/wody-wigierskie-i-hucianskie-2-180-212x300.png 212w, https:\/\/jzi.org.pl\/wp-content\/uploads\/2019\/09\/wody-wigierskie-i-hucianskie-2-180-768x1084.png 768w, https:\/\/jzi.org.pl\/wp-content\/uploads\/2019\/09\/wody-wigierskie-i-hucianskie-2-180-725x1024.png 725w, https:\/\/jzi.org.pl\/wp-content\/uploads\/2019\/09\/wody-wigierskie-i-hucianskie-2-180-416x587.png 416w\" sizes=\"auto, (max-width: 964px) 100vw, 964px\" \/><\/a><\/p>\n<\/div>\n<\/div>\n<\/div>\n<p><script type='text\/javascript'>\n\tjQuery(document).ready(function() {\n\t\tjQuery('#slider_365').owlCarousel({\n\t\t\titems : 1,\n\t\t\tanimateOut : 'flipOutY',\n\t\t\tanimateIn : 'fadeIn',\n\t\t\tsmartSpeed : 400,\n\t\t\tautoplay : true,\n\t\t\tautoplayTimeout : 4000,\n\t\t\tautoplayHoverPause : true,\n\t\t\tsmartSpeed : 400,\n\t\t\tfluidSpeed : 400,\n\t\t\tautoplaySpeed : 400,\n\t\t\tnavSpeed : 400,\n\t\t\tdotsSpeed : 400,\n\t\t\tloop : true,\n\t\t\tnav : true,\n\t\t\tnavText : ['Previous','Next'],\n\t\t\tdots : true,\n\t\t\tresponsiveRefreshRate : 200,\n\t\t\tslideBy : 1,\n\t\t\tmergeFit : true,\n\t\t\tautoHeight : true,\n\t\t\tmouseDrag : true,\n\t\t\ttouchDrag : true\n\t\t});\n\t\tjQuery('#slider_365').css('visibility', 'visible');\n\t\tsa_resize_slider_365();\n\t\twindow.addEventListener('resize', sa_resize_slider_365);\n\t\tfunction sa_resize_slider_365() {\n\t\t\tvar min_height = '50';\n\t\t\tvar win_width = jQuery(window).width();\n\t\t\tvar slider_width = jQuery('#slider_365').width();\n\t\t\tif (win_width < 480) {\n\t\t\t\tvar slide_width = slider_width \/ 1;\n\t\t\t} else if (win_width < 768) {\n\t\t\t\tvar slide_width = slider_width \/ 1;\n\t\t\t} else if (win_width < 980) {\n\t\t\t\tvar slide_width = slider_width \/ 1;\n\t\t\t} else if (win_width < 1200) {\n\t\t\t\tvar slide_width = slider_width \/ 1;\n\t\t\t} else if (win_width < 1500) {\n\t\t\t\tvar slide_width = slider_width \/ 1;\n\t\t\t} else {\n\t\t\t\tvar slide_width = slider_width \/ 1;\n\t\t\t}\n\t\t\tslide_width = Math.round(slide_width);\n\t\t\tvar slide_height = '0';\n\t\t\tif (min_height == 'aspect43') {\n\t\t\t\tslide_height = (slide_width \/ 4) * 3;\t\t\t\tslide_height = Math.round(slide_height);\n\t\t\t} else if (min_height == 'aspect169') {\n\t\t\t\tslide_height = (slide_width \/ 16) * 9;\t\t\t\tslide_height = Math.round(slide_height);\n\t\t\t} else {\n\t\t\t\tslide_height = (slide_width \/ 100) * min_height;\t\t\t\tslide_height = Math.round(slide_height);\n\t\t\t}\n\t\t\tjQuery('#slider_365 .owl-item .sa_hover_container').css('min-height', slide_height+'px');\n\t\t}\n\t\tvar owl_goto = jQuery('#slider_365');\n\t\tjQuery('.slider_365_goto1').click(function(event){\n\t\t\towl_goto.trigger('to.owl.carousel', 0);\n\t\t});\n\t\tjQuery('.slider_365_goto2').click(function(event){\n\t\t\towl_goto.trigger('to.owl.carousel', 1);\n\t\t});\n\t\tjQuery('.slider_365_goto3').click(function(event){\n\t\t\towl_goto.trigger('to.owl.carousel', 2);\n\t\t});\n\t\tjQuery('.slider_365_goto4').click(function(event){\n\t\t\towl_goto.trigger('to.owl.carousel', 3);\n\t\t});\n\t\tjQuery('.slider_365_goto5').click(function(event){\n\t\t\towl_goto.trigger('to.owl.carousel', 4);\n\t\t});\n\t\tjQuery('.slider_365_goto6').click(function(event){\n\t\t\towl_goto.trigger('to.owl.carousel', 5);\n\t\t});\n\t\tjQuery('.slider_365_goto7').click(function(event){\n\t\t\towl_goto.trigger('to.owl.carousel', 6);\n\t\t});\n\t\tjQuery('.slider_365_goto8').click(function(event){\n\t\t\towl_goto.trigger('to.owl.carousel', 7);\n\t\t});\n\t\tjQuery('.slider_365_goto9').click(function(event){\n\t\t\towl_goto.trigger('to.owl.carousel', 8);\n\t\t});\n\t\tjQuery('.slider_365_goto10').click(function(event){\n\t\t\towl_goto.trigger('to.owl.carousel', 9);\n\t\t});\n\t\tjQuery('.slider_365_goto11').click(function(event){\n\t\t\towl_goto.trigger('to.owl.carousel', 10);\n\t\t});\n\t\tjQuery('.slider_365_goto12').click(function(event){\n\t\t\towl_goto.trigger('to.owl.carousel', 11);\n\t\t});\n\t\tvar resize_8588 = jQuery('.owl-carousel');\n\t\tresize_8588.on('initialized.owl.carousel', function(e) {\n\t\t\tif (typeof(Event) === 'function') {\n\t\t\t\twindow.dispatchEvent(new Event('resize'));\n\t\t\t} else {\n\t\t\t\tvar evt = window.document.createEvent('UIEvents');\n\t\t\t\tevt.initUIEvent('resize', true, false, window, 0);\n\t\t\t\twindow.dispatchEvent(evt);\n\t\t\t}\n\t\t});\n\t});\n<\/script><\/p>\n<\/div>\n<\/div><\/div><\/div><\/div><div id=\"pgc-8580-0-1\"  class=\"panel-grid-cell\" ><div id=\"panel-8580-0-1-0\" class=\"so-panel widget widget_sow-editor panel-first-child\" data-index=\"1\" ><div class=\"panel-widget-style panel-widget-style-for-8580-0-1-0\" ><div\n\t\t\t\n\t\t\tclass=\"so-widget-sow-editor so-widget-sow-editor-base\"\n\t\t\t\n\t\t>\n<div class=\"siteorigin-widget-tinymce textwidget\">\n\t<p>Tytu\u0142: Wody wigierskie i hucia\u0144skie - studium toponomastyczne<\/p>\n<p>Autor: Knut-Olof Falk<\/p>\n<p>ISBN: 978-83-951660-7-5 (tom 1) i 978-83-951660-8-2 (tom 2)<\/p>\n<p>Stron: 284 + 186 + 2 mapy<\/p>\n<p>Format: 17x24 cm<\/p>\n<p>Ok\u0142adka: twarda, lakierowana<\/p>\n<\/div>\n<\/div><\/div><\/div><div id=\"panel-8580-0-1-1\" class=\"so-panel widget widget_sow-button panel-last-child\" data-index=\"2\" ><div\n\t\t\t\n\t\t\tclass=\"so-widget-sow-button so-widget-sow-button-flat-ec14ba92b69b-8580\"\n\t\t\t\n\t\t><div class=\"ow-button-base ow-button-align-center\"\n>\n\t\t\t<a\n\t\t\t\t\thref=\"https:\/\/jzi.org.pl\/en\/product\/wody-wigierskie-i-hucianskie-studium-toponomastyczne\/\"\n\t\t\t\t\tclass=\"sowb-button ow-icon-placement-left ow-button-hover\" \t>\n\t\t<span>\n\t\t\t\n\t\t\tKup w sklepie\t\t<\/span>\n\t\t\t<\/a>\n\t<\/div>\n<\/div><\/div><\/div><\/div><\/div><div id=\"pg-8580-1\"  class=\"panel-grid panel-no-style\" ><div id=\"pgc-8580-1-0\"  class=\"panel-grid-cell\" ><div id=\"panel-8580-1-0-0\" class=\"so-panel widget widget_sow-editor panel-first-child panel-last-child\" data-index=\"3\" ><div class=\"panel-widget-style panel-widget-style-for-8580-1-0-0\" ><div\n\t\t\t\n\t\t\tclass=\"so-widget-sow-editor so-widget-sow-editor-base\"\n\t\t\t\n\t\t>\n<div class=\"siteorigin-widget-tinymce textwidget\">\n\t<p>Ksi\u0105\u017cka ta to reprint dwutomowej rozprawy \u201eWody wigierskie i hucia\u0144skie - studium toponomastyczne\u201d autorstwa profesora Knuta-Olofa Falka. Swoj\u0105 przygod\u0119 z Polsk\u0105 rozpocz\u0105\u0142 on w 1931 roku w Warszawie, gdzie prowadzi\u0142 kwerend\u0119 w Archiwum Skarbowym i w Bibliotece Krasi\u0144skich, szukaj\u0105c dokument\u00f3w wytworzonych przez zakon Kamedu\u0142\u00f3w wigierskich. Dokumenty te fotografowa\u0142 i to jemu zawdzi\u0119czamy, \u017ce ich tre\u015b\u0107 przetrwa\u0142a dla potomno\u015bci, gdy\u017c orygina\u0142y Niemcy spalili w 1944 roku po upadku Powstania Warszawskiego. W latach 1932\u20131933 wyk\u0142ada\u0142 j\u0119zyk szwedzki na Uniwersytecie Jagiello\u0144skim w Krakowie ucz\u0105c si\u0119 jednocze\u015bnie j\u0119zyka polskiego. Do wybuchu II wojny \u015bwiatowej prowadzi\u0142 badania nad nazwami miejscowymi Suwalszczyzny, wywodz\u0105cymi si\u0119 z j\u0119zyka Ja\u0107wing\u00f3w. Dalsze prace przerwa\u0142a wojna, jednak Falk nie pozo-sta\u0142 oboj\u0119tny na los Polski. W 1940 roku w\u0142asnym nak\u0142adem wyda\u0142 przet\u0142umaczon\u0105 na j\u0119zyk szwedzki ksi\u0105\u017ck\u0119 o Fryderyku Chopinie, a w rok p\u00f3\u017aniej obroni\u0142 doktorat na Uniwersytecie w Lund i wyda\u0142 w Szwecji - w j\u0119zyku polskim - dwutomow\u0105 rozpraw\u0119 \u201eWody wigierskie i hucia\u0144skie - studium toponomastyczne\u201d. By\u0142 to rodzaj buntu przeciwko hitlerowskim okupantom Polski. Wywo\u0142a\u0142 tym gwa\u0142town\u0105 reakcj\u0119 hitlerowskiego ministerstwa propagandy i not\u0119 protestacyjn\u0105 do rz\u0105du Szwecji.<\/p>\n<p>W Polsce jest bardzo ma\u0142o egzemplarzy tej pracy. My\u015blimy, \u017ce tym reprintem sprawimy, \u017ce ta praca b\u0119dzie dost\u0119pna szerszemu czytelnikowi. Do tomu 1 do\u0142\u0105czone s\u0105 dwie mapy rejonu Suwalszczyzny, kt\u00f3ry bada\u0142 Falk. Praca poprzedzona jest obszernym wst\u0119pem autorstwa profesora Terho Paulssona z Uniwersytetu w Lund, by\u0142ego wsp\u00f3\u0142pracownika profesora Knuta-Olofa Falka. Tom 2 to bezcenne fotokopie dokument\u00f3w z Biblioteki Ordynacji Krasi\u0144skich, bezpowrotnie stracone podczas wojny. Ca\u0142o\u015b\u0107 zosta\u0142a wydana na kredowym papierze.<\/p>\n<\/div>\n<\/div><\/div><\/div><\/div><\/div><\/div>","protected":false},"excerpt":{"rendered":"<p>Tytu\u0142: Wody wigierskie i hucia\u0144skie &#8211; studium toponomastyczne Autor: Knut-Olof Falk ISBN: 978-83-951660-7-5 (tom 1) i 978-83-951660-8-2 (tom 2) Stron: 284 + 186 + 2 mapy Format: 17&#215;24 cm Ok\u0142adka: twarda, lakierowana Ksi\u0105\u017cka ta to reprint dwutomowej rozprawy \u201eWody wigierskie i hucia\u0144skie &#8211; studium toponomastyczne\u201d autorstwa profesora Knuta-Olofa Falka. Swoj\u0105 przygod\u0119 z Polsk\u0105 rozpocz\u0105\u0142 on [&hellip;]<\/p>\n","protected":false},"author":1,"featured_media":0,"parent":5486,"menu_order":0,"comment_status":"open","ping_status":"open","template":"","meta":{"h5ap_radio_sources":[],"jetpack_post_was_ever_published":false,"footnotes":""},"class_list":["post-8580","page","type-page","status-publish","hentry"],"yoast_head":"<!-- This site is optimized with the Yoast SEO plugin v27.4 - https:\/\/yoast.com\/product\/yoast-seo-wordpress\/ -->\n<title>Wody wigierskie i hucia\u0144skie - studium toponomastyczne (tom 1 i 2) - Jami\u0144ski Zesp\u00f3\u0142 Indeksacyjny<\/title>\n<meta name=\"description\" content=\"Ksi\u0105\u017cka ta to reprint dwutomowej rozprawy \u201eWody wigierskie i hucia\u0144skie - studium toponomastyczne\u201d autorstwa profesora Knuta-Olofa Falka.\" \/>\n<meta name=\"robots\" content=\"index, follow, max-snippet:-1, max-image-preview:large, max-video-preview:-1\" \/>\n<link rel=\"canonical\" href=\"https:\/\/jzi.org.pl\/en\/publikacje\/reprinty\/wody-wigierskie-i-hucianskie-studium-toponomastyczne\/\" \/>\n<meta property=\"og:locale\" content=\"en_US\" \/>\n<meta property=\"og:type\" content=\"article\" \/>\n<meta property=\"og:title\" content=\"Wody wigierskie i hucia\u0144skie - studium toponomastyczne (tom 1 i 2)\" \/>\n<meta property=\"og:description\" content=\"Ksi\u0105\u017cka ta to reprint dwutomowej rozprawy \u201eWody wigierskie i hucia\u0144skie - studium toponomastyczne\u201d autorstwa profesora Knuta-Olofa Falka. Swoj\u0105 przygod\u0119 z Polsk\u0105 rozpocz\u0105\u0142 on w 1931 roku w Warszawie, gdzie prowadzi\u0142 kwerend\u0119 w Archiwum Skarbowym i w Bibliotece Krasi\u0144skich, szukaj\u0105c dokument\u00f3w wytworzonych przez zakon Kamedu\u0142\u00f3w wigierskich. Dokumenty te fotografowa\u0142 i to jemu zawdzi\u0119czamy, \u017ce ich tre\u015b\u0107 przetrwa\u0142a dla potomno\u015bci, gdy\u017c orygina\u0142y Niemcy spalili w 1944 roku po upadku Powstania Warszawskiego. W latach 1932\u20131933 wyk\u0142ada\u0142 j\u0119zyk szwedzki na Uniwersytecie Jagiello\u0144skim w Krakowie ucz\u0105c si\u0119 jednocze\u015bnie j\u0119zyka polskiego. Do wybuchu II wojny \u015bwiatowej prowadzi\u0142 badania nad nazwami miejscowymi Suwalszczyzny, wywodz\u0105cymi si\u0119 z j\u0119zyka Ja\u0107wing\u00f3w. Dalsze prace przerwa\u0142a wojna, jednak Falk nie pozo-sta\u0142 oboj\u0119tny na los Polski. W 1940 roku w\u0142asnym nak\u0142adem wyda\u0142 przet\u0142umaczon\u0105 na j\u0119zyk szwedzki ksi\u0105\u017ck\u0119 o Fryderyku Chopinie, a w rok p\u00f3\u017aniej obroni\u0142 doktorat na Uniwersytecie w Lund i wyda\u0142 w Szwecji - w j\u0119zyku polskim - dwutomow\u0105 rozpraw\u0119 \u201eWody wigierskie i hucia\u0144skie - studium toponomastyczne\u201d. By\u0142 to rodzaj buntu przeciwko hitlerowskim okupantom Polski. Wywo\u0142a\u0142 tym gwa\u0142town\u0105 reakcj\u0119 hitlerowskiego ministerstwa propagandy i not\u0119 protestacyjn\u0105 do rz\u0105du Szwecji. W Polsce jest bardzo ma\u0142o egzemplarzy tej pracy. My\u015blimy, \u017ce tym reprintem sprawimy, \u017ce ta praca b\u0119dzie dost\u0119pna szerszemu czytelnikowi. Do tomu 1 do\u0142\u0105czone s\u0105 dwie mapy rejonu Suwalszczyzny, kt\u00f3ry bada\u0142 Falk. Praca poprzedzona jest obszernym wst\u0119pem autorstwa profesora Terho Paulssona z Uniwersytetu w Lund, by\u0142ego wsp\u00f3\u0142pracownika profesora Knuta-Olofa Falka. Tom 2 to bezcenne fotokopie dokument\u00f3w z Biblioteki Ordynacji Krasi\u0144skich, bezpowrotnie stracone podczas wojny. Ca\u0142o\u015b\u0107 zosta\u0142a wydana na kredowym papierze.\" \/>\n<meta property=\"og:url\" content=\"https:\/\/jzi.org.pl\/en\/publikacje\/reprinty\/wody-wigierskie-i-hucianskie-studium-toponomastyczne\/\" \/>\n<meta property=\"og:site_name\" content=\"Jami\u0144ski Zesp\u00f3\u0142 Indeksacyjny\" \/>\n<meta property=\"article:publisher\" content=\"https:\/\/www.facebook.com\/Jaminski.Zespol.Indeksacyjny\/\" \/>\n<meta property=\"article:modified_time\" content=\"2020-02-27T20:48:19+00:00\" \/>\n<meta property=\"og:image\" content=\"https:\/\/jzi.org.pl\/wp-content\/uploads\/2019\/09\/wody-wigerskie-i-hucianskie-1-0.jpg\" \/>\n\t<meta property=\"og:image:width\" content=\"2089\" \/>\n\t<meta property=\"og:image:height\" content=\"2934\" \/>\n\t<meta property=\"og:image:type\" content=\"image\/jpeg\" \/>\n<meta name=\"twitter:card\" content=\"summary_large_image\" \/>\n<meta name=\"twitter:label1\" content=\"Est. reading time\" \/>\n\t<meta name=\"twitter:data1\" content=\"2 minutes\" \/>\n<script type=\"application\/ld+json\" class=\"yoast-schema-graph\">{\"@context\":\"https:\\\/\\\/schema.org\",\"@graph\":[{\"@type\":\"WebPage\",\"@id\":\"https:\\\/\\\/jzi.org.pl\\\/publikacje\\\/reprinty\\\/wody-wigierskie-i-hucianskie-studium-toponomastyczne\\\/\",\"url\":\"https:\\\/\\\/jzi.org.pl\\\/publikacje\\\/reprinty\\\/wody-wigierskie-i-hucianskie-studium-toponomastyczne\\\/\",\"name\":\"Wody wigierskie i hucia\u0144skie - studium toponomastyczne (tom 1 i 2) - Jami\u0144ski Zesp\u00f3\u0142 Indeksacyjny\",\"isPartOf\":{\"@id\":\"https:\\\/\\\/jzi.org.pl\\\/#website\"},\"datePublished\":\"2019-09-02T22:00:00+00:00\",\"dateModified\":\"2020-02-27T20:48:19+00:00\",\"description\":\"Ksi\u0105\u017cka ta to reprint dwutomowej rozprawy \u201eWody wigierskie i hucia\u0144skie - studium toponomastyczne\u201d autorstwa profesora Knuta-Olofa Falka.\",\"breadcrumb\":{\"@id\":\"https:\\\/\\\/jzi.org.pl\\\/publikacje\\\/reprinty\\\/wody-wigierskie-i-hucianskie-studium-toponomastyczne\\\/#breadcrumb\"},\"inLanguage\":\"en-US\",\"potentialAction\":[{\"@type\":\"ReadAction\",\"target\":[\"https:\\\/\\\/jzi.org.pl\\\/publikacje\\\/reprinty\\\/wody-wigierskie-i-hucianskie-studium-toponomastyczne\\\/\"]}]},{\"@type\":\"BreadcrumbList\",\"@id\":\"https:\\\/\\\/jzi.org.pl\\\/publikacje\\\/reprinty\\\/wody-wigierskie-i-hucianskie-studium-toponomastyczne\\\/#breadcrumb\",\"itemListElement\":[{\"@type\":\"ListItem\",\"position\":1,\"name\":\"Strona g\u0142\u00f3wna\",\"item\":\"https:\\\/\\\/jzi.org.pl\\\/\"},{\"@type\":\"ListItem\",\"position\":2,\"name\":\"Publikacje\",\"item\":\"https:\\\/\\\/jzi.org.pl\\\/publikacje\\\/\"},{\"@type\":\"ListItem\",\"position\":3,\"name\":\"Seria &#8222;Reprinty&#8221;\",\"item\":\"https:\\\/\\\/jzi.org.pl\\\/publikacje\\\/reprinty\\\/\"},{\"@type\":\"ListItem\",\"position\":4,\"name\":\"Wody wigierskie i hucia\u0144skie &#8211; studium toponomastyczne (tom 1 i 2)\"}]},{\"@type\":\"WebSite\",\"@id\":\"https:\\\/\\\/jzi.org.pl\\\/#website\",\"url\":\"https:\\\/\\\/jzi.org.pl\\\/\",\"name\":\"Jami\u0144ski Zesp\u00f3\u0142 Indeksacyjny\",\"description\":\"\",\"publisher\":{\"@id\":\"https:\\\/\\\/jzi.org.pl\\\/#organization\"},\"potentialAction\":[{\"@type\":\"SearchAction\",\"target\":{\"@type\":\"EntryPoint\",\"urlTemplate\":\"https:\\\/\\\/jzi.org.pl\\\/?s={search_term_string}\"},\"query-input\":{\"@type\":\"PropertyValueSpecification\",\"valueRequired\":true,\"valueName\":\"search_term_string\"}}],\"inLanguage\":\"en-US\"},{\"@type\":\"Organization\",\"@id\":\"https:\\\/\\\/jzi.org.pl\\\/#organization\",\"name\":\"Jami\u0144ski Zesp\u00f3\u0142 Indeksacyjny\",\"url\":\"https:\\\/\\\/jzi.org.pl\\\/\",\"logo\":{\"@type\":\"ImageObject\",\"inLanguage\":\"en-US\",\"@id\":\"https:\\\/\\\/jzi.org.pl\\\/#\\\/schema\\\/logo\\\/image\\\/\",\"url\":\"https:\\\/\\\/jzi.org.pl\\\/wp-content\\\/uploads\\\/2019\\\/03\\\/logo-stowarzyszenie-jzi.png\",\"contentUrl\":\"https:\\\/\\\/jzi.org.pl\\\/wp-content\\\/uploads\\\/2019\\\/03\\\/logo-stowarzyszenie-jzi.png\",\"width\":931,\"height\":990,\"caption\":\"Jami\u0144ski Zesp\u00f3\u0142 Indeksacyjny\"},\"image\":{\"@id\":\"https:\\\/\\\/jzi.org.pl\\\/#\\\/schema\\\/logo\\\/image\\\/\"},\"sameAs\":[\"https:\\\/\\\/www.facebook.com\\\/Jaminski.Zespol.Indeksacyjny\\\/\"]}]}<\/script>\n<!-- \/ Yoast SEO plugin. -->","yoast_head_json":{"title":"Wody wigierskie i hucia\u0144skie - studium toponomastyczne (tom 1 i 2) - Jami\u0144ski Zesp\u00f3\u0142 Indeksacyjny","description":"Ksi\u0105\u017cka ta to reprint dwutomowej rozprawy \u201eWody wigierskie i hucia\u0144skie - studium toponomastyczne\u201d autorstwa profesora Knuta-Olofa Falka.","robots":{"index":"index","follow":"follow","max-snippet":"max-snippet:-1","max-image-preview":"max-image-preview:large","max-video-preview":"max-video-preview:-1"},"canonical":"https:\/\/jzi.org.pl\/en\/publikacje\/reprinty\/wody-wigierskie-i-hucianskie-studium-toponomastyczne\/","og_locale":"en_US","og_type":"article","og_title":"Wody wigierskie i hucia\u0144skie - studium toponomastyczne (tom 1 i 2)","og_description":"Ksi\u0105\u017cka ta to reprint dwutomowej rozprawy \u201eWody wigierskie i hucia\u0144skie - studium toponomastyczne\u201d autorstwa profesora Knuta-Olofa Falka. Swoj\u0105 przygod\u0119 z Polsk\u0105 rozpocz\u0105\u0142 on w 1931 roku w Warszawie, gdzie prowadzi\u0142 kwerend\u0119 w Archiwum Skarbowym i w Bibliotece Krasi\u0144skich, szukaj\u0105c dokument\u00f3w wytworzonych przez zakon Kamedu\u0142\u00f3w wigierskich. Dokumenty te fotografowa\u0142 i to jemu zawdzi\u0119czamy, \u017ce ich tre\u015b\u0107 przetrwa\u0142a dla potomno\u015bci, gdy\u017c orygina\u0142y Niemcy spalili w 1944 roku po upadku Powstania Warszawskiego. W latach 1932\u20131933 wyk\u0142ada\u0142 j\u0119zyk szwedzki na Uniwersytecie Jagiello\u0144skim w Krakowie ucz\u0105c si\u0119 jednocze\u015bnie j\u0119zyka polskiego. Do wybuchu II wojny \u015bwiatowej prowadzi\u0142 badania nad nazwami miejscowymi Suwalszczyzny, wywodz\u0105cymi si\u0119 z j\u0119zyka Ja\u0107wing\u00f3w. Dalsze prace przerwa\u0142a wojna, jednak Falk nie pozo-sta\u0142 oboj\u0119tny na los Polski. W 1940 roku w\u0142asnym nak\u0142adem wyda\u0142 przet\u0142umaczon\u0105 na j\u0119zyk szwedzki ksi\u0105\u017ck\u0119 o Fryderyku Chopinie, a w rok p\u00f3\u017aniej obroni\u0142 doktorat na Uniwersytecie w Lund i wyda\u0142 w Szwecji - w j\u0119zyku polskim - dwutomow\u0105 rozpraw\u0119 \u201eWody wigierskie i hucia\u0144skie - studium toponomastyczne\u201d. By\u0142 to rodzaj buntu przeciwko hitlerowskim okupantom Polski. Wywo\u0142a\u0142 tym gwa\u0142town\u0105 reakcj\u0119 hitlerowskiego ministerstwa propagandy i not\u0119 protestacyjn\u0105 do rz\u0105du Szwecji. W Polsce jest bardzo ma\u0142o egzemplarzy tej pracy. My\u015blimy, \u017ce tym reprintem sprawimy, \u017ce ta praca b\u0119dzie dost\u0119pna szerszemu czytelnikowi. Do tomu 1 do\u0142\u0105czone s\u0105 dwie mapy rejonu Suwalszczyzny, kt\u00f3ry bada\u0142 Falk. Praca poprzedzona jest obszernym wst\u0119pem autorstwa profesora Terho Paulssona z Uniwersytetu w Lund, by\u0142ego wsp\u00f3\u0142pracownika profesora Knuta-Olofa Falka. Tom 2 to bezcenne fotokopie dokument\u00f3w z Biblioteki Ordynacji Krasi\u0144skich, bezpowrotnie stracone podczas wojny. Ca\u0142o\u015b\u0107 zosta\u0142a wydana na kredowym papierze.","og_url":"https:\/\/jzi.org.pl\/en\/publikacje\/reprinty\/wody-wigierskie-i-hucianskie-studium-toponomastyczne\/","og_site_name":"Jami\u0144ski Zesp\u00f3\u0142 Indeksacyjny","article_publisher":"https:\/\/www.facebook.com\/Jaminski.Zespol.Indeksacyjny\/","article_modified_time":"2020-02-27T20:48:19+00:00","og_image":[{"width":2089,"height":2934,"url":"https:\/\/jzi.org.pl\/wp-content\/uploads\/2019\/09\/wody-wigerskie-i-hucianskie-1-0.jpg","type":"image\/jpeg"}],"twitter_card":"summary_large_image","twitter_misc":{"Est. reading time":"2 minutes"},"schema":{"@context":"https:\/\/schema.org","@graph":[{"@type":"WebPage","@id":"https:\/\/jzi.org.pl\/publikacje\/reprinty\/wody-wigierskie-i-hucianskie-studium-toponomastyczne\/","url":"https:\/\/jzi.org.pl\/publikacje\/reprinty\/wody-wigierskie-i-hucianskie-studium-toponomastyczne\/","name":"Wody wigierskie i hucia\u0144skie - studium toponomastyczne (tom 1 i 2) - Jami\u0144ski Zesp\u00f3\u0142 Indeksacyjny","isPartOf":{"@id":"https:\/\/jzi.org.pl\/#website"},"datePublished":"2019-09-02T22:00:00+00:00","dateModified":"2020-02-27T20:48:19+00:00","description":"Ksi\u0105\u017cka ta to reprint dwutomowej rozprawy \u201eWody wigierskie i hucia\u0144skie - studium toponomastyczne\u201d autorstwa profesora Knuta-Olofa Falka.","breadcrumb":{"@id":"https:\/\/jzi.org.pl\/publikacje\/reprinty\/wody-wigierskie-i-hucianskie-studium-toponomastyczne\/#breadcrumb"},"inLanguage":"en-US","potentialAction":[{"@type":"ReadAction","target":["https:\/\/jzi.org.pl\/publikacje\/reprinty\/wody-wigierskie-i-hucianskie-studium-toponomastyczne\/"]}]},{"@type":"BreadcrumbList","@id":"https:\/\/jzi.org.pl\/publikacje\/reprinty\/wody-wigierskie-i-hucianskie-studium-toponomastyczne\/#breadcrumb","itemListElement":[{"@type":"ListItem","position":1,"name":"Strona g\u0142\u00f3wna","item":"https:\/\/jzi.org.pl\/"},{"@type":"ListItem","position":2,"name":"Publikacje","item":"https:\/\/jzi.org.pl\/publikacje\/"},{"@type":"ListItem","position":3,"name":"Seria &#8222;Reprinty&#8221;","item":"https:\/\/jzi.org.pl\/publikacje\/reprinty\/"},{"@type":"ListItem","position":4,"name":"Wody wigierskie i hucia\u0144skie &#8211; studium toponomastyczne (tom 1 i 2)"}]},{"@type":"WebSite","@id":"https:\/\/jzi.org.pl\/#website","url":"https:\/\/jzi.org.pl\/","name":"Jaminy Indexing Team","description":"","publisher":{"@id":"https:\/\/jzi.org.pl\/#organization"},"potentialAction":[{"@type":"SearchAction","target":{"@type":"EntryPoint","urlTemplate":"https:\/\/jzi.org.pl\/?s={search_term_string}"},"query-input":{"@type":"PropertyValueSpecification","valueRequired":true,"valueName":"search_term_string"}}],"inLanguage":"en-US"},{"@type":"Organization","@id":"https:\/\/jzi.org.pl\/#organization","name":"Jaminy Indexing Team","url":"https:\/\/jzi.org.pl\/","logo":{"@type":"ImageObject","inLanguage":"en-US","@id":"https:\/\/jzi.org.pl\/#\/schema\/logo\/image\/","url":"https:\/\/jzi.org.pl\/wp-content\/uploads\/2019\/03\/logo-stowarzyszenie-jzi.png","contentUrl":"https:\/\/jzi.org.pl\/wp-content\/uploads\/2019\/03\/logo-stowarzyszenie-jzi.png","width":931,"height":990,"caption":"Jami\u0144ski Zesp\u00f3\u0142 Indeksacyjny"},"image":{"@id":"https:\/\/jzi.org.pl\/#\/schema\/logo\/image\/"},"sameAs":["https:\/\/www.facebook.com\/Jaminski.Zespol.Indeksacyjny\/"]}]}},"jetpack_likes_enabled":true,"jetpack_sharing_enabled":true,"_links":{"self":[{"href":"https:\/\/jzi.org.pl\/en\/wp-json\/wp\/v2\/pages\/8580","targetHints":{"allow":["GET"]}}],"collection":[{"href":"https:\/\/jzi.org.pl\/en\/wp-json\/wp\/v2\/pages"}],"about":[{"href":"https:\/\/jzi.org.pl\/en\/wp-json\/wp\/v2\/types\/page"}],"author":[{"embeddable":true,"href":"https:\/\/jzi.org.pl\/en\/wp-json\/wp\/v2\/users\/1"}],"replies":[{"embeddable":true,"href":"https:\/\/jzi.org.pl\/en\/wp-json\/wp\/v2\/comments?post=8580"}],"version-history":[{"count":0,"href":"https:\/\/jzi.org.pl\/en\/wp-json\/wp\/v2\/pages\/8580\/revisions"}],"up":[{"embeddable":true,"href":"https:\/\/jzi.org.pl\/en\/wp-json\/wp\/v2\/pages\/5486"}],"wp:attachment":[{"href":"https:\/\/jzi.org.pl\/en\/wp-json\/wp\/v2\/media?parent=8580"}],"curies":[{"name":"wp","href":"https:\/\/api.w.org\/{rel}","templated":true}]}}