{"id":14560,"date":"2020-07-14T11:08:18","date_gmt":"2020-07-14T09:08:18","guid":{"rendered":"https:\/\/jzi.org.pl\/?page_id=14560"},"modified":"2020-07-14T11:08:18","modified_gmt":"2020-07-14T09:08:18","slug":"mieczyslaw-geniusz","status":"publish","type":"page","link":"https:\/\/jzi.org.pl\/en\/galerie\/ludzie-stad\/mieczyslaw-geniusz\/","title":{"rendered":"Mieczys\u0142aw Geniusz"},"content":{"rendered":"<p><span id=\"fbPhotoSnowliftCaption\" class=\"fbPhotosPhotoCaption\" tabindex=\"0\" aria-live=\"polite\" data-ft=\"{&quot;tn&quot;:&quot;K&quot;}\"><span class=\"hasCaption\">Mieczys\u0142aw Geniusz herbu Ogo\u0144czyk urodzi\u0142 si\u0119 w 1853 roku w Raczkach w powiecie augustowskim, gminie Dowspuda. By\u0142 synem burmistrza miasteczka Tomasza Geniusza i wnukiem Franciszka- oficera napoleo\u0144skiego oraz nadle\u015bniczego w Puszczy Bia\u0142owieskiej. Po \u015bmierci ojca w 1855 roku matka Mieczys\u0142awa powt\u00f3rnie wysz\u0142a za m\u0105\u017c, za Cypriana Kuczewskiego. Ojczym Mieczys\u0142awa bra\u0142 czynny udzia\u0142 w powstaniu styc<span class=\"text_exposed_show\">zniowym i by\u0142 naczelnikiem powiatu. Ze wzgl\u0119du na represje popowstaniowe, prze\u015bladowania i konfiskat\u0119 d\u00f3br na Litwie, Kuczewski wraz z rodzin\u0105 musia\u0142 opu\u015bci\u0107 Polsk\u0119. Schroni\u0142 si\u0119 pocz\u0105tkowo w Pary\u017cu i nast\u0119pnie dzi\u0119ki pomocy brata znalaz\u0142 prac\u0119 w Egipcie w Towarzystwie Budowy Kana\u0142u Sueskiego jako urz\u0119dnik. <\/span><\/span><\/span><\/p>\n<p><span id=\"fbPhotoSnowliftCaption\" class=\"fbPhotosPhotoCaption\" tabindex=\"0\" aria-live=\"polite\" data-ft=\"{&quot;tn&quot;:&quot;K&quot;}\"><span class=\"hasCaption\"><span class=\"text_exposed_show\">Mieczys\u0142aw Geniusz uczy\u0142 si\u0119 w suwalskim gimnazjum. Nauki nie uko\u0144czy\u0142, poniewa\u017c prze\u015bladowania ojczyma za udzia\u0142 w powstaniu zmusi\u0142o rodzin\u0119 do wyjazdu do Francji. Przebywa\u0142 w Pary\u017cu i kontynuowa\u0142 nauk\u0119. Ju\u017c w czasie studi\u00f3w podj\u0105\u0142 prac\u0119 zarobkow\u0105. Przyja\u017ani\u0142 si\u0119 z wybitnym poet\u0105 romantyzmu Cyprianem Kamilem Norwidem oraz z Henrykiem Sienkiewiczem. W 1885 roku Geniusz wraz z rodzin\u0105 przeni\u00f3s\u0142 si\u0119 do Egiptu. Otrzyma\u0142 dobrze p\u0142atn\u0105 prac\u0119 w Towarzystwie Budowy Kana\u0142u Sueskiego. W czasie pobytu w Egipcie straci\u0142 trzy c\u00f3rki i \u017con\u0119. <\/span><\/span><\/span><\/p>\n<p><span id=\"fbPhotoSnowliftCaption\" class=\"fbPhotosPhotoCaption\" tabindex=\"0\" aria-live=\"polite\" data-ft=\"{&quot;tn&quot;:&quot;K&quot;}\"><span class=\"hasCaption\"><span class=\"text_exposed_show\">Mieczys\u0142aw Geniusz przybity nieszcz\u0119\u015bciami nazywa\u0142 siebie polskim ojcem zad\u017cumionych i szuka\u0142 ucieczki od \u015bwiata. Jednak wybuch I wojny \u015bwiatowej pobudzi\u0142 jego aktywno\u015b\u0107. Sta\u0142 si\u0119 or\u0119downikiem sprawy polskiej. Publikowa\u0142 artyku\u0142y we wp\u0142ywowej prasie zagranicznej, kontaktowa\u0142 si\u0119 z wybitnymi \u00f3wczesnymi politykami i dzia\u0142a\u0142 w towarzystwie pomocy Polakom. W po\u0142owie 1919 roku Mieczys\u0142aw Geniusz wr\u00f3ci\u0142 do wolnej ojczyzny. Bra\u0142 aktywny udzia\u0142 w \u017cyciu spo\u0142ecznym i politycznym. Pe\u0142ni\u0142 funkcj\u0119 prezesa Zwi\u0105zku Konfederacji Polskiej. Uwa\u017ca\u0142, \u017ce najistotniejsz\u0105 spraw\u0105 jest integracja narodu, utrwalenie polskiej pa\u0144stwowo\u015bci. W czasie wojny polsko- bolszewickiej wst\u0105pi\u0142 do armii genera\u0142a Hallera i do warszawskiej Stra\u017cy Obywatelskiej. <\/span><\/span><\/span><\/p>\n<p><span id=\"fbPhotoSnowliftCaption\" class=\"fbPhotosPhotoCaption\" tabindex=\"0\" aria-live=\"polite\" data-ft=\"{&quot;tn&quot;:&quot;K&quot;}\"><span class=\"hasCaption\"><span class=\"text_exposed_show\">Ci\u0119\u017cko chory podda\u0142 si\u0119 operacji. Umar\u0142 26 listopada 1920 roku. Pochowany zosta\u0142 na Pow\u0105zkach. Na mocy testamentu jego bogate zbiory biblioteczne, sztuki polskiej i obcej wzbogaci\u0142y zasoby Biblioteki Narodowej i Muzeum Narodowego w Warszawie. W roku 1937 ukaza\u0142a si\u0119 ksi\u0105\u017cka opisuj\u0105ca interesuj\u0105ce \u017cycie Mieczys\u0142awa Geniusza \u201eMieczys\u0142aw Geniusz. Dzieje \u017cywota. Z lat wojny.\u201d pi\u00f3ra Marii Czes\u0142awy Przew\u00f3skiej.<\/span><\/span><\/span><\/p>","protected":false},"excerpt":{"rendered":"<p>Mieczys\u0142aw Geniusz herbu Ogo\u0144czyk urodzi\u0142 si\u0119 w 1853 roku w Raczkach w powiecie augustowskim, gminie Dowspuda. By\u0142 synem burmistrza miasteczka Tomasza Geniusza i wnukiem Franciszka- oficera napoleo\u0144skiego oraz nadle\u015bniczego w Puszczy Bia\u0142owieskiej. Po \u015bmierci ojca w 1855 roku matka Mieczys\u0142awa powt\u00f3rnie wysz\u0142a za m\u0105\u017c, za Cypriana Kuczewskiego. Ojczym Mieczys\u0142awa bra\u0142 czynny udzia\u0142 w powstaniu styczniowym [&hellip;]<\/p>\n","protected":false},"author":1,"featured_media":14561,"parent":1223,"menu_order":0,"comment_status":"open","ping_status":"closed","template":"","meta":{"h5ap_radio_sources":[],"jetpack_post_was_ever_published":false,"footnotes":""},"class_list":["post-14560","page","type-page","status-publish","has-post-thumbnail","hentry"],"yoast_head":"<!-- This site is optimized with the Yoast SEO plugin v27.5 - https:\/\/yoast.com\/product\/yoast-seo-wordpress\/ -->\n<title>Mieczys\u0142aw Geniusz - Jami\u0144ski Zesp\u00f3\u0142 Indeksacyjny<\/title>\n<meta name=\"description\" content=\"Jan Noruk by\u0142 Pi\u0142sudczykiem i cz\u0142onkiem organizacji POW. Stra\u017cak i dzia\u0142acz spo\u0142eczny. Prowadzi\u0142 bibliotek\u0119 w Jaziewie. Mia\u0142 uko\u0144czonych 7 klas.\" \/>\n<meta name=\"robots\" content=\"index, follow, max-snippet:-1, max-image-preview:large, max-video-preview:-1\" \/>\n<link rel=\"canonical\" href=\"https:\/\/jzi.org.pl\/en\/galerie\/ludzie-stad\/mieczyslaw-geniusz\/\" \/>\n<meta property=\"og:locale\" content=\"en_US\" \/>\n<meta property=\"og:type\" content=\"article\" \/>\n<meta property=\"og:title\" content=\"Mieczys\u0142aw Geniusz - Jami\u0144ski Zesp\u00f3\u0142 Indeksacyjny\" \/>\n<meta property=\"og:description\" content=\"Jan Noruk by\u0142 Pi\u0142sudczykiem i cz\u0142onkiem organizacji POW. Stra\u017cak i dzia\u0142acz spo\u0142eczny. Prowadzi\u0142 bibliotek\u0119 w Jaziewie. Mia\u0142 uko\u0144czonych 7 klas.\" \/>\n<meta property=\"og:url\" content=\"https:\/\/jzi.org.pl\/en\/galerie\/ludzie-stad\/mieczyslaw-geniusz\/\" \/>\n<meta property=\"og:site_name\" content=\"Jami\u0144ski Zesp\u00f3\u0142 Indeksacyjny\" \/>\n<meta property=\"article:publisher\" content=\"https:\/\/www.facebook.com\/Jaminski.Zespol.Indeksacyjny\/\" \/>\n<meta property=\"og:image\" content=\"https:\/\/jzi.org.pl\/wp-content\/uploads\/2020\/07\/mieczyslaw-geniusz.jpg\" \/>\n\t<meta property=\"og:image:width\" content=\"622\" \/>\n\t<meta property=\"og:image:height\" content=\"960\" \/>\n\t<meta property=\"og:image:type\" content=\"image\/jpeg\" \/>\n<meta name=\"twitter:card\" content=\"summary_large_image\" \/>\n<meta name=\"twitter:label1\" content=\"Est. reading time\" \/>\n\t<meta name=\"twitter:data1\" content=\"2 minutes\" \/>\n<script type=\"application\/ld+json\" class=\"yoast-schema-graph\">{\"@context\":\"https:\\\/\\\/schema.org\",\"@graph\":[{\"@type\":\"WebPage\",\"@id\":\"https:\\\/\\\/jzi.org.pl\\\/galerie\\\/ludzie-stad\\\/mieczyslaw-geniusz\\\/\",\"url\":\"https:\\\/\\\/jzi.org.pl\\\/galerie\\\/ludzie-stad\\\/mieczyslaw-geniusz\\\/\",\"name\":\"Mieczys\u0142aw Geniusz - Jami\u0144ski Zesp\u00f3\u0142 Indeksacyjny\",\"isPartOf\":{\"@id\":\"https:\\\/\\\/jzi.org.pl\\\/#website\"},\"primaryImageOfPage\":{\"@id\":\"https:\\\/\\\/jzi.org.pl\\\/galerie\\\/ludzie-stad\\\/mieczyslaw-geniusz\\\/#primaryimage\"},\"image\":{\"@id\":\"https:\\\/\\\/jzi.org.pl\\\/galerie\\\/ludzie-stad\\\/mieczyslaw-geniusz\\\/#primaryimage\"},\"thumbnailUrl\":\"https:\\\/\\\/jzi.org.pl\\\/wp-content\\\/uploads\\\/2020\\\/07\\\/mieczyslaw-geniusz.jpg\",\"datePublished\":\"2020-07-14T09:08:18+00:00\",\"description\":\"Jan Noruk by\u0142 Pi\u0142sudczykiem i cz\u0142onkiem organizacji POW. Stra\u017cak i dzia\u0142acz spo\u0142eczny. Prowadzi\u0142 bibliotek\u0119 w Jaziewie. Mia\u0142 uko\u0144czonych 7 klas.\",\"breadcrumb\":{\"@id\":\"https:\\\/\\\/jzi.org.pl\\\/galerie\\\/ludzie-stad\\\/mieczyslaw-geniusz\\\/#breadcrumb\"},\"inLanguage\":\"en-US\",\"potentialAction\":[{\"@type\":\"ReadAction\",\"target\":[\"https:\\\/\\\/jzi.org.pl\\\/galerie\\\/ludzie-stad\\\/mieczyslaw-geniusz\\\/\"]}]},{\"@type\":\"ImageObject\",\"inLanguage\":\"en-US\",\"@id\":\"https:\\\/\\\/jzi.org.pl\\\/galerie\\\/ludzie-stad\\\/mieczyslaw-geniusz\\\/#primaryimage\",\"url\":\"https:\\\/\\\/jzi.org.pl\\\/wp-content\\\/uploads\\\/2020\\\/07\\\/mieczyslaw-geniusz.jpg\",\"contentUrl\":\"https:\\\/\\\/jzi.org.pl\\\/wp-content\\\/uploads\\\/2020\\\/07\\\/mieczyslaw-geniusz.jpg\",\"width\":622,\"height\":960},{\"@type\":\"BreadcrumbList\",\"@id\":\"https:\\\/\\\/jzi.org.pl\\\/galerie\\\/ludzie-stad\\\/mieczyslaw-geniusz\\\/#breadcrumb\",\"itemListElement\":[{\"@type\":\"ListItem\",\"position\":1,\"name\":\"Strona g\u0142\u00f3wna\",\"item\":\"https:\\\/\\\/jzi.org.pl\\\/\"},{\"@type\":\"ListItem\",\"position\":2,\"name\":\"Galerie\",\"item\":\"https:\\\/\\\/jzi.org.pl\\\/galerie\\\/\"},{\"@type\":\"ListItem\",\"position\":3,\"name\":\"Ludzie st\u0105d\",\"item\":\"https:\\\/\\\/jzi.org.pl\\\/galerie\\\/ludzie-stad\\\/\"},{\"@type\":\"ListItem\",\"position\":4,\"name\":\"Mieczys\u0142aw Geniusz\"}]},{\"@type\":\"WebSite\",\"@id\":\"https:\\\/\\\/jzi.org.pl\\\/#website\",\"url\":\"https:\\\/\\\/jzi.org.pl\\\/\",\"name\":\"Jami\u0144ski Zesp\u00f3\u0142 Indeksacyjny\",\"description\":\"\",\"publisher\":{\"@id\":\"https:\\\/\\\/jzi.org.pl\\\/#organization\"},\"potentialAction\":[{\"@type\":\"SearchAction\",\"target\":{\"@type\":\"EntryPoint\",\"urlTemplate\":\"https:\\\/\\\/jzi.org.pl\\\/?s={search_term_string}\"},\"query-input\":{\"@type\":\"PropertyValueSpecification\",\"valueRequired\":true,\"valueName\":\"search_term_string\"}}],\"inLanguage\":\"en-US\"},{\"@type\":\"Organization\",\"@id\":\"https:\\\/\\\/jzi.org.pl\\\/#organization\",\"name\":\"Jami\u0144ski Zesp\u00f3\u0142 Indeksacyjny\",\"url\":\"https:\\\/\\\/jzi.org.pl\\\/\",\"logo\":{\"@type\":\"ImageObject\",\"inLanguage\":\"en-US\",\"@id\":\"https:\\\/\\\/jzi.org.pl\\\/#\\\/schema\\\/logo\\\/image\\\/\",\"url\":\"https:\\\/\\\/jzi.org.pl\\\/wp-content\\\/uploads\\\/2019\\\/03\\\/logo-stowarzyszenie-jzi.png\",\"contentUrl\":\"https:\\\/\\\/jzi.org.pl\\\/wp-content\\\/uploads\\\/2019\\\/03\\\/logo-stowarzyszenie-jzi.png\",\"width\":931,\"height\":990,\"caption\":\"Jami\u0144ski Zesp\u00f3\u0142 Indeksacyjny\"},\"image\":{\"@id\":\"https:\\\/\\\/jzi.org.pl\\\/#\\\/schema\\\/logo\\\/image\\\/\"},\"sameAs\":[\"https:\\\/\\\/www.facebook.com\\\/Jaminski.Zespol.Indeksacyjny\\\/\"]}]}<\/script>\n<!-- \/ Yoast SEO plugin. -->","yoast_head_json":{"title":"Mieczys\u0142aw Geniusz - Jami\u0144ski Zesp\u00f3\u0142 Indeksacyjny","description":"Jan Noruk by\u0142 Pi\u0142sudczykiem i cz\u0142onkiem organizacji POW. Stra\u017cak i dzia\u0142acz spo\u0142eczny. Prowadzi\u0142 bibliotek\u0119 w Jaziewie. Mia\u0142 uko\u0144czonych 7 klas.","robots":{"index":"index","follow":"follow","max-snippet":"max-snippet:-1","max-image-preview":"max-image-preview:large","max-video-preview":"max-video-preview:-1"},"canonical":"https:\/\/jzi.org.pl\/en\/galerie\/ludzie-stad\/mieczyslaw-geniusz\/","og_locale":"en_US","og_type":"article","og_title":"Mieczys\u0142aw Geniusz - Jami\u0144ski Zesp\u00f3\u0142 Indeksacyjny","og_description":"Jan Noruk by\u0142 Pi\u0142sudczykiem i cz\u0142onkiem organizacji POW. Stra\u017cak i dzia\u0142acz spo\u0142eczny. Prowadzi\u0142 bibliotek\u0119 w Jaziewie. Mia\u0142 uko\u0144czonych 7 klas.","og_url":"https:\/\/jzi.org.pl\/en\/galerie\/ludzie-stad\/mieczyslaw-geniusz\/","og_site_name":"Jami\u0144ski Zesp\u00f3\u0142 Indeksacyjny","article_publisher":"https:\/\/www.facebook.com\/Jaminski.Zespol.Indeksacyjny\/","og_image":[{"width":622,"height":960,"url":"https:\/\/jzi.org.pl\/wp-content\/uploads\/2020\/07\/mieczyslaw-geniusz.jpg","type":"image\/jpeg"}],"twitter_card":"summary_large_image","twitter_misc":{"Est. reading time":"2 minutes"},"schema":{"@context":"https:\/\/schema.org","@graph":[{"@type":"WebPage","@id":"https:\/\/jzi.org.pl\/galerie\/ludzie-stad\/mieczyslaw-geniusz\/","url":"https:\/\/jzi.org.pl\/galerie\/ludzie-stad\/mieczyslaw-geniusz\/","name":"Mieczys\u0142aw Geniusz - Jami\u0144ski Zesp\u00f3\u0142 Indeksacyjny","isPartOf":{"@id":"https:\/\/jzi.org.pl\/#website"},"primaryImageOfPage":{"@id":"https:\/\/jzi.org.pl\/galerie\/ludzie-stad\/mieczyslaw-geniusz\/#primaryimage"},"image":{"@id":"https:\/\/jzi.org.pl\/galerie\/ludzie-stad\/mieczyslaw-geniusz\/#primaryimage"},"thumbnailUrl":"https:\/\/jzi.org.pl\/wp-content\/uploads\/2020\/07\/mieczyslaw-geniusz.jpg","datePublished":"2020-07-14T09:08:18+00:00","description":"Jan Noruk by\u0142 Pi\u0142sudczykiem i cz\u0142onkiem organizacji POW. Stra\u017cak i dzia\u0142acz spo\u0142eczny. Prowadzi\u0142 bibliotek\u0119 w Jaziewie. Mia\u0142 uko\u0144czonych 7 klas.","breadcrumb":{"@id":"https:\/\/jzi.org.pl\/galerie\/ludzie-stad\/mieczyslaw-geniusz\/#breadcrumb"},"inLanguage":"en-US","potentialAction":[{"@type":"ReadAction","target":["https:\/\/jzi.org.pl\/galerie\/ludzie-stad\/mieczyslaw-geniusz\/"]}]},{"@type":"ImageObject","inLanguage":"en-US","@id":"https:\/\/jzi.org.pl\/galerie\/ludzie-stad\/mieczyslaw-geniusz\/#primaryimage","url":"https:\/\/jzi.org.pl\/wp-content\/uploads\/2020\/07\/mieczyslaw-geniusz.jpg","contentUrl":"https:\/\/jzi.org.pl\/wp-content\/uploads\/2020\/07\/mieczyslaw-geniusz.jpg","width":622,"height":960},{"@type":"BreadcrumbList","@id":"https:\/\/jzi.org.pl\/galerie\/ludzie-stad\/mieczyslaw-geniusz\/#breadcrumb","itemListElement":[{"@type":"ListItem","position":1,"name":"Strona g\u0142\u00f3wna","item":"https:\/\/jzi.org.pl\/"},{"@type":"ListItem","position":2,"name":"Galerie","item":"https:\/\/jzi.org.pl\/galerie\/"},{"@type":"ListItem","position":3,"name":"Ludzie st\u0105d","item":"https:\/\/jzi.org.pl\/galerie\/ludzie-stad\/"},{"@type":"ListItem","position":4,"name":"Mieczys\u0142aw Geniusz"}]},{"@type":"WebSite","@id":"https:\/\/jzi.org.pl\/#website","url":"https:\/\/jzi.org.pl\/","name":"Jaminy Indexing Team","description":"","publisher":{"@id":"https:\/\/jzi.org.pl\/#organization"},"potentialAction":[{"@type":"SearchAction","target":{"@type":"EntryPoint","urlTemplate":"https:\/\/jzi.org.pl\/?s={search_term_string}"},"query-input":{"@type":"PropertyValueSpecification","valueRequired":true,"valueName":"search_term_string"}}],"inLanguage":"en-US"},{"@type":"Organization","@id":"https:\/\/jzi.org.pl\/#organization","name":"Jaminy Indexing Team","url":"https:\/\/jzi.org.pl\/","logo":{"@type":"ImageObject","inLanguage":"en-US","@id":"https:\/\/jzi.org.pl\/#\/schema\/logo\/image\/","url":"https:\/\/jzi.org.pl\/wp-content\/uploads\/2019\/03\/logo-stowarzyszenie-jzi.png","contentUrl":"https:\/\/jzi.org.pl\/wp-content\/uploads\/2019\/03\/logo-stowarzyszenie-jzi.png","width":931,"height":990,"caption":"Jami\u0144ski Zesp\u00f3\u0142 Indeksacyjny"},"image":{"@id":"https:\/\/jzi.org.pl\/#\/schema\/logo\/image\/"},"sameAs":["https:\/\/www.facebook.com\/Jaminski.Zespol.Indeksacyjny\/"]}]}},"jetpack_likes_enabled":true,"jetpack_sharing_enabled":true,"_links":{"self":[{"href":"https:\/\/jzi.org.pl\/en\/wp-json\/wp\/v2\/pages\/14560","targetHints":{"allow":["GET"]}}],"collection":[{"href":"https:\/\/jzi.org.pl\/en\/wp-json\/wp\/v2\/pages"}],"about":[{"href":"https:\/\/jzi.org.pl\/en\/wp-json\/wp\/v2\/types\/page"}],"author":[{"embeddable":true,"href":"https:\/\/jzi.org.pl\/en\/wp-json\/wp\/v2\/users\/1"}],"replies":[{"embeddable":true,"href":"https:\/\/jzi.org.pl\/en\/wp-json\/wp\/v2\/comments?post=14560"}],"version-history":[{"count":0,"href":"https:\/\/jzi.org.pl\/en\/wp-json\/wp\/v2\/pages\/14560\/revisions"}],"up":[{"embeddable":true,"href":"https:\/\/jzi.org.pl\/en\/wp-json\/wp\/v2\/pages\/1223"}],"wp:featuredmedia":[{"embeddable":true,"href":"https:\/\/jzi.org.pl\/en\/wp-json\/wp\/v2\/media\/14561"}],"wp:attachment":[{"href":"https:\/\/jzi.org.pl\/en\/wp-json\/wp\/v2\/media?parent=14560"}],"curies":[{"name":"wp","href":"https:\/\/api.w.org\/{rel}","templated":true}]}}