{"id":13640,"date":"2020-05-17T19:52:34","date_gmt":"2020-05-17T17:52:34","guid":{"rendered":"https:\/\/jzi.org.pl\/?page_id=13640"},"modified":"2020-05-17T19:52:34","modified_gmt":"2020-05-17T17:52:34","slug":"aleksander-putra","status":"publish","type":"page","link":"https:\/\/jzi.org.pl\/en\/galerie\/ludzie-stad\/aleksander-putra\/","title":{"rendered":"Aleksander Putra"},"content":{"rendered":"<p>Aleksander Putra urodzi\u0142 si\u0119 5 sierpnia 1888 roku w \u017bubrynku w gminie Koniecb\u00f3r w powiecie suwalskim (obecnie gmina Raczki) w rodzinie Jana i Antoniny z Siemion\u00f3w, gospodarzy. By\u0142 dwukrotnie \u017conaty: z Zofi\u0105 z domu Pojawska (\u015blub 1921, zmar\u0142a w roku 1941) oraz W\u0142adys\u0142aw\u0105 Kryszpin (\u015blub w 1947 roku). Mia\u0142 sze\u015bcioro dzieci- Lucjana, Mari\u0119, Tadeusza, Zdzis\u0142awa, Wand\u0119 i Wiktora. Ucz\u0119szcza\u0142 do rosyjskiego gimnazjum rz\u0105dowego w Suwa\u0142kach. B\u0119d\u0105c uczniem V klasy, 18 grudnia 1905 roku wraz z grup\u0105 kilkudziesi\u0119ciu os\u00f3b \u017c\u0105daj\u0105c nauczania w j\u0119zyku polskim, zmusi\u0142 nauczycieli dwuklasowej szko\u0142y w Raczkach do przerwania zaj\u0119\u0107. Zosta\u0142 aresztowany, osadzony w wi\u0119zieniu i usuni\u0119ty ze szko\u0142y. Po trzech miesi\u0105cach, tu\u017c przed \u015bwi\u0119tami Wielkanocnymi 1906 roku, opu\u015bci\u0142 wi\u0119zienie, ale pozosta\u0142 \u201epod s\u0105dem jako oskar\u017cony o przeszkadzanie nauczycielom w wyk\u0142adaniu szkolnym\u201d. Na procesie, kt\u00f3ry odby\u0142 si\u0119 w Augustowie 28 listopada 1906 roku, \u201eza zak\u0142\u00f3cenie spokoju publicznego\u201d otrzyma\u0142 kar\u0119 7 dni aresztu.<\/p>\n<p>He continued his education at the newly established School of Commerce in Suwa\u0142ki. He graduated in June 1909 and went to Krakow. Here in 1909-1912 he attended the Agricultural College at the Jagiellonian University and on February 6, 1913 he passed the agricultural exam. During the entire stay, he belonged to the Shooters Association with other Suwa\u0142ki soldiers. After returning to the Suwa\u0142ki region, he worked until the outbreak of World War I as an instructor at the Suwa\u0142ki Agricultural Society.<\/p>\n<p>W czasie wojny pracowa\u0142 wraz z ojcem w rodzinnym gospodarstwie. W 1918 roku wsp\u00f3\u0142tworzy\u0142 Polsk\u0105 Organizacj\u0119 Wojskow\u0105 i zosta\u0142 jej komendantem w okr\u0119gu suwalskim. U\u017cywa\u0142 w\u00f3wczas pseudonimu \u201eBudrys\u201d. Uczestniczy\u0142 w pracach Tymczasowej Rady Obywatelskiej Okr\u0119gu Suwalskiego pe\u0142ni\u0105c funkcj\u0119 kierownika sekcji gospodarczej. W lutym 1919 roku wszed\u0142 do Sejmu Ustawodawczego II RP z bezpartyjnej listy narodowej. W trakcie kadencji wst\u0105pi\u0142 do klubu poselskiego Polskiego Stronnictwa Ludowego \u201ePiast\u201d. Putra by\u0142 cz\u0142onkiem w\u0142adz gminnych i powiatowych Stronnictwa. W latach 1931-1935 nale\u017ca\u0142 do Stronnictwa Ludowego, ale wyst\u0105pi\u0142, nie chc\u0105c podporz\u0105dkowa\u0107 si\u0119 uchwale o bojkocie wybor\u00f3w parlamentarnych.<\/p>\n<p>From the mid-1920s, he was the head of the District Association of Agricultural Circles, he was also a member of the provincial and central authorities of the Society of Agricultural Organizations and Circles. From 1929, he belonged to the management board of the Municipal Savings Bank in the Suwa\u0142ki Poviat and was a member of the Suwa\u0142ki poviat parliament, poviat school council. In 1938 he chaired the committee for the construction of an agricultural school in Dowspuda. As a result of the land reform in 1920, he received 43 hectares of land for a fee in Koniecbor, where he built a magnificent house, in the style of a manor house. He also intervened in the case of a falling farm in the village of Szkocja.<\/p>\n<p>In 1937 he was awarded the commemorative Cross of Independence. During the Nazi occupation he was associated with the Union of Armed Struggle - Home Army. Threatened with arrest, from May 1941 until the end of the war he hid, among others in \u017bubrynek, Cho\u0107ki, Lipowo, and Podwysokie. After the war, he started to work at the agricultural school in Dowspuda. He worked here from 1945 to 1952 at the State Four Class Agricultural High School, and then at the State Technical Secondary School of Agriculture. He enjoyed great respect among students and colleagues, at the same time, for political reasons, he had great difficulties in his daily work.<\/p>\n<p>Powojenn\u0105 dzia\u0142alno\u015b\u0107 polityczn\u0105 podj\u0105\u0142 w \u201elubelskim\u201d Stronnictwie Ludowym. We wrze\u015bniu 1945 roku zosta\u0142 radnym Gminnej Rady Narodowej w Koniecborze. W pa\u017adzierniku przeszed\u0142 do Polskiego Stronnictwa Ludowego, kierowanego przez Stanis\u0142awa Miko\u0142ajczyka. Uczestniczy\u0142 w pracach Powiatowej Rady Narodowej w Suwa\u0142kach, a w lutym 1946 roku wszed\u0142 w sk\u0142ad jej Komisji Dyscyplinarnej. 17 marca 1946 roku na pierwszym powiatowym zje\u017adzie Stronnictwa w Suwa\u0142kach zosta\u0142 wybrany do zarz\u0105du powiatowego i obj\u0105\u0142 w nim funkcj\u0119 wiceprezesa. W ramach prowadzonej przez w\u0142adze komunistyczne akcji maj\u0105cej skompromitowa\u0107 PSL w zwi\u0105zku z ze spraw\u0105 Obwodu Suwalskiego Zrzeszenia Wolno\u015b\u0107 i Niezawis\u0142o\u015b\u0107 (WiN) zosta\u0142 aresztowany 15 maja pod zarzutem nielegalnego przechowywania broni. Dwa tygodnie p\u00f3\u017aniej w\u0142adze rozwi\u0105za\u0142y struktury powiatowe Stronnictwa. Po wyj\u015bciu z wi\u0119zienia w lipcu 1946 roku Putra stopniowo wycofywa\u0142 si\u0119 z \u017cycia politycznego. Jednak w ko\u0144cu 1950 roku aresztowano go ponownie jako podejrzanego o wrog\u0105 propagand\u0119, a w 1952 roku odsuni\u0119to od pracy pedagogicznej.<\/p>\n<p>From September 1956 he worked at the State Farm in Czartajewo near Siemiatycze. He returned to Koniecb\u00f3r in 1958 where he ran a farm. He did not receive retirement benefits for political reasons. As a result of an unfortunate accident while working on his own farm, Putra died on July 13, 1962 in Suwa\u0142ki. He was buried at the parish cemetery in Raczki. The street in Suwa\u0142ki is named after him, as well as the square next to the cultural center in Raczki.<\/p>\n<style type=\"text\/css\">\n#foogallery-gallery-13609.fg-justified .fg-item { margin-right: 1px; margin-bottom: 1px; }\n#foogallery-gallery-13609.fg-justified .fg-image { height: 150px; }<\/style>\n\t\t\t<div class=\"foogallery foogallery-container foogallery-justified foogallery-lightbox-none fg-justified fg-ready fg-light fg-border-thin fg-shadow-outline fg-loading-default fg-loaded-fade-in fg-caption-hover fg-hover-fade fg-hover-zoom\" id=\"foogallery-gallery-13609\" data-foogallery=\"{&quot;item&quot;:{&quot;showCaptionTitle&quot;:true,&quot;showCaptionDescription&quot;:true},&quot;lazy&quot;:true,&quot;template&quot;:{&quot;rowHeight&quot;:150,&quot;maxRowHeight&quot;:300,&quot;margins&quot;:1,&quot;align&quot;:&quot;center&quot;,&quot;lastRow&quot;:&quot;smart&quot;}}\" style=\"--fg-title-line-clamp: 0; --fg-description-line-clamp: 0;\" >\n\t<div class=\"fg-item fg-type-image fg-idle\"><figure class=\"fg-item-inner\"><a href=\"https:\/\/jzi.org.pl\/wp-content\/uploads\/2020\/05\/1-Aleksander-Putra-w-roku-1919..jpg\" data-caption-title=\"Aleksander Putra w roku 1919.\" data-attachment-id=\"13610\" data-type=\"image\" class=\"fg-thumb\"><span class=\"fg-image-wrap\"><img fetchpriority=\"high\" decoding=\"async\" alt=\"Aleksander Putra w roku 1919.\" title=\"Alexander Putra in 1919.\" height=\"300\" width=\"224\" class=\"skip-lazy fg-image\" data-src-fg=\"https:\/\/jzi.org.pl\/wp-content\/uploads\/cache\/2020\/05\/1-Aleksander-Putra-w-roku-1919_\/2283804640.jpg\" src=\"data:image\/svg+xml,%3Csvg%20xmlns%3D%22http%3A%2F%2Fwww.w3.org%2F2000%2Fsvg%22%20width%3D%22224%22%20height%3D%22300%22%20viewBox%3D%220%200%20224%20300%22%3E%3C%2Fsvg%3E\" loading=\"eager\"><\/span><span class=\"fg-image-overlay\"><\/span><\/a><figcaption class=\"fg-caption\"><div class=\"fg-caption-inner\"><div class=\"fg-caption-title\">Alexander Putra in 1919.<\/div><\/div><\/figcaption><\/figure><div class=\"fg-loader\"><\/div><\/div><div class=\"fg-item fg-type-image fg-idle\"><figure class=\"fg-item-inner\"><a href=\"https:\/\/jzi.org.pl\/wp-content\/uploads\/2020\/05\/2-Aleksander-Putra-pierwszy-z-prawej-podczas-studi\u00f3w-na-UJ..jpg\" data-caption-title=\"Aleksander Putra (pierwszy z prawej) podczas studi\u00f3w na UJ.\" data-attachment-id=\"13611\" data-type=\"image\" class=\"fg-thumb\"><span class=\"fg-image-wrap\"><img decoding=\"async\" alt=\"Aleksander Putra (pierwszy z prawej) podczas studi\u00f3w na UJ.\" title=\"Alexander Putra (first from right) while studying at the Jagiellonian University.\" height=\"300\" width=\"487\" class=\"skip-lazy fg-image\" data-src-fg=\"https:\/\/jzi.org.pl\/wp-content\/uploads\/cache\/2020\/05\/2-Aleksander-Putra-pierwszy-z-prawej-podczas-studi\u00f3w-na-UJ_\/3766858815.jpg\" src=\"data:image\/svg+xml,%3Csvg%20xmlns%3D%22http%3A%2F%2Fwww.w3.org%2F2000%2Fsvg%22%20width%3D%22487%22%20height%3D%22300%22%20viewBox%3D%220%200%20487%20300%22%3E%3C%2Fsvg%3E\" loading=\"eager\"><\/span><span class=\"fg-image-overlay\"><\/span><\/a><figcaption class=\"fg-caption\"><div class=\"fg-caption-inner\"><div class=\"fg-caption-title\">Alexander Putra (first from right) while studying at the Jagiellonian University.<\/div><\/div><\/figcaption><\/figure><div class=\"fg-loader\"><\/div><\/div><div class=\"fg-item fg-type-image fg-idle\"><figure class=\"fg-item-inner\"><a href=\"https:\/\/jzi.org.pl\/wp-content\/uploads\/2020\/05\/3-Polska-Zbrojna-pismo-codzienne-nr-128-10-maja-1936.-Aleksander-Putra-pierwszy-z-prawej-strony-w-g\u00f3rnym-rz\u0119dzie.-Krak\u00f3w-okres-studi\u00f3w-Zwi\u0105zek-Strzelecki..jpg\" data-caption-title=\"Polska Zbrojna- pismo codzienne, nr 128 (10 maja 1936). Aleksander Putra pierwszy z prawej strony w g\u00f3rnym rz\u0119dzie. Krak\u00f3w, okres studi\u00f3w, Zwi\u0105zek Strzelecki.\" data-attachment-id=\"13612\" data-type=\"image\" class=\"fg-thumb\"><span class=\"fg-image-wrap\"><img decoding=\"async\" alt=\"Polska Zbrojna- pismo codzienne, nr 128 (10 maja 1936). Aleksander Putra pierwszy z prawej strony w g\u00f3rnym rz\u0119dzie. Krak\u00f3w, okres studi\u00f3w, Zwi\u0105zek Strzelecki.\" title=\"Polska Zbrojna - daily magazine, No. 128 (May 10, 1936). Alexander Putra first from the right in the upper row. Krakow, study period, Shooting Association.\" height=\"300\" width=\"329\" class=\"skip-lazy fg-image\" data-src-fg=\"https:\/\/jzi.org.pl\/wp-content\/uploads\/cache\/2020\/05\/3-Polska-Zbrojna-pismo-codzienne-nr-128-10-maja-1936_-Aleksander-Putra-pierwszy-z-prawej-strony-w-g\u00f3rnym-rz\u0119dzie_-Krak\u00f3w-okres-studi\u00f3w-Zwi\u0105zek-Strzelecki_\/3849645284.jpg\" src=\"data:image\/svg+xml,%3Csvg%20xmlns%3D%22http%3A%2F%2Fwww.w3.org%2F2000%2Fsvg%22%20width%3D%22329%22%20height%3D%22300%22%20viewBox%3D%220%200%20329%20300%22%3E%3C%2Fsvg%3E\" loading=\"eager\"><\/span><span class=\"fg-image-overlay\"><\/span><\/a><figcaption class=\"fg-caption\"><div class=\"fg-caption-inner\"><div class=\"fg-caption-title\">Polska Zbrojna - daily magazine, No. 128 (May 10, 1936). Alexander Putra first from the right in the upper row. Krakow, study period, Shooting Association.<\/div><\/div><\/figcaption><\/figure><div class=\"fg-loader\"><\/div><\/div><div class=\"fg-item fg-type-image fg-idle\"><figure class=\"fg-item-inner\"><a href=\"https:\/\/jzi.org.pl\/wp-content\/uploads\/2020\/05\/4-Portret-z-lat-30..jpg\" data-caption-title=\"Portret z lat 30.\" data-attachment-id=\"13613\" data-type=\"image\" class=\"fg-thumb\"><span class=\"fg-image-wrap\"><img decoding=\"async\" alt=\"Portret z lat 30.\" title=\"Portrait from the 1930s.\" height=\"300\" width=\"208\" class=\"skip-lazy fg-image\" data-src-fg=\"https:\/\/jzi.org.pl\/wp-content\/uploads\/cache\/2020\/05\/4-Portret-z-lat-30_\/3335938186.jpg\" src=\"data:image\/svg+xml,%3Csvg%20xmlns%3D%22http%3A%2F%2Fwww.w3.org%2F2000%2Fsvg%22%20width%3D%22208%22%20height%3D%22300%22%20viewBox%3D%220%200%20208%20300%22%3E%3C%2Fsvg%3E\" loading=\"eager\"><\/span><span class=\"fg-image-overlay\"><\/span><\/a><figcaption class=\"fg-caption\"><div class=\"fg-caption-inner\"><div class=\"fg-caption-title\">Portrait from the 1930s.<\/div><\/div><\/figcaption><\/figure><div class=\"fg-loader\"><\/div><\/div><div class=\"fg-item fg-type-image fg-idle\"><figure class=\"fg-item-inner\"><a href=\"https:\/\/jzi.org.pl\/wp-content\/uploads\/2020\/05\/5-Aleksander-z-\u017con\u0105-i-dzie\u0107mi..jpg\" data-caption-title=\"Aleksander z \u017con\u0105 i dzie\u0107mi.\" data-attachment-id=\"13614\" data-type=\"image\" class=\"fg-thumb\"><span class=\"fg-image-wrap\"><img decoding=\"async\" alt=\"Aleksander z \u017con\u0105 i dzie\u0107mi.\" title=\"Aleksander with his wife and children.\" height=\"300\" width=\"203\" class=\"skip-lazy fg-image\" data-src-fg=\"https:\/\/jzi.org.pl\/wp-content\/uploads\/cache\/2020\/05\/5-Aleksander-z-\u017con\u0105-i-dzie\u0107mi_\/368173774.jpg\" src=\"data:image\/svg+xml,%3Csvg%20xmlns%3D%22http%3A%2F%2Fwww.w3.org%2F2000%2Fsvg%22%20width%3D%22203%22%20height%3D%22300%22%20viewBox%3D%220%200%20203%20300%22%3E%3C%2Fsvg%3E\" loading=\"eager\"><\/span><span class=\"fg-image-overlay\"><\/span><\/a><figcaption class=\"fg-caption\"><div class=\"fg-caption-inner\"><div class=\"fg-caption-title\">Aleksander with his wife and children.<\/div><\/div><\/figcaption><\/figure><div class=\"fg-loader\"><\/div><\/div><div class=\"fg-item fg-type-image fg-idle\"><figure class=\"fg-item-inner\"><a href=\"https:\/\/jzi.org.pl\/wp-content\/uploads\/2020\/05\/6-Rodzina-Putr\u00f3w-przed-dworkiem-w-Koniecborze..jpg\" data-caption-title=\"Rodzina Putr\u00f3w przed dworkiem w Koniecborze.\" data-attachment-id=\"13615\" data-type=\"image\" class=\"fg-thumb\"><span class=\"fg-image-wrap\"><img decoding=\"async\" alt=\"Rodzina Putr\u00f3w przed dworkiem w Koniecborze.\" title=\"The Putra family in front of the manor house in Koniecb\u00f3r.\" height=\"300\" width=\"489\" class=\"skip-lazy fg-image\" data-src-fg=\"https:\/\/jzi.org.pl\/wp-content\/uploads\/cache\/2020\/05\/6-Rodzina-Putr\u00f3w-przed-dworkiem-w-Koniecborze_\/2834144616.jpg\" src=\"data:image\/svg+xml,%3Csvg%20xmlns%3D%22http%3A%2F%2Fwww.w3.org%2F2000%2Fsvg%22%20width%3D%22489%22%20height%3D%22300%22%20viewBox%3D%220%200%20489%20300%22%3E%3C%2Fsvg%3E\" loading=\"eager\"><\/span><span class=\"fg-image-overlay\"><\/span><\/a><figcaption class=\"fg-caption\"><div class=\"fg-caption-inner\"><div class=\"fg-caption-title\">The Putra family in front of the manor house in Koniecb\u00f3r.<\/div><\/div><\/figcaption><\/figure><div class=\"fg-loader\"><\/div><\/div><div class=\"fg-item fg-type-image fg-idle\"><figure class=\"fg-item-inner\"><a href=\"https:\/\/jzi.org.pl\/wp-content\/uploads\/2020\/05\/7-Rodzina-Putr\u00f3w..jpg\" data-caption-title=\"Rodzina Putr\u00f3w.\" data-attachment-id=\"13616\" data-type=\"image\" class=\"fg-thumb\"><span class=\"fg-image-wrap\"><img decoding=\"async\" alt=\"Rodzina Putr\u00f3w.\" title=\"The Putra family.\" height=\"300\" width=\"478\" class=\"skip-lazy fg-image\" data-src-fg=\"https:\/\/jzi.org.pl\/wp-content\/uploads\/cache\/2020\/05\/7-Rodzina-Putr\u00f3w_\/438385442.jpg\" src=\"data:image\/svg+xml,%3Csvg%20xmlns%3D%22http%3A%2F%2Fwww.w3.org%2F2000%2Fsvg%22%20width%3D%22478%22%20height%3D%22300%22%20viewBox%3D%220%200%20478%20300%22%3E%3C%2Fsvg%3E\" loading=\"eager\"><\/span><span class=\"fg-image-overlay\"><\/span><\/a><figcaption class=\"fg-caption\"><div class=\"fg-caption-inner\"><div class=\"fg-caption-title\">The Putra family.<\/div><\/div><\/figcaption><\/figure><div class=\"fg-loader\"><\/div><\/div><div class=\"fg-item fg-type-image fg-idle\"><figure class=\"fg-item-inner\"><a href=\"https:\/\/jzi.org.pl\/wp-content\/uploads\/2020\/05\/8-Suszarnia-w-gospodarstwie-w-Koniecborze.-Okres-mi\u0119dzywojenny..jpg\" data-caption-title=\"Suszarnia w gospodarstwie w Koniecborze. Okres mi\u0119dzywojenny.\" data-attachment-id=\"13617\" data-type=\"image\" class=\"fg-thumb\"><span class=\"fg-image-wrap\"><img decoding=\"async\" alt=\"Suszarnia w gospodarstwie w Koniecborze. Okres mi\u0119dzywojenny.\" title=\"Dryer on the farm in Koniecb\u00f3r. Interwar period.\" height=\"300\" width=\"482\" class=\"skip-lazy fg-image\" data-src-fg=\"https:\/\/jzi.org.pl\/wp-content\/uploads\/cache\/2020\/05\/8-Suszarnia-w-gospodarstwie-w-Koniecborze_-Okres-mi\u0119dzywojenny_\/1598908532.jpg\" src=\"data:image\/svg+xml,%3Csvg%20xmlns%3D%22http%3A%2F%2Fwww.w3.org%2F2000%2Fsvg%22%20width%3D%22482%22%20height%3D%22300%22%20viewBox%3D%220%200%20482%20300%22%3E%3C%2Fsvg%3E\" loading=\"eager\"><\/span><span class=\"fg-image-overlay\"><\/span><\/a><figcaption class=\"fg-caption\"><div class=\"fg-caption-inner\"><div class=\"fg-caption-title\">Dryer on the farm in Koniecb\u00f3r. Interwar period.<\/div><\/div><\/figcaption><\/figure><div class=\"fg-loader\"><\/div><\/div><div class=\"fg-item fg-type-image fg-idle\"><figure class=\"fg-item-inner\"><a href=\"https:\/\/jzi.org.pl\/wp-content\/uploads\/2020\/05\/9-Aleksander-z-\u017con\u0105-dzie\u0107mi-i-pracownikami-na-tle-suszarni..jpg\" data-caption-title=\"Aleksander z \u017con\u0105, dzie\u0107mi i pracownikami na tle suszarni.\" data-attachment-id=\"13618\" data-type=\"image\" class=\"fg-thumb\"><span class=\"fg-image-wrap\"><img decoding=\"async\" alt=\"Aleksander z \u017con\u0105, dzie\u0107mi i pracownikami na tle suszarni.\" title=\"Aleksander with his wife, children and employees on the background of the drying room.\" height=\"300\" width=\"389\" class=\"skip-lazy fg-image\" data-src-fg=\"https:\/\/jzi.org.pl\/wp-content\/uploads\/cache\/2020\/05\/9-Aleksander-z-\u017con\u0105-dzie\u0107mi-i-pracownikami-na-tle-suszarni_\/4054785772.jpg\" src=\"data:image\/svg+xml,%3Csvg%20xmlns%3D%22http%3A%2F%2Fwww.w3.org%2F2000%2Fsvg%22%20width%3D%22389%22%20height%3D%22300%22%20viewBox%3D%220%200%20389%20300%22%3E%3C%2Fsvg%3E\" loading=\"eager\"><\/span><span class=\"fg-image-overlay\"><\/span><\/a><figcaption class=\"fg-caption\"><div class=\"fg-caption-inner\"><div class=\"fg-caption-title\">Aleksander with his wife, children and employees on the background of the drying room.<\/div><\/div><\/figcaption><\/figure><div class=\"fg-loader\"><\/div><\/div><div class=\"fg-item fg-type-image fg-idle\"><figure class=\"fg-item-inner\"><a href=\"https:\/\/jzi.org.pl\/wp-content\/uploads\/2020\/05\/10-Zofia-Putra-z-domu-Pojawska.-Pierwsza-\u017cona-Aleksandra..jpg\" data-caption-title=\"Zofia Putra z domu Pojawska. Pierwsza \u017cona Aleksandra.\" data-attachment-id=\"13619\" data-type=\"image\" class=\"fg-thumb\"><span class=\"fg-image-wrap\"><img decoding=\"async\" alt=\"Zofia Putra z domu Pojawska. Pierwsza \u017cona Aleksandra.\" title=\"Zofia Putra n\u00e9e Pojawska. Alexander&#039;s first wife.\" height=\"300\" width=\"216\" class=\"skip-lazy fg-image\" data-src-fg=\"https:\/\/jzi.org.pl\/wp-content\/uploads\/cache\/2020\/05\/10-Zofia-Putra-z-domu-Pojawska_-Pierwsza-\u017cona-Aleksandra_\/2028210105.jpg\" src=\"data:image\/svg+xml,%3Csvg%20xmlns%3D%22http%3A%2F%2Fwww.w3.org%2F2000%2Fsvg%22%20width%3D%22216%22%20height%3D%22300%22%20viewBox%3D%220%200%20216%20300%22%3E%3C%2Fsvg%3E\" loading=\"eager\"><\/span><span class=\"fg-image-overlay\"><\/span><\/a><figcaption class=\"fg-caption\"><div class=\"fg-caption-inner\"><div class=\"fg-caption-title\">Zofia Putra n\u00e9e Pojawska. Alexander's first wife.<\/div><\/div><\/figcaption><\/figure><div class=\"fg-loader\"><\/div><\/div><div class=\"fg-item fg-type-image fg-idle\"><figure class=\"fg-item-inner\"><a href=\"https:\/\/jzi.org.pl\/wp-content\/uploads\/2020\/05\/11-W\u0142adys\u0142awa-Putra-z-domu-Kryszpin.-Druga-\u017cona-Aleksandra..jpg\" data-caption-title=\"W\u0142adys\u0142awa Putra z domu Kryszpin. Druga \u017cona Aleksandra.\" data-attachment-id=\"13620\" data-type=\"image\" class=\"fg-thumb\"><span class=\"fg-image-wrap\"><img decoding=\"async\" alt=\"W\u0142adys\u0142awa Putra z domu Kryszpin. Druga \u017cona Aleksandra.\" title=\"W\u0142adys\u0142awa Putra n\u00e9e Kryszpin. Alexander&#039;s second wife.\" height=\"300\" width=\"209\" class=\"skip-lazy fg-image\" data-src-fg=\"https:\/\/jzi.org.pl\/wp-content\/uploads\/cache\/2020\/05\/11-W\u0142adys\u0142awa-Putra-z-domu-Kryszpin_-Druga-\u017cona-Aleksandra_\/1469166132.jpg\" src=\"data:image\/svg+xml,%3Csvg%20xmlns%3D%22http%3A%2F%2Fwww.w3.org%2F2000%2Fsvg%22%20width%3D%22209%22%20height%3D%22300%22%20viewBox%3D%220%200%20209%20300%22%3E%3C%2Fsvg%3E\" loading=\"eager\"><\/span><span class=\"fg-image-overlay\"><\/span><\/a><figcaption class=\"fg-caption\"><div class=\"fg-caption-inner\"><div class=\"fg-caption-title\">W\u0142adys\u0142awa Putra n\u00e9e Kryszpin. Alexander's second wife.<\/div><\/div><\/figcaption><\/figure><div class=\"fg-loader\"><\/div><\/div><div class=\"fg-item fg-type-image fg-idle\"><figure class=\"fg-item-inner\"><a href=\"https:\/\/jzi.org.pl\/wp-content\/uploads\/2020\/05\/12-Uczniowie-i-nauczyciele-liceum-w-Dowspudzie.-Z-prawej-strony-siedzi-Aleksander-Putra.-Rok-1946..jpg\" data-caption-title=\"Uczniowie i nauczyciele liceum w Dowspudzie. Z prawej strony siedzi Aleksander Putra. Rok 1946.\" data-attachment-id=\"13621\" data-type=\"image\" class=\"fg-thumb\"><span class=\"fg-image-wrap\"><img decoding=\"async\" alt=\"Uczniowie i nauczyciele liceum w Dowspudzie. Z prawej strony siedzi Aleksander Putra. Rok 1946.\" title=\"High school students and teachers in Dowspuda. Alexander Putra sits on the right. 1946.\" height=\"300\" width=\"214\" class=\"skip-lazy fg-image\" data-src-fg=\"https:\/\/jzi.org.pl\/wp-content\/uploads\/cache\/2020\/05\/12-Uczniowie-i-nauczyciele-liceum-w-Dowspudzie_-Z-prawej-strony-siedzi-Aleksander-Putra_-Rok-1946_\/2382081513.jpg\" src=\"data:image\/svg+xml,%3Csvg%20xmlns%3D%22http%3A%2F%2Fwww.w3.org%2F2000%2Fsvg%22%20width%3D%22214%22%20height%3D%22300%22%20viewBox%3D%220%200%20214%20300%22%3E%3C%2Fsvg%3E\" loading=\"eager\"><\/span><span class=\"fg-image-overlay\"><\/span><\/a><figcaption class=\"fg-caption\"><div class=\"fg-caption-inner\"><div class=\"fg-caption-title\">High school students and teachers in Dowspuda. Alexander Putra sits on the right. 1946.<\/div><\/div><\/figcaption><\/figure><div class=\"fg-loader\"><\/div><\/div><div class=\"fg-item fg-type-image fg-idle\"><figure class=\"fg-item-inner\"><a href=\"https:\/\/jzi.org.pl\/wp-content\/uploads\/2020\/05\/13-Otwarcie-pierwszych-po-wojnie-do\u017cynek-powiatowych-w-Dowspudzie.-Organizatorem-by\u0142-m.in_.-Aleksander-Putra..jpg\" data-caption-title=\"Otwarcie pierwszych po wojnie do\u017cynek powiatowych w Dowspudzie. Organizatorem by\u0142 m.in. Aleksander Putra.\" data-attachment-id=\"13622\" data-type=\"image\" class=\"fg-thumb\"><span class=\"fg-image-wrap\"><img decoding=\"async\" alt=\"Otwarcie pierwszych po wojnie do\u017cynek powiatowych w Dowspudzie. Organizatorem by\u0142 m.in. Aleksander Putra.\" title=\"Opening of the first district harvest festival in Dowspuda after the war. The organizer was, among others Alexander Putra.\" height=\"300\" width=\"494\" class=\"skip-lazy fg-image\" data-src-fg=\"https:\/\/jzi.org.pl\/wp-content\/uploads\/cache\/2020\/05\/13-Otwarcie-pierwszych-po-wojnie-do\u017cynek-powiatowych-w-Dowspudzie_-Organizatorem-by\u0142-m_in__-Aleksander-Putra_\/2801983049.jpg\" src=\"data:image\/svg+xml,%3Csvg%20xmlns%3D%22http%3A%2F%2Fwww.w3.org%2F2000%2Fsvg%22%20width%3D%22494%22%20height%3D%22300%22%20viewBox%3D%220%200%20494%20300%22%3E%3C%2Fsvg%3E\" loading=\"eager\"><\/span><span class=\"fg-image-overlay\"><\/span><\/a><figcaption class=\"fg-caption\"><div class=\"fg-caption-inner\"><div class=\"fg-caption-title\">Opening of the first district harvest festival in Dowspuda after the war. The organizer was, among others Alexander Putra.<\/div><\/div><\/figcaption><\/figure><div class=\"fg-loader\"><\/div><\/div><div class=\"fg-item fg-type-image fg-idle\"><figure class=\"fg-item-inner\"><a href=\"https:\/\/jzi.org.pl\/wp-content\/uploads\/2020\/05\/14-Aleksander-w-szkole-w-Dowspudzie..jpg\" data-caption-title=\"Aleksander w szkole w Dowspudzie.\" data-attachment-id=\"13623\" data-type=\"image\" class=\"fg-thumb\"><span class=\"fg-image-wrap\"><img decoding=\"async\" alt=\"Aleksander w szkole w Dowspudzie.\" title=\"Aleksander at the school in Dowspuda.\" height=\"300\" width=\"485\" class=\"skip-lazy fg-image\" data-src-fg=\"https:\/\/jzi.org.pl\/wp-content\/uploads\/cache\/2020\/05\/14-Aleksander-w-szkole-w-Dowspudzie_\/508803701.jpg\" src=\"data:image\/svg+xml,%3Csvg%20xmlns%3D%22http%3A%2F%2Fwww.w3.org%2F2000%2Fsvg%22%20width%3D%22485%22%20height%3D%22300%22%20viewBox%3D%220%200%20485%20300%22%3E%3C%2Fsvg%3E\" loading=\"eager\"><\/span><span class=\"fg-image-overlay\"><\/span><\/a><figcaption class=\"fg-caption\"><div class=\"fg-caption-inner\"><div class=\"fg-caption-title\">Aleksander at the school in Dowspuda.<\/div><\/div><\/figcaption><\/figure><div class=\"fg-loader\"><\/div><\/div><div class=\"fg-item fg-type-image fg-idle\"><figure class=\"fg-item-inner\"><a href=\"https:\/\/jzi.org.pl\/wp-content\/uploads\/2020\/05\/15-Praktyki-szkolne-w-Dowspudzie-pod-nadzorem-Putry..jpg\" data-caption-title=\"Praktyki szkolne w Dowspudzie pod nadzorem Putry.\" data-attachment-id=\"13624\" data-type=\"image\" class=\"fg-thumb\"><span class=\"fg-image-wrap\"><img decoding=\"async\" alt=\"Praktyki szkolne w Dowspudzie pod nadzorem Putry.\" title=\"School internships in Dowspuda under the supervision of Putra.\" height=\"300\" width=\"485\" class=\"skip-lazy fg-image\" data-src-fg=\"https:\/\/jzi.org.pl\/wp-content\/uploads\/cache\/2020\/05\/15-Praktyki-szkolne-w-Dowspudzie-pod-nadzorem-Putry_\/3711553313.jpg\" src=\"data:image\/svg+xml,%3Csvg%20xmlns%3D%22http%3A%2F%2Fwww.w3.org%2F2000%2Fsvg%22%20width%3D%22485%22%20height%3D%22300%22%20viewBox%3D%220%200%20485%20300%22%3E%3C%2Fsvg%3E\" loading=\"eager\"><\/span><span class=\"fg-image-overlay\"><\/span><\/a><figcaption class=\"fg-caption\"><div class=\"fg-caption-inner\"><div class=\"fg-caption-title\">School internships in Dowspuda under the supervision of Putra.<\/div><\/div><\/figcaption><\/figure><div class=\"fg-loader\"><\/div><\/div><div class=\"fg-item fg-type-image fg-idle\"><figure class=\"fg-item-inner\"><a href=\"https:\/\/jzi.org.pl\/wp-content\/uploads\/2020\/05\/16-Aleksander-w\u015br\u00f3d-uczni\u00f3w-w-Dowspudzie..jpg\" data-caption-title=\"Aleksander w\u015br\u00f3d uczni\u00f3w w Dowspudzie.\" data-attachment-id=\"13625\" data-type=\"image\" class=\"fg-thumb\"><span class=\"fg-image-wrap\"><img decoding=\"async\" alt=\"Aleksander w\u015br\u00f3d uczni\u00f3w w Dowspudzie.\" title=\"Aleksander among students in Dowspuda.\" height=\"300\" width=\"452\" class=\"skip-lazy fg-image\" data-src-fg=\"https:\/\/jzi.org.pl\/wp-content\/uploads\/cache\/2020\/05\/16-Aleksander-w\u015br\u00f3d-uczni\u00f3w-w-Dowspudzie_\/1378897383.jpg\" src=\"data:image\/svg+xml,%3Csvg%20xmlns%3D%22http%3A%2F%2Fwww.w3.org%2F2000%2Fsvg%22%20width%3D%22452%22%20height%3D%22300%22%20viewBox%3D%220%200%20452%20300%22%3E%3C%2Fsvg%3E\" loading=\"eager\"><\/span><span class=\"fg-image-overlay\"><\/span><\/a><figcaption class=\"fg-caption\"><div class=\"fg-caption-inner\"><div class=\"fg-caption-title\">Aleksander among students in Dowspuda.<\/div><\/div><\/figcaption><\/figure><div class=\"fg-loader\"><\/div><\/div><div class=\"fg-item fg-type-image fg-idle\"><figure class=\"fg-item-inner\"><a href=\"https:\/\/jzi.org.pl\/wp-content\/uploads\/2020\/05\/17-Aleksander-i-uczniowie-szko\u0142y-rolniczej-w-Dowspudzie..jpg\" data-caption-title=\"Aleksander i uczniowie szko\u0142y rolniczej w Dowspudzie.\" data-attachment-id=\"13626\" data-type=\"image\" class=\"fg-thumb\"><span class=\"fg-image-wrap\"><img decoding=\"async\" alt=\"Aleksander i uczniowie szko\u0142y rolniczej w Dowspudzie.\" title=\"Aleksander and students of the agricultural school in Dowspuda.\" height=\"300\" width=\"246\" class=\"skip-lazy fg-image\" data-src-fg=\"https:\/\/jzi.org.pl\/wp-content\/uploads\/cache\/2020\/05\/17-Aleksander-i-uczniowie-szko\u0142y-rolniczej-w-Dowspudzie_\/1357323738.jpg\" src=\"data:image\/svg+xml,%3Csvg%20xmlns%3D%22http%3A%2F%2Fwww.w3.org%2F2000%2Fsvg%22%20width%3D%22246%22%20height%3D%22300%22%20viewBox%3D%220%200%20246%20300%22%3E%3C%2Fsvg%3E\" loading=\"eager\"><\/span><span class=\"fg-image-overlay\"><\/span><\/a><figcaption class=\"fg-caption\"><div class=\"fg-caption-inner\"><div class=\"fg-caption-title\">Aleksander and students of the agricultural school in Dowspuda.<\/div><\/div><\/figcaption><\/figure><div class=\"fg-loader\"><\/div><\/div><div class=\"fg-item fg-type-image fg-idle\"><figure class=\"fg-item-inner\"><a href=\"https:\/\/jzi.org.pl\/wp-content\/uploads\/2020\/05\/18-Aleksander-w-PGR-w-Czartajewie..jpg\" data-caption-title=\"Aleksander w PGR w Czartajewie.\" data-attachment-id=\"13627\" data-type=\"image\" class=\"fg-thumb\"><span class=\"fg-image-wrap\"><img decoding=\"async\" alt=\"Aleksander w PGR w Czartajewie.\" title=\"Aleksander in the State Farm in Czartajewo.\" height=\"300\" width=\"502\" class=\"skip-lazy fg-image\" data-src-fg=\"https:\/\/jzi.org.pl\/wp-content\/uploads\/cache\/2020\/05\/18-Aleksander-w-PGR-w-Czartajewie_\/1758187869.jpg\" src=\"data:image\/svg+xml,%3Csvg%20xmlns%3D%22http%3A%2F%2Fwww.w3.org%2F2000%2Fsvg%22%20width%3D%22502%22%20height%3D%22300%22%20viewBox%3D%220%200%20502%20300%22%3E%3C%2Fsvg%3E\" loading=\"eager\"><\/span><span class=\"fg-image-overlay\"><\/span><\/a><figcaption class=\"fg-caption\"><div class=\"fg-caption-inner\"><div class=\"fg-caption-title\">Aleksander in the State Farm in Czartajewo.<\/div><\/div><\/figcaption><\/figure><div class=\"fg-loader\"><\/div><\/div><div class=\"fg-item fg-type-image fg-idle\"><figure class=\"fg-item-inner\"><a href=\"https:\/\/jzi.org.pl\/wp-content\/uploads\/2020\/05\/19-Aleksander-z-wnukami..jpg\" data-caption-title=\"Aleksander z wnukami.\" data-attachment-id=\"13628\" data-type=\"image\" class=\"fg-thumb\"><span class=\"fg-image-wrap\"><img decoding=\"async\" alt=\"Aleksander z wnukami.\" title=\"Aleksander with his grandchildren.\" height=\"300\" width=\"467\" class=\"skip-lazy fg-image\" data-src-fg=\"https:\/\/jzi.org.pl\/wp-content\/uploads\/cache\/2020\/05\/19-Aleksander-z-wnukami_\/680213203.jpg\" src=\"data:image\/svg+xml,%3Csvg%20xmlns%3D%22http%3A%2F%2Fwww.w3.org%2F2000%2Fsvg%22%20width%3D%22467%22%20height%3D%22300%22%20viewBox%3D%220%200%20467%20300%22%3E%3C%2Fsvg%3E\" loading=\"eager\"><\/span><span class=\"fg-image-overlay\"><\/span><\/a><figcaption class=\"fg-caption\"><div class=\"fg-caption-inner\"><div class=\"fg-caption-title\">Aleksander with his grandchildren.<\/div><\/div><\/figcaption><\/figure><div class=\"fg-loader\"><\/div><\/div><div class=\"fg-item fg-type-image fg-idle\"><figure class=\"fg-item-inner\"><a href=\"https:\/\/jzi.org.pl\/wp-content\/uploads\/2020\/05\/20-Sianokosy-u-Putr\u00f3w-w-Koniecborze.-Rok-1960..jpg\" data-caption-title=\"Sianokosy u Putr\u00f3w w Koniecborze. Rok 1960.\" data-attachment-id=\"13629\" data-type=\"image\" class=\"fg-thumb\"><span class=\"fg-image-wrap\"><img decoding=\"async\" alt=\"Sianokosy u Putr\u00f3w w Koniecborze. Rok 1960.\" title=\"Haymaking at Putras in Koniecb\u00f3r. 1960.\" height=\"300\" width=\"482\" class=\"skip-lazy fg-image\" data-src-fg=\"https:\/\/jzi.org.pl\/wp-content\/uploads\/cache\/2020\/05\/20-Sianokosy-u-Putr\u00f3w-w-Koniecborze_-Rok-1960_\/3939508800.jpg\" src=\"data:image\/svg+xml,%3Csvg%20xmlns%3D%22http%3A%2F%2Fwww.w3.org%2F2000%2Fsvg%22%20width%3D%22482%22%20height%3D%22300%22%20viewBox%3D%220%200%20482%20300%22%3E%3C%2Fsvg%3E\" loading=\"eager\"><\/span><span class=\"fg-image-overlay\"><\/span><\/a><figcaption class=\"fg-caption\"><div class=\"fg-caption-inner\"><div class=\"fg-caption-title\">Haymaking at Putras in Koniecb\u00f3r. 1960.<\/div><\/div><\/figcaption><\/figure><div class=\"fg-loader\"><\/div><\/div><div class=\"fg-item fg-type-image fg-idle\"><figure class=\"fg-item-inner\"><a href=\"https:\/\/jzi.org.pl\/wp-content\/uploads\/2020\/05\/21-Kondukt-pogrzebowy.-Pogrzeb-Aleksandra-Putry..jpg\" data-caption-title=\"Kondukt pogrzebowy. Pogrzeb Aleksandra Putry.\" data-attachment-id=\"13630\" data-type=\"image\" class=\"fg-thumb\"><span class=\"fg-image-wrap\"><img decoding=\"async\" alt=\"Kondukt pogrzebowy. Pogrzeb Aleksandra Putry.\" title=\"Funeral procession. The funeral of Aleksander Putra.\" height=\"300\" width=\"485\" class=\"skip-lazy fg-image\" data-src-fg=\"https:\/\/jzi.org.pl\/wp-content\/uploads\/cache\/2020\/05\/21-Kondukt-pogrzebowy_-Pogrzeb-Aleksandra-Putry_\/2839505897.jpg\" src=\"data:image\/svg+xml,%3Csvg%20xmlns%3D%22http%3A%2F%2Fwww.w3.org%2F2000%2Fsvg%22%20width%3D%22485%22%20height%3D%22300%22%20viewBox%3D%220%200%20485%20300%22%3E%3C%2Fsvg%3E\" loading=\"eager\"><\/span><span class=\"fg-image-overlay\"><\/span><\/a><figcaption class=\"fg-caption\"><div class=\"fg-caption-inner\"><div class=\"fg-caption-title\">Funeral procession. The funeral of Aleksander Putra.<\/div><\/div><\/figcaption><\/figure><div class=\"fg-loader\"><\/div><\/div><div class=\"fg-item fg-type-image fg-idle\"><figure class=\"fg-item-inner\"><a href=\"https:\/\/jzi.org.pl\/wp-content\/uploads\/2020\/05\/22-Wyj\u015bcie-z-ko\u015bcio\u0142a-parafialnego-na-cmentarz-w-Raczkach.-Pogrzeb-Aleksandra-Putry..jpg\" data-caption-title=\"Wyj\u015bcie z ko\u015bcio\u0142a parafialnego na cmentarz w Raczkach. Pogrzeb Aleksandra Putry.\" data-attachment-id=\"13631\" data-type=\"image\" class=\"fg-thumb\"><span class=\"fg-image-wrap\"><img decoding=\"async\" alt=\"Wyj\u015bcie z ko\u015bcio\u0142a parafialnego na cmentarz w Raczkach. Pogrzeb Aleksandra Putry.\" title=\"Exit from the parish church to the cemetery in Raczki. The funeral of Aleksander Putra.\" height=\"300\" width=\"472\" class=\"skip-lazy fg-image\" data-src-fg=\"https:\/\/jzi.org.pl\/wp-content\/uploads\/cache\/2020\/05\/22-Wyj\u015bcie-z-ko\u015bcio\u0142a-parafialnego-na-cmentarz-w-Raczkach_-Pogrzeb-Aleksandra-Putry_\/2658213370.jpg\" src=\"data:image\/svg+xml,%3Csvg%20xmlns%3D%22http%3A%2F%2Fwww.w3.org%2F2000%2Fsvg%22%20width%3D%22472%22%20height%3D%22300%22%20viewBox%3D%220%200%20472%20300%22%3E%3C%2Fsvg%3E\" loading=\"eager\"><\/span><span class=\"fg-image-overlay\"><\/span><\/a><figcaption class=\"fg-caption\"><div class=\"fg-caption-inner\"><div class=\"fg-caption-title\">Exit from the parish church to the cemetery in Raczki. The funeral of Aleksander Putra.<\/div><\/div><\/figcaption><\/figure><div class=\"fg-loader\"><\/div><\/div><div class=\"fg-item fg-type-image fg-idle\"><figure class=\"fg-item-inner\"><a href=\"https:\/\/jzi.org.pl\/wp-content\/uploads\/2020\/05\/23-Gazeta-Polska-dawniej-Codzienna-nr-341-15-grudnia-1906.-Strajk-szkolny-i-jego-konsekwencje..jpg\" data-caption-title=\"Gazeta Polska (dawniej Codzienna) , nr 341 (15 grudnia 1906). Strajk szkolny i jego konsekwencje.\" data-attachment-id=\"13632\" data-type=\"image\" class=\"fg-thumb\"><span class=\"fg-image-wrap\"><img decoding=\"async\" alt=\"Gazeta Polska (dawniej Codzienna) , nr 341 (15 grudnia 1906). Strajk szkolny i jego konsekwencje.\" title=\"Gazeta Polska (formerly Codzienna), No. 341 (December 15, 1906). School strike and its consequences.\" height=\"300\" width=\"160\" class=\"skip-lazy fg-image\" data-src-fg=\"https:\/\/jzi.org.pl\/wp-content\/uploads\/cache\/2020\/05\/23-Gazeta-Polska-dawniej-Codzienna-nr-341-15-grudnia-1906_-Strajk-szkolny-i-jego-konsekwencje_\/332357149.jpg\" src=\"data:image\/svg+xml,%3Csvg%20xmlns%3D%22http%3A%2F%2Fwww.w3.org%2F2000%2Fsvg%22%20width%3D%22160%22%20height%3D%22300%22%20viewBox%3D%220%200%20160%20300%22%3E%3C%2Fsvg%3E\" loading=\"eager\"><\/span><span class=\"fg-image-overlay\"><\/span><\/a><figcaption class=\"fg-caption\"><div class=\"fg-caption-inner\"><div class=\"fg-caption-title\">Gazeta Polska (formerly Codzienna), No. 341 (December 15, 1906). School strike and its consequences.<\/div><\/div><\/figcaption><\/figure><div class=\"fg-loader\"><\/div><\/div><div class=\"fg-item fg-type-image fg-idle\"><figure class=\"fg-item-inner\"><a href=\"https:\/\/jzi.org.pl\/wp-content\/uploads\/2020\/05\/24-Wyci\u0105g-aktu-ma\u0142\u017ce\u0144stwa-Aleksandra-i-W\u0142adys\u0142awy..jpg\" data-caption-title=\"Wyci\u0105g aktu ma\u0142\u017ce\u0144stwa Aleksandra i W\u0142adys\u0142awy.\" data-attachment-id=\"13633\" data-type=\"image\" class=\"fg-thumb\"><span class=\"fg-image-wrap\"><img decoding=\"async\" alt=\"Wyci\u0105g aktu ma\u0142\u017ce\u0144stwa Aleksandra i W\u0142adys\u0142awy.\" title=\"Extract of the marriage certificate of Aleksander and W\u0142adys\u0142awa.\" height=\"300\" width=\"623\" class=\"skip-lazy fg-image\" data-src-fg=\"https:\/\/jzi.org.pl\/wp-content\/uploads\/cache\/2020\/05\/24-Wyci\u0105g-aktu-ma\u0142\u017ce\u0144stwa-Aleksandra-i-W\u0142adys\u0142awy_\/2727015606.jpg\" src=\"data:image\/svg+xml,%3Csvg%20xmlns%3D%22http%3A%2F%2Fwww.w3.org%2F2000%2Fsvg%22%20width%3D%22623%22%20height%3D%22300%22%20viewBox%3D%220%200%20623%20300%22%3E%3C%2Fsvg%3E\" loading=\"eager\"><\/span><span class=\"fg-image-overlay\"><\/span><\/a><figcaption class=\"fg-caption\"><div class=\"fg-caption-inner\"><div class=\"fg-caption-title\">Extract of the marriage certificate of Aleksander and W\u0142adys\u0142awa.<\/div><\/div><\/figcaption><\/figure><div class=\"fg-loader\"><\/div><\/div><div class=\"fg-item fg-type-image fg-idle\"><figure class=\"fg-item-inner\"><a href=\"https:\/\/jzi.org.pl\/wp-content\/uploads\/2020\/05\/25-Zwolnienie-z-pracy..jpg\" data-caption-title=\"Zwolnienie z pracy.\" data-attachment-id=\"13634\" data-type=\"image\" class=\"fg-thumb\"><span class=\"fg-image-wrap\"><img decoding=\"async\" alt=\"Zwolnienie z pracy.\" title=\"Dismissal from work.\" height=\"300\" width=\"436\" class=\"skip-lazy fg-image\" data-src-fg=\"https:\/\/jzi.org.pl\/wp-content\/uploads\/cache\/2020\/05\/25-Zwolnienie-z-pracy_\/2119020325.jpg\" src=\"data:image\/svg+xml,%3Csvg%20xmlns%3D%22http%3A%2F%2Fwww.w3.org%2F2000%2Fsvg%22%20width%3D%22436%22%20height%3D%22300%22%20viewBox%3D%220%200%20436%20300%22%3E%3C%2Fsvg%3E\" loading=\"eager\"><\/span><span class=\"fg-image-overlay\"><\/span><\/a><figcaption class=\"fg-caption\"><div class=\"fg-caption-inner\"><div class=\"fg-caption-title\">Dismissal from work.<\/div><\/div><\/figcaption><\/figure><div class=\"fg-loader\"><\/div><\/div><div class=\"fg-item fg-type-image fg-idle\"><figure class=\"fg-item-inner\"><a href=\"https:\/\/jzi.org.pl\/wp-content\/uploads\/2020\/05\/26-Notatka-miejscowego-donosiciela..jpg\" data-caption-title=\"Notatka miejscowego donosiciela.\" data-attachment-id=\"13635\" data-type=\"image\" class=\"fg-thumb\"><span class=\"fg-image-wrap\"><img decoding=\"async\" alt=\"Notatka miejscowego donosiciela.\" title=\"Note from local informer.\" height=\"300\" width=\"322\" class=\"skip-lazy fg-image\" data-src-fg=\"https:\/\/jzi.org.pl\/wp-content\/uploads\/cache\/2020\/05\/26-Notatka-miejscowego-donosiciela_\/325723984.jpg\" src=\"data:image\/svg+xml,%3Csvg%20xmlns%3D%22http%3A%2F%2Fwww.w3.org%2F2000%2Fsvg%22%20width%3D%22322%22%20height%3D%22300%22%20viewBox%3D%220%200%20322%20300%22%3E%3C%2Fsvg%3E\" loading=\"eager\"><\/span><span class=\"fg-image-overlay\"><\/span><\/a><figcaption class=\"fg-caption\"><div class=\"fg-caption-inner\"><div class=\"fg-caption-title\">Note from local informer.<\/div><\/div><\/figcaption><\/figure><div class=\"fg-loader\"><\/div><\/div><div class=\"fg-item fg-type-image fg-idle\"><figure class=\"fg-item-inner\"><a href=\"https:\/\/jzi.org.pl\/wp-content\/uploads\/2020\/05\/27-W\u0142asnor\u0119czny-podpis..jpg\" data-caption-title=\"W\u0142asnor\u0119czny podpis.\" data-attachment-id=\"13636\" data-type=\"image\" class=\"fg-thumb\"><span class=\"fg-image-wrap\"><img decoding=\"async\" alt=\"W\u0142asnor\u0119czny podpis.\" title=\"Signature.\" height=\"300\" width=\"1345.8904109589\" class=\"skip-lazy fg-image\" data-src-fg=\"https:\/\/jzi.org.pl\/wp-content\/uploads\/2020\/05\/27-W\u0142asnor\u0119czny-podpis..jpg\" src=\"data:image\/svg+xml,%3Csvg%20xmlns%3D%22http%3A%2F%2Fwww.w3.org%2F2000%2Fsvg%22%20width%3D%221345.8904109589%22%20height%3D%22300%22%20viewBox%3D%220%200%201345.8904109589%20300%22%3E%3C%2Fsvg%3E\" loading=\"eager\"><\/span><span class=\"fg-image-overlay\"><\/span><\/a><figcaption class=\"fg-caption\"><div class=\"fg-caption-inner\"><div class=\"fg-caption-title\">Signature.<\/div><\/div><\/figcaption><\/figure><div class=\"fg-loader\"><\/div><\/div><div class=\"fg-item fg-type-image fg-idle\"><figure class=\"fg-item-inner\"><a href=\"https:\/\/jzi.org.pl\/wp-content\/uploads\/2020\/05\/28-Dworek-w-Koniecborze.-Lata-90..jpg\" data-caption-title=\"Dworek w Koniecborze. Lata 90.\" data-attachment-id=\"13637\" data-type=\"image\" class=\"fg-thumb\"><span class=\"fg-image-wrap\"><img decoding=\"async\" alt=\"Dworek w Koniecborze. Lata 90.\" title=\"Manor house in Koniecb\u00f3r. 90&#039;s.\" height=\"300\" width=\"438\" class=\"skip-lazy fg-image\" data-src-fg=\"https:\/\/jzi.org.pl\/wp-content\/uploads\/cache\/2020\/05\/28-Dworek-w-Koniecborze_-Lata-90_\/892452360.jpg\" src=\"data:image\/svg+xml,%3Csvg%20xmlns%3D%22http%3A%2F%2Fwww.w3.org%2F2000%2Fsvg%22%20width%3D%22438%22%20height%3D%22300%22%20viewBox%3D%220%200%20438%20300%22%3E%3C%2Fsvg%3E\" loading=\"eager\"><\/span><span class=\"fg-image-overlay\"><\/span><\/a><figcaption class=\"fg-caption\"><div class=\"fg-caption-inner\"><div class=\"fg-caption-title\">Manor house in Koniecb\u00f3r. 90's.<\/div><\/div><\/figcaption><\/figure><div class=\"fg-loader\"><\/div><\/div><div class=\"fg-item fg-type-image fg-idle\"><figure class=\"fg-item-inner\"><a href=\"https:\/\/jzi.org.pl\/wp-content\/uploads\/2020\/05\/29-Przed-otwarciem-Skweru-im.-Aleksandra-Putry-w-Raczkach-na-100-lecie-odzyskania-niepodleg\u0142o\u015bci-przez-Polsk\u0119.-Tablica-pami\u0105tkowa..jpg\" data-caption-title=\"Przed otwarciem Skweru im. Aleksandra Putry w Raczkach na 100-lecie odzyskania niepodleg\u0142o\u015bci przez Polsk\u0119. Tablica pami\u0105tkowa.\" data-attachment-id=\"13638\" data-type=\"image\" class=\"fg-thumb\"><span class=\"fg-image-wrap\"><img decoding=\"async\" alt=\"Przed otwarciem Skweru im. Aleksandra Putry w Raczkach na 100-lecie odzyskania niepodleg\u0142o\u015bci przez Polsk\u0119. Tablica pami\u0105tkowa.\" title=\"Before the opening of the Alexander Putra&#039;s Square in Raczki for the 100th anniversary of Poland regaining independence. Memory board.\" height=\"300\" width=\"450\" class=\"skip-lazy fg-image\" data-src-fg=\"https:\/\/jzi.org.pl\/wp-content\/uploads\/cache\/2020\/05\/29-Przed-otwarciem-Skweru-im_-Aleksandra-Putry-w-Raczkach-na-100-lecie-odzyskania-niepodleg\u0142o\u015bci-przez-Polsk\u0119_-Tablica-pami\u0105tkowa_\/1410975063.jpg\" src=\"data:image\/svg+xml,%3Csvg%20xmlns%3D%22http%3A%2F%2Fwww.w3.org%2F2000%2Fsvg%22%20width%3D%22450%22%20height%3D%22300%22%20viewBox%3D%220%200%20450%20300%22%3E%3C%2Fsvg%3E\" loading=\"eager\"><\/span><span class=\"fg-image-overlay\"><\/span><\/a><figcaption class=\"fg-caption\"><div class=\"fg-caption-inner\"><div class=\"fg-caption-title\">Before the opening of the Alexander Putra's Square in Raczki for the 100th anniversary of Poland regaining independence. Memory board.<\/div><\/div><\/figcaption><\/figure><div class=\"fg-loader\"><\/div><\/div><div class=\"fg-item fg-type-image fg-idle\"><figure class=\"fg-item-inner\"><a href=\"https:\/\/jzi.org.pl\/wp-content\/uploads\/2020\/05\/30-Potomkowie-Aleksandra-oraz-ich-rodziny-podczas-nadania-imienia-skwerowi-przy-Gminnym-O\u015brodku-Kultury-w-Raczkach.-11-listopada-2018..jpg\" data-caption-title=\"Potomkowie Aleksandra oraz ich rodziny podczas nadania imienia skwerowi przy Gminnym O\u015brodku Kultury w Raczkach. 11 listopada 2018.\" data-attachment-id=\"13639\" data-type=\"image\" class=\"fg-thumb\"><span class=\"fg-image-wrap\"><img decoding=\"async\" alt=\"Potomkowie Aleksandra oraz ich rodziny podczas nadania imienia skwerowi przy Gminnym O\u015brodku Kultury w Raczkach. 11 listopada 2018.\" title=\"Descendants of Alexander and their families during the naming of the square at the Municipal Cultural Center in Raczki. November 11, 2018.\" height=\"300\" width=\"450\" class=\"skip-lazy fg-image\" data-src-fg=\"https:\/\/jzi.org.pl\/wp-content\/uploads\/cache\/2020\/05\/30-Potomkowie-Aleksandra-oraz-ich-rodziny-podczas-nadania-imienia-skwerowi-przy-Gminnym-O\u015brodku-Kultury-w-Raczkach_-11-listopada-2018_\/1101742426.jpg\" src=\"data:image\/svg+xml,%3Csvg%20xmlns%3D%22http%3A%2F%2Fwww.w3.org%2F2000%2Fsvg%22%20width%3D%22450%22%20height%3D%22300%22%20viewBox%3D%220%200%20450%20300%22%3E%3C%2Fsvg%3E\" loading=\"eager\"><\/span><span class=\"fg-image-overlay\"><\/span><\/a><figcaption class=\"fg-caption\"><div class=\"fg-caption-inner\"><div class=\"fg-caption-title\">Descendants of Alexander and their families during the naming of the square at the Municipal Cultural Center in Raczki. November 11, 2018.<\/div><\/div><\/figcaption><\/figure><div class=\"fg-loader\"><\/div><\/div><\/div>","protected":false},"excerpt":{"rendered":"<p>Aleksander Putra urodzi\u0142 si\u0119 5 sierpnia 1888 roku w \u017bubrynku w gminie Koniecb\u00f3r w powiecie suwalskim (obecnie gmina Raczki) w rodzinie Jana i Antoniny z Siemion\u00f3w, gospodarzy. By\u0142 dwukrotnie \u017conaty: z Zofi\u0105 z domu Pojawska (\u015blub 1921, zmar\u0142a w roku 1941) oraz W\u0142adys\u0142aw\u0105 Kryszpin (\u015blub w 1947 roku). Mia\u0142 sze\u015bcioro dzieci- Lucjana, Mari\u0119, Tadeusza, Zdzis\u0142awa, [&hellip;]<\/p>\n","protected":false},"author":1,"featured_media":13610,"parent":1223,"menu_order":0,"comment_status":"closed","ping_status":"closed","template":"","meta":{"h5ap_radio_sources":[],"jetpack_post_was_ever_published":false,"footnotes":""},"class_list":["post-13640","page","type-page","status-publish","has-post-thumbnail","hentry"],"yoast_head":"<!-- This site is optimized with the Yoast SEO plugin v27.5 - https:\/\/yoast.com\/product\/yoast-seo-wordpress\/ -->\n<title>Aleksander Putra - Jami\u0144ski Zesp\u00f3\u0142 Indeksacyjny<\/title>\n<meta name=\"robots\" content=\"index, follow, max-snippet:-1, max-image-preview:large, max-video-preview:-1\" \/>\n<link rel=\"canonical\" href=\"https:\/\/jzi.org.pl\/en\/galerie\/ludzie-stad\/aleksander-putra\/\" \/>\n<meta property=\"og:locale\" content=\"en_US\" \/>\n<meta property=\"og:type\" content=\"article\" \/>\n<meta property=\"og:title\" content=\"Aleksander Putra - Jami\u0144ski Zesp\u00f3\u0142 Indeksacyjny\" \/>\n<meta property=\"og:description\" content=\"Aleksander Putra urodzi\u0142 si\u0119 5 sierpnia 1888 roku w \u017bubrynku w gminie Koniecb\u00f3r w powiecie suwalskim (obecnie gmina Raczki) w rodzinie Jana i Antoniny z Siemion\u00f3w, gospodarzy. By\u0142 dwukrotnie \u017conaty: z Zofi\u0105 z domu Pojawska (\u015blub 1921, zmar\u0142a w roku 1941) oraz W\u0142adys\u0142aw\u0105 Kryszpin (\u015blub w 1947 roku). Mia\u0142 sze\u015bcioro dzieci- Lucjana, Mari\u0119, Tadeusza, Zdzis\u0142awa, [&hellip;]\" \/>\n<meta property=\"og:url\" content=\"https:\/\/jzi.org.pl\/en\/galerie\/ludzie-stad\/aleksander-putra\/\" \/>\n<meta property=\"og:site_name\" content=\"Jami\u0144ski Zesp\u00f3\u0142 Indeksacyjny\" \/>\n<meta property=\"article:publisher\" content=\"https:\/\/www.facebook.com\/Jaminski.Zespol.Indeksacyjny\/\" \/>\n<meta property=\"og:image\" content=\"https:\/\/jzi.org.pl\/wp-content\/uploads\/2020\/05\/1-Aleksander-Putra-w-roku-1919..jpg\" \/>\n\t<meta property=\"og:image:width\" content=\"1024\" \/>\n\t<meta property=\"og:image:height\" content=\"1374\" \/>\n\t<meta property=\"og:image:type\" content=\"image\/jpeg\" \/>\n<meta name=\"twitter:card\" content=\"summary_large_image\" \/>\n<meta name=\"twitter:label1\" content=\"Est. reading time\" \/>\n\t<meta name=\"twitter:data1\" content=\"4 minutes\" \/>\n<script type=\"application\/ld+json\" class=\"yoast-schema-graph\">{\"@context\":\"https:\\\/\\\/schema.org\",\"@graph\":[{\"@type\":\"WebPage\",\"@id\":\"https:\\\/\\\/jzi.org.pl\\\/en\\\/galerie\\\/ludzie-stad\\\/aleksander-putra\\\/\",\"url\":\"https:\\\/\\\/jzi.org.pl\\\/en\\\/galerie\\\/ludzie-stad\\\/aleksander-putra\\\/\",\"name\":\"Aleksander Putra - Jami\u0144ski Zesp\u00f3\u0142 Indeksacyjny\",\"isPartOf\":{\"@id\":\"https:\\\/\\\/jzi.org.pl\\\/#website\"},\"primaryImageOfPage\":{\"@id\":\"https:\\\/\\\/jzi.org.pl\\\/en\\\/galerie\\\/ludzie-stad\\\/aleksander-putra\\\/#primaryimage\"},\"image\":{\"@id\":\"https:\\\/\\\/jzi.org.pl\\\/en\\\/galerie\\\/ludzie-stad\\\/aleksander-putra\\\/#primaryimage\"},\"thumbnailUrl\":\"https:\\\/\\\/jzi.org.pl\\\/wp-content\\\/uploads\\\/2020\\\/05\\\/1-Aleksander-Putra-w-roku-1919..jpg\",\"datePublished\":\"2020-05-17T17:52:34+00:00\",\"breadcrumb\":{\"@id\":\"https:\\\/\\\/jzi.org.pl\\\/en\\\/galerie\\\/ludzie-stad\\\/aleksander-putra\\\/#breadcrumb\"},\"inLanguage\":\"en-US\",\"potentialAction\":[{\"@type\":\"ReadAction\",\"target\":[\"https:\\\/\\\/jzi.org.pl\\\/en\\\/galerie\\\/ludzie-stad\\\/aleksander-putra\\\/\"]}]},{\"@type\":\"ImageObject\",\"inLanguage\":\"en-US\",\"@id\":\"https:\\\/\\\/jzi.org.pl\\\/en\\\/galerie\\\/ludzie-stad\\\/aleksander-putra\\\/#primaryimage\",\"url\":\"https:\\\/\\\/jzi.org.pl\\\/wp-content\\\/uploads\\\/2020\\\/05\\\/1-Aleksander-Putra-w-roku-1919..jpg\",\"contentUrl\":\"https:\\\/\\\/jzi.org.pl\\\/wp-content\\\/uploads\\\/2020\\\/05\\\/1-Aleksander-Putra-w-roku-1919..jpg\",\"width\":1024,\"height\":1374,\"caption\":\"Aleksander Putra w roku 1919.\"},{\"@type\":\"BreadcrumbList\",\"@id\":\"https:\\\/\\\/jzi.org.pl\\\/en\\\/galerie\\\/ludzie-stad\\\/aleksander-putra\\\/#breadcrumb\",\"itemListElement\":[{\"@type\":\"ListItem\",\"position\":1,\"name\":\"Strona g\u0142\u00f3wna\",\"item\":\"https:\\\/\\\/jzi.org.pl\\\/\"},{\"@type\":\"ListItem\",\"position\":2,\"name\":\"Galerie\",\"item\":\"https:\\\/\\\/jzi.org.pl\\\/galerie\\\/\"},{\"@type\":\"ListItem\",\"position\":3,\"name\":\"Ludzie st\u0105d\",\"item\":\"https:\\\/\\\/jzi.org.pl\\\/galerie\\\/ludzie-stad\\\/\"},{\"@type\":\"ListItem\",\"position\":4,\"name\":\"Aleksander Putra\"}]},{\"@type\":\"WebSite\",\"@id\":\"https:\\\/\\\/jzi.org.pl\\\/#website\",\"url\":\"https:\\\/\\\/jzi.org.pl\\\/\",\"name\":\"Jami\u0144ski Zesp\u00f3\u0142 Indeksacyjny\",\"description\":\"\",\"publisher\":{\"@id\":\"https:\\\/\\\/jzi.org.pl\\\/#organization\"},\"potentialAction\":[{\"@type\":\"SearchAction\",\"target\":{\"@type\":\"EntryPoint\",\"urlTemplate\":\"https:\\\/\\\/jzi.org.pl\\\/?s={search_term_string}\"},\"query-input\":{\"@type\":\"PropertyValueSpecification\",\"valueRequired\":true,\"valueName\":\"search_term_string\"}}],\"inLanguage\":\"en-US\"},{\"@type\":\"Organization\",\"@id\":\"https:\\\/\\\/jzi.org.pl\\\/#organization\",\"name\":\"Jami\u0144ski Zesp\u00f3\u0142 Indeksacyjny\",\"url\":\"https:\\\/\\\/jzi.org.pl\\\/\",\"logo\":{\"@type\":\"ImageObject\",\"inLanguage\":\"en-US\",\"@id\":\"https:\\\/\\\/jzi.org.pl\\\/#\\\/schema\\\/logo\\\/image\\\/\",\"url\":\"https:\\\/\\\/jzi.org.pl\\\/wp-content\\\/uploads\\\/2019\\\/03\\\/logo-stowarzyszenie-jzi.png\",\"contentUrl\":\"https:\\\/\\\/jzi.org.pl\\\/wp-content\\\/uploads\\\/2019\\\/03\\\/logo-stowarzyszenie-jzi.png\",\"width\":931,\"height\":990,\"caption\":\"Jami\u0144ski Zesp\u00f3\u0142 Indeksacyjny\"},\"image\":{\"@id\":\"https:\\\/\\\/jzi.org.pl\\\/#\\\/schema\\\/logo\\\/image\\\/\"},\"sameAs\":[\"https:\\\/\\\/www.facebook.com\\\/Jaminski.Zespol.Indeksacyjny\\\/\"]}]}<\/script>\n<!-- \/ Yoast SEO plugin. -->","yoast_head_json":{"title":"Aleksander Putra - Jami\u0144ski Zesp\u00f3\u0142 Indeksacyjny","robots":{"index":"index","follow":"follow","max-snippet":"max-snippet:-1","max-image-preview":"max-image-preview:large","max-video-preview":"max-video-preview:-1"},"canonical":"https:\/\/jzi.org.pl\/en\/galerie\/ludzie-stad\/aleksander-putra\/","og_locale":"en_US","og_type":"article","og_title":"Aleksander Putra - Jami\u0144ski Zesp\u00f3\u0142 Indeksacyjny","og_description":"Aleksander Putra urodzi\u0142 si\u0119 5 sierpnia 1888 roku w \u017bubrynku w gminie Koniecb\u00f3r w powiecie suwalskim (obecnie gmina Raczki) w rodzinie Jana i Antoniny z Siemion\u00f3w, gospodarzy. By\u0142 dwukrotnie \u017conaty: z Zofi\u0105 z domu Pojawska (\u015blub 1921, zmar\u0142a w roku 1941) oraz W\u0142adys\u0142aw\u0105 Kryszpin (\u015blub w 1947 roku). Mia\u0142 sze\u015bcioro dzieci- Lucjana, Mari\u0119, Tadeusza, Zdzis\u0142awa, [&hellip;]","og_url":"https:\/\/jzi.org.pl\/en\/galerie\/ludzie-stad\/aleksander-putra\/","og_site_name":"Jami\u0144ski Zesp\u00f3\u0142 Indeksacyjny","article_publisher":"https:\/\/www.facebook.com\/Jaminski.Zespol.Indeksacyjny\/","og_image":[{"width":1024,"height":1374,"url":"https:\/\/jzi.org.pl\/wp-content\/uploads\/2020\/05\/1-Aleksander-Putra-w-roku-1919..jpg","type":"image\/jpeg"}],"twitter_card":"summary_large_image","twitter_misc":{"Est. reading time":"4 minutes"},"schema":{"@context":"https:\/\/schema.org","@graph":[{"@type":"WebPage","@id":"https:\/\/jzi.org.pl\/en\/galerie\/ludzie-stad\/aleksander-putra\/","url":"https:\/\/jzi.org.pl\/en\/galerie\/ludzie-stad\/aleksander-putra\/","name":"Aleksander Putra - Jami\u0144ski Zesp\u00f3\u0142 Indeksacyjny","isPartOf":{"@id":"https:\/\/jzi.org.pl\/#website"},"primaryImageOfPage":{"@id":"https:\/\/jzi.org.pl\/en\/galerie\/ludzie-stad\/aleksander-putra\/#primaryimage"},"image":{"@id":"https:\/\/jzi.org.pl\/en\/galerie\/ludzie-stad\/aleksander-putra\/#primaryimage"},"thumbnailUrl":"https:\/\/jzi.org.pl\/wp-content\/uploads\/2020\/05\/1-Aleksander-Putra-w-roku-1919..jpg","datePublished":"2020-05-17T17:52:34+00:00","breadcrumb":{"@id":"https:\/\/jzi.org.pl\/en\/galerie\/ludzie-stad\/aleksander-putra\/#breadcrumb"},"inLanguage":"en-US","potentialAction":[{"@type":"ReadAction","target":["https:\/\/jzi.org.pl\/en\/galerie\/ludzie-stad\/aleksander-putra\/"]}]},{"@type":"ImageObject","inLanguage":"en-US","@id":"https:\/\/jzi.org.pl\/en\/galerie\/ludzie-stad\/aleksander-putra\/#primaryimage","url":"https:\/\/jzi.org.pl\/wp-content\/uploads\/2020\/05\/1-Aleksander-Putra-w-roku-1919..jpg","contentUrl":"https:\/\/jzi.org.pl\/wp-content\/uploads\/2020\/05\/1-Aleksander-Putra-w-roku-1919..jpg","width":1024,"height":1374,"caption":"Aleksander Putra w roku 1919."},{"@type":"BreadcrumbList","@id":"https:\/\/jzi.org.pl\/en\/galerie\/ludzie-stad\/aleksander-putra\/#breadcrumb","itemListElement":[{"@type":"ListItem","position":1,"name":"Strona g\u0142\u00f3wna","item":"https:\/\/jzi.org.pl\/"},{"@type":"ListItem","position":2,"name":"Galerie","item":"https:\/\/jzi.org.pl\/galerie\/"},{"@type":"ListItem","position":3,"name":"Ludzie st\u0105d","item":"https:\/\/jzi.org.pl\/galerie\/ludzie-stad\/"},{"@type":"ListItem","position":4,"name":"Aleksander Putra"}]},{"@type":"WebSite","@id":"https:\/\/jzi.org.pl\/#website","url":"https:\/\/jzi.org.pl\/","name":"Jaminy Indexing Team","description":"","publisher":{"@id":"https:\/\/jzi.org.pl\/#organization"},"potentialAction":[{"@type":"SearchAction","target":{"@type":"EntryPoint","urlTemplate":"https:\/\/jzi.org.pl\/?s={search_term_string}"},"query-input":{"@type":"PropertyValueSpecification","valueRequired":true,"valueName":"search_term_string"}}],"inLanguage":"en-US"},{"@type":"Organization","@id":"https:\/\/jzi.org.pl\/#organization","name":"Jaminy Indexing Team","url":"https:\/\/jzi.org.pl\/","logo":{"@type":"ImageObject","inLanguage":"en-US","@id":"https:\/\/jzi.org.pl\/#\/schema\/logo\/image\/","url":"https:\/\/jzi.org.pl\/wp-content\/uploads\/2019\/03\/logo-stowarzyszenie-jzi.png","contentUrl":"https:\/\/jzi.org.pl\/wp-content\/uploads\/2019\/03\/logo-stowarzyszenie-jzi.png","width":931,"height":990,"caption":"Jami\u0144ski Zesp\u00f3\u0142 Indeksacyjny"},"image":{"@id":"https:\/\/jzi.org.pl\/#\/schema\/logo\/image\/"},"sameAs":["https:\/\/www.facebook.com\/Jaminski.Zespol.Indeksacyjny\/"]}]}},"jetpack_likes_enabled":true,"jetpack_sharing_enabled":true,"_links":{"self":[{"href":"https:\/\/jzi.org.pl\/en\/wp-json\/wp\/v2\/pages\/13640","targetHints":{"allow":["GET"]}}],"collection":[{"href":"https:\/\/jzi.org.pl\/en\/wp-json\/wp\/v2\/pages"}],"about":[{"href":"https:\/\/jzi.org.pl\/en\/wp-json\/wp\/v2\/types\/page"}],"author":[{"embeddable":true,"href":"https:\/\/jzi.org.pl\/en\/wp-json\/wp\/v2\/users\/1"}],"replies":[{"embeddable":true,"href":"https:\/\/jzi.org.pl\/en\/wp-json\/wp\/v2\/comments?post=13640"}],"version-history":[{"count":0,"href":"https:\/\/jzi.org.pl\/en\/wp-json\/wp\/v2\/pages\/13640\/revisions"}],"up":[{"embeddable":true,"href":"https:\/\/jzi.org.pl\/en\/wp-json\/wp\/v2\/pages\/1223"}],"wp:featuredmedia":[{"embeddable":true,"href":"https:\/\/jzi.org.pl\/en\/wp-json\/wp\/v2\/media\/13610"}],"wp:attachment":[{"href":"https:\/\/jzi.org.pl\/en\/wp-json\/wp\/v2\/media?parent=13640"}],"curies":[{"name":"wp","href":"https:\/\/api.w.org\/{rel}","templated":true}]}}