{"id":13232,"date":"2020-05-08T10:43:31","date_gmt":"2020-05-08T08:43:31","guid":{"rendered":"https:\/\/jzi.org.pl\/?page_id=13232"},"modified":"2020-05-08T10:43:31","modified_gmt":"2020-05-08T08:43:31","slug":"jan-sidor","status":"publish","type":"page","link":"https:\/\/jzi.org.pl\/en\/galerie\/ludzie-stad\/jan-sidor\/","title":{"rendered":"Jan Sidor"},"content":{"rendered":"<p>In the pictures Jan Sidor, son of Franciszek and Antonina n\u00e9e D\u0105browska. He was born on May 27, 1903 in the village of Rudniki in the Koniecb\u00f3r commune, in the Raczki parish. A resident of Raczki of the Dowspuda commune, August\u00f3w poviat. Farmer and clerk. Married with Stanis\u0142awa n\u00e9e Siemion from Raczki (daughter of Pawe\u0142 and Franciszka n\u00e9e Bartoszewicz, married on February 5, 1929), one child - daughter Zofia (born in 1929). He graduated 5 classes of primary school.<\/p>\n<p>Podczas okupacji niemieckiej \u017co\u0142nierz organizacji Korpusu Ziemi Suwalskiej, a nast\u0119pnie Armii Krajowej. Drugi zast\u0119pca Komendanta Suwalsko- Augustowskiego Obwodu Zrzeszenia WiN. Pseudonim \u201eGuzik\u201d i \u201eZag\u0142oba\u201d. W dniu 3 wrze\u015bnia 1945 roku awansowany na do stopnia plutonowego. Odznaczony Krzy\u017cem Walecznych.<\/p>\n<p>\u0141\u0105cznikami Jana Sidora byli: Feliks Borys, pseudonim \u201eGruby\u201d, urodzony w Nieszkach masarz z Raczek. W\u0142adys\u0142aw Feller (od 1963 roku Renowicki), szewc z Raczek. Kazimierz Frydrych pseudonim \u201eKamie\u0144\u201d, urodzony w Prusce Ma\u0142ej, po wojnie mieszkaniec wsi Krzy\u017cewo, rolnik. Bronis\u0142aw Gawrylczyk, pseudonim \u201eLisek\u201d, \u201eLot\u201d, urodzony w Raczkach rolnik. Jan Moj\u017cesz, pseudonim \u201eGrad\u201d, rolnik z Ludwinowa, po wojnie mieszkaniec wsi Wilkasy. Kazimierz Z\u0142otnik, rolnik ze wsi Wierciochy.<\/p>\n<p>Sidor ujawni\u0142 si\u0119 w Suwa\u0142kach w dniu 25 kwietnia 1947 roku. Po ujawnieniu pracowa\u0142 mi\u0119dzy innymi przy budowie mostu drogowego w Raczkach i jako prezes Sp\u00f3\u0142dzielni Rolniczej \u201eJedno\u015b\u0107\u201d w Raczkach. By\u0142 inwigilowany i prze\u015bladowany przez PUBP. Ukrywa\u0142 si\u0119 od sierpnia 1949 roku. W pa\u017adzierniku 1949 nawi\u0105za\u0142 kontakt z partyzantami Jana Sadowskiego, pseudonim \u201eBlady\u201d,\u201dKomar\u201d i Piotra Burdyna, ps. \u201eEdward\u201d, \u201eKabel\u201d,\u201dMro\u017any\u201d, \u201ePor\u0119ba\u201d, lecz nie przebywa\u0142 z nimi, a ukrywa\u0142 si\u0119 w towarzystwie Jana Gizelbacha ps. \u201eWierszu\u0142\u201d. W dniu 21 listopada 1949 roku razem z Gizelbachem przebywali w gospodarstwie Jana Szczeciny we wsi Lipowo w gminie Koniecb\u00f3r, a na nocleg przenie\u015bli si\u0119 do stoj\u0105cej po s\u0105siedzku opuszczonej stodo\u0142y J\u00f3zefy Jasionowskiej. Na skutek doniesienia nieznanego informatora UB ps. \u201eBoles\u0142aw\u201d ze wsi Podwysokie, zostali otoczeni przez grup\u0119 operacyjn\u0105 KBW- UB. Jak wynika z raportu, \u201eGuzik\u201d pope\u0142ni\u0142 samob\u00f3jstwo, za\u015b \u201eWierszu\u0142\u201d podda\u0142 si\u0119. Jan Sidor pochowany jest na cmentarzu w Suwa\u0142kach.<\/p>\n<style type=\"text\/css\">\n#foogallery-gallery-13225.fg-justified .fg-item { margin-right: 1px; margin-bottom: 1px; }\n#foogallery-gallery-13225.fg-justified .fg-image { height: 150px; }<\/style>\n\t\t\t<div class=\"foogallery foogallery-container foogallery-justified foogallery-lightbox-none fg-justified fg-ready fg-light fg-border-thin fg-shadow-outline fg-loading-default fg-loaded-fade-in fg-caption-hover fg-hover-fade fg-hover-zoom\" id=\"foogallery-gallery-13225\" data-foogallery=\"{&quot;item&quot;:{&quot;showCaptionTitle&quot;:true,&quot;showCaptionDescription&quot;:true},&quot;lazy&quot;:true,&quot;template&quot;:{&quot;rowHeight&quot;:150,&quot;maxRowHeight&quot;:300,&quot;margins&quot;:1,&quot;align&quot;:&quot;center&quot;,&quot;lastRow&quot;:&quot;smart&quot;}}\" style=\"--fg-title-line-clamp: 0; --fg-description-line-clamp: 0;\" >\n\t<div class=\"fg-item fg-type-image fg-idle\"><figure class=\"fg-item-inner\"><a href=\"https:\/\/jzi.org.pl\/wp-content\/uploads\/2020\/05\/Jan-Sidor-1.jpg\" data-caption-title=\"Jan Sidor.\" data-attachment-id=\"13228\" data-type=\"image\" class=\"fg-thumb\"><span class=\"fg-image-wrap\"><img fetchpriority=\"high\" decoding=\"async\" alt=\"Jan Sidor.\" title=\"Jan Sidor.\" height=\"300\" width=\"185\" class=\"skip-lazy fg-image\" data-src-fg=\"https:\/\/jzi.org.pl\/wp-content\/uploads\/cache\/2020\/05\/Jan-Sidor-1\/1619842885.jpg\" src=\"data:image\/svg+xml,%3Csvg%20xmlns%3D%22http%3A%2F%2Fwww.w3.org%2F2000%2Fsvg%22%20width%3D%22185%22%20height%3D%22300%22%20viewBox%3D%220%200%20185%20300%22%3E%3C%2Fsvg%3E\" loading=\"eager\"><\/span><span class=\"fg-image-overlay\"><\/span><\/a><figcaption class=\"fg-caption\"><div class=\"fg-caption-inner\"><div class=\"fg-caption-title\">Jan Sidor.<\/div><\/div><\/figcaption><\/figure><div class=\"fg-loader\"><\/div><\/div><div class=\"fg-item fg-type-image fg-idle\"><figure class=\"fg-item-inner\"><a href=\"https:\/\/jzi.org.pl\/wp-content\/uploads\/2020\/05\/Akt-\u015blubu-nr-19-Jana-Sidora-z-Franciszk\u0105-Bartoszewicz-scaled.jpg\" data-caption-title=\"Akt \u015blubu nr 19 Jana Sidora z Franciszk\u0105 Bartoszewicz.\" data-attachment-id=\"13226\" data-type=\"image\" class=\"fg-thumb\"><span class=\"fg-image-wrap\"><img decoding=\"async\" alt=\"Akt \u015blubu nr 19 Jana Sidora z Franciszk\u0105 Bartoszewicz.\" title=\"Marriage certificate No. 19 of Jan Sidor and Franciszka Bartoszewicz.\" height=\"300\" width=\"393\" class=\"skip-lazy fg-image\" data-src-fg=\"https:\/\/jzi.org.pl\/wp-content\/uploads\/cache\/2020\/05\/Akt-\u015blubu-nr-19-Jana-Sidora-z-Franciszk\u0105-Bartoszewicz-scaled\/3332478036.jpg\" src=\"data:image\/svg+xml,%3Csvg%20xmlns%3D%22http%3A%2F%2Fwww.w3.org%2F2000%2Fsvg%22%20width%3D%22393%22%20height%3D%22300%22%20viewBox%3D%220%200%20393%20300%22%3E%3C%2Fsvg%3E\" loading=\"eager\"><\/span><span class=\"fg-image-overlay\"><\/span><\/a><figcaption class=\"fg-caption\"><div class=\"fg-caption-inner\"><div class=\"fg-caption-title\">Marriage certificate No. 19 of Jan Sidor and Franciszka Bartoszewicz.<\/div><\/div><\/figcaption><\/figure><div class=\"fg-loader\"><\/div><\/div><div class=\"fg-item fg-type-image fg-idle\"><figure class=\"fg-item-inner\"><a href=\"https:\/\/jzi.org.pl\/wp-content\/uploads\/2020\/05\/Jan-Sidor-2.jpg\" data-caption-title=\"Jan Sidor.\" data-attachment-id=\"13229\" data-type=\"image\" class=\"fg-thumb\"><span class=\"fg-image-wrap\"><img decoding=\"async\" alt=\"Jan Sidor.\" title=\"Jan Sidor.\" height=\"300\" width=\"196\" class=\"skip-lazy fg-image\" data-src-fg=\"https:\/\/jzi.org.pl\/wp-content\/uploads\/cache\/2020\/05\/Jan-Sidor-2\/391477808.jpg\" src=\"data:image\/svg+xml,%3Csvg%20xmlns%3D%22http%3A%2F%2Fwww.w3.org%2F2000%2Fsvg%22%20width%3D%22196%22%20height%3D%22300%22%20viewBox%3D%220%200%20196%20300%22%3E%3C%2Fsvg%3E\" loading=\"eager\"><\/span><span class=\"fg-image-overlay\"><\/span><\/a><figcaption class=\"fg-caption\"><div class=\"fg-caption-inner\"><div class=\"fg-caption-title\">Jan Sidor.<\/div><\/div><\/figcaption><\/figure><div class=\"fg-loader\"><\/div><\/div><div class=\"fg-item fg-type-image fg-idle\"><figure class=\"fg-item-inner\"><a href=\"https:\/\/jzi.org.pl\/wp-content\/uploads\/2020\/05\/Dyplomik-Milicji-Niepokalanej.jpg\" data-caption-title=\"Dyplomik Milicji Niepokalanej.\" data-attachment-id=\"13227\" data-type=\"image\" class=\"fg-thumb\"><span class=\"fg-image-wrap\"><img decoding=\"async\" alt=\"Dyplomik Milicji Niepokalanej.\" title=\"Diploma of the Immaculate Militia.\" height=\"300\" width=\"402\" class=\"skip-lazy fg-image\" data-src-fg=\"https:\/\/jzi.org.pl\/wp-content\/uploads\/cache\/2020\/05\/Dyplomik-Milicji-Niepokalanej\/1674397105.jpg\" src=\"data:image\/svg+xml,%3Csvg%20xmlns%3D%22http%3A%2F%2Fwww.w3.org%2F2000%2Fsvg%22%20width%3D%22402%22%20height%3D%22300%22%20viewBox%3D%220%200%20402%20300%22%3E%3C%2Fsvg%3E\" loading=\"eager\"><\/span><span class=\"fg-image-overlay\"><\/span><\/a><figcaption class=\"fg-caption\"><div class=\"fg-caption-inner\"><div class=\"fg-caption-title\">Diploma of the Immaculate Militia.<\/div><\/div><\/figcaption><\/figure><div class=\"fg-loader\"><\/div><\/div><div class=\"fg-item fg-type-image fg-idle\"><figure class=\"fg-item-inner\"><a href=\"https:\/\/jzi.org.pl\/wp-content\/uploads\/2020\/05\/Portret-Jana-Sidora.jpg\" data-caption-title=\"Portret Jana Sidora.\" data-attachment-id=\"13231\" data-type=\"image\" class=\"fg-thumb\"><span class=\"fg-image-wrap\"><img decoding=\"async\" alt=\"Portret Jana Sidora.\" title=\"Portrait of Jan Sidor.\" height=\"300\" width=\"243\" class=\"skip-lazy fg-image\" data-src-fg=\"https:\/\/jzi.org.pl\/wp-content\/uploads\/cache\/2020\/05\/Portret-Jana-Sidora\/3767644679.jpg\" src=\"data:image\/svg+xml,%3Csvg%20xmlns%3D%22http%3A%2F%2Fwww.w3.org%2F2000%2Fsvg%22%20width%3D%22243%22%20height%3D%22300%22%20viewBox%3D%220%200%20243%20300%22%3E%3C%2Fsvg%3E\" loading=\"eager\"><\/span><span class=\"fg-image-overlay\"><\/span><\/a><figcaption class=\"fg-caption\"><div class=\"fg-caption-inner\"><div class=\"fg-caption-title\">Portrait of Jan Sidor.<\/div><\/div><\/figcaption><\/figure><div class=\"fg-loader\"><\/div><\/div><div class=\"fg-item fg-type-image fg-idle\"><figure class=\"fg-item-inner\"><a href=\"https:\/\/jzi.org.pl\/wp-content\/uploads\/2020\/05\/Pomnik-Jana-Sidora-na-cmentarzu-w-Raczkach.jpg\" data-caption-title=\"Pomnik Jana Sidora na cmentarzu w Raczkach.\" data-attachment-id=\"13230\" data-type=\"image\" class=\"fg-thumb\"><span class=\"fg-image-wrap\"><img decoding=\"async\" alt=\"Pomnik Jana Sidora na cmentarzu w Raczkach.\" title=\"Monument to Jan Sidor at the cemetery in Raczki.\" height=\"300\" width=\"225\" class=\"skip-lazy fg-image\" data-src-fg=\"https:\/\/jzi.org.pl\/wp-content\/uploads\/cache\/2020\/05\/Pomnik-Jana-Sidora-na-cmentarzu-w-Raczkach\/1618873021.jpg\" src=\"data:image\/svg+xml,%3Csvg%20xmlns%3D%22http%3A%2F%2Fwww.w3.org%2F2000%2Fsvg%22%20width%3D%22225%22%20height%3D%22300%22%20viewBox%3D%220%200%20225%20300%22%3E%3C%2Fsvg%3E\" loading=\"eager\"><\/span><span class=\"fg-image-overlay\"><\/span><\/a><figcaption class=\"fg-caption\"><div class=\"fg-caption-inner\"><div class=\"fg-caption-title\">Monument to Jan Sidor at the cemetery in Raczki.<\/div><\/div><\/figcaption><\/figure><div class=\"fg-loader\"><\/div><\/div><\/div>","protected":false},"excerpt":{"rendered":"<p>Na zdj\u0119ciach Jan Sidor, syn Franciszka i Antoniny z D\u0105browskich. Urodzony 27 maja 1903 roku we wsi Rudniki w gminie Koniecb\u00f3r, w parafii Raczki. Mieszkaniec osady Raczki gminy Dowspuda, powiatu augustowskiego. Rolnik i urz\u0119dnik. \u017bonaty ze Stanis\u0142aw\u0105 z Siemion\u00f3w z Raczek (c\u00f3rka Paw\u0142a i Franciszki z Bartoszewicz\u00f3w, \u015blub 5 lutego 1929 roku), jedno dziecko- c\u00f3rka [&hellip;]<\/p>\n","protected":false},"author":1,"featured_media":13228,"parent":1223,"menu_order":0,"comment_status":"open","ping_status":"closed","template":"","meta":{"h5ap_radio_sources":[],"jetpack_post_was_ever_published":false,"footnotes":""},"class_list":["post-13232","page","type-page","status-publish","has-post-thumbnail","hentry"],"yoast_head":"<!-- This site is optimized with the Yoast SEO plugin v27.5 - https:\/\/yoast.com\/product\/yoast-seo-wordpress\/ -->\n<title>Jan Sidor - Jami\u0144ski Zesp\u00f3\u0142 Indeksacyjny<\/title>\n<meta name=\"description\" content=\"Jan Sidor, syn Franciszka i Antoniny z D\u0105browskich. Urodzony 27 maja 1903 roku we wsi Rudniki w gminie Koniecb\u00f3r, w parafii Raczki. Mieszkaniec osady Raczki.\" \/>\n<meta name=\"robots\" content=\"index, follow, max-snippet:-1, max-image-preview:large, max-video-preview:-1\" \/>\n<link rel=\"canonical\" href=\"https:\/\/jzi.org.pl\/en\/galerie\/ludzie-stad\/jan-sidor\/\" \/>\n<meta property=\"og:locale\" content=\"en_US\" \/>\n<meta property=\"og:type\" content=\"article\" \/>\n<meta property=\"og:title\" content=\"Jan Sidor\" \/>\n<meta property=\"og:description\" content=\"Jan Sidor, syn Franciszka i Antoniny z D\u0105browskich. Urodzony 27 maja 1903 roku we wsi Rudniki w gminie Koniecb\u00f3r, w parafii Raczki. Mieszkaniec osady Raczki.\" \/>\n<meta property=\"og:url\" content=\"https:\/\/jzi.org.pl\/en\/galerie\/ludzie-stad\/jan-sidor\/\" \/>\n<meta property=\"og:site_name\" content=\"Jami\u0144ski Zesp\u00f3\u0142 Indeksacyjny\" \/>\n<meta property=\"article:publisher\" content=\"https:\/\/www.facebook.com\/Jaminski.Zespol.Indeksacyjny\/\" \/>\n<meta property=\"og:image\" content=\"https:\/\/jzi.org.pl\/wp-content\/uploads\/2020\/05\/Jan-Sidor-1.jpg\" \/>\n\t<meta property=\"og:image:width\" content=\"593\" \/>\n\t<meta property=\"og:image:height\" content=\"960\" \/>\n\t<meta property=\"og:image:type\" content=\"image\/jpeg\" \/>\n<meta name=\"twitter:card\" content=\"summary_large_image\" \/>\n<meta name=\"twitter:label1\" content=\"Est. reading time\" \/>\n\t<meta name=\"twitter:data1\" content=\"2 minutes\" \/>\n<script type=\"application\/ld+json\" class=\"yoast-schema-graph\">{\"@context\":\"https:\\\/\\\/schema.org\",\"@graph\":[{\"@type\":\"WebPage\",\"@id\":\"https:\\\/\\\/jzi.org.pl\\\/en\\\/galerie\\\/ludzie-stad\\\/jan-sidor\\\/\",\"url\":\"https:\\\/\\\/jzi.org.pl\\\/en\\\/galerie\\\/ludzie-stad\\\/jan-sidor\\\/\",\"name\":\"Jan Sidor - Jami\u0144ski Zesp\u00f3\u0142 Indeksacyjny\",\"isPartOf\":{\"@id\":\"https:\\\/\\\/jzi.org.pl\\\/#website\"},\"primaryImageOfPage\":{\"@id\":\"https:\\\/\\\/jzi.org.pl\\\/en\\\/galerie\\\/ludzie-stad\\\/jan-sidor\\\/#primaryimage\"},\"image\":{\"@id\":\"https:\\\/\\\/jzi.org.pl\\\/en\\\/galerie\\\/ludzie-stad\\\/jan-sidor\\\/#primaryimage\"},\"thumbnailUrl\":\"https:\\\/\\\/jzi.org.pl\\\/wp-content\\\/uploads\\\/2020\\\/05\\\/Jan-Sidor-1.jpg\",\"datePublished\":\"2020-05-08T08:43:31+00:00\",\"description\":\"Jan Sidor, syn Franciszka i Antoniny z D\u0105browskich. Urodzony 27 maja 1903 roku we wsi Rudniki w gminie Koniecb\u00f3r, w parafii Raczki. Mieszkaniec osady Raczki.\",\"breadcrumb\":{\"@id\":\"https:\\\/\\\/jzi.org.pl\\\/en\\\/galerie\\\/ludzie-stad\\\/jan-sidor\\\/#breadcrumb\"},\"inLanguage\":\"en-US\",\"potentialAction\":[{\"@type\":\"ReadAction\",\"target\":[\"https:\\\/\\\/jzi.org.pl\\\/en\\\/galerie\\\/ludzie-stad\\\/jan-sidor\\\/\"]}]},{\"@type\":\"ImageObject\",\"inLanguage\":\"en-US\",\"@id\":\"https:\\\/\\\/jzi.org.pl\\\/en\\\/galerie\\\/ludzie-stad\\\/jan-sidor\\\/#primaryimage\",\"url\":\"https:\\\/\\\/jzi.org.pl\\\/wp-content\\\/uploads\\\/2020\\\/05\\\/Jan-Sidor-1.jpg\",\"contentUrl\":\"https:\\\/\\\/jzi.org.pl\\\/wp-content\\\/uploads\\\/2020\\\/05\\\/Jan-Sidor-1.jpg\",\"width\":593,\"height\":960,\"caption\":\"Jan Sidor.\"},{\"@type\":\"BreadcrumbList\",\"@id\":\"https:\\\/\\\/jzi.org.pl\\\/en\\\/galerie\\\/ludzie-stad\\\/jan-sidor\\\/#breadcrumb\",\"itemListElement\":[{\"@type\":\"ListItem\",\"position\":1,\"name\":\"Strona g\u0142\u00f3wna\",\"item\":\"https:\\\/\\\/jzi.org.pl\\\/\"},{\"@type\":\"ListItem\",\"position\":2,\"name\":\"Galerie\",\"item\":\"https:\\\/\\\/jzi.org.pl\\\/galerie\\\/\"},{\"@type\":\"ListItem\",\"position\":3,\"name\":\"Ludzie st\u0105d\",\"item\":\"https:\\\/\\\/jzi.org.pl\\\/galerie\\\/ludzie-stad\\\/\"},{\"@type\":\"ListItem\",\"position\":4,\"name\":\"Jan Sidor\"}]},{\"@type\":\"WebSite\",\"@id\":\"https:\\\/\\\/jzi.org.pl\\\/#website\",\"url\":\"https:\\\/\\\/jzi.org.pl\\\/\",\"name\":\"Jami\u0144ski Zesp\u00f3\u0142 Indeksacyjny\",\"description\":\"\",\"publisher\":{\"@id\":\"https:\\\/\\\/jzi.org.pl\\\/#organization\"},\"potentialAction\":[{\"@type\":\"SearchAction\",\"target\":{\"@type\":\"EntryPoint\",\"urlTemplate\":\"https:\\\/\\\/jzi.org.pl\\\/?s={search_term_string}\"},\"query-input\":{\"@type\":\"PropertyValueSpecification\",\"valueRequired\":true,\"valueName\":\"search_term_string\"}}],\"inLanguage\":\"en-US\"},{\"@type\":\"Organization\",\"@id\":\"https:\\\/\\\/jzi.org.pl\\\/#organization\",\"name\":\"Jami\u0144ski Zesp\u00f3\u0142 Indeksacyjny\",\"url\":\"https:\\\/\\\/jzi.org.pl\\\/\",\"logo\":{\"@type\":\"ImageObject\",\"inLanguage\":\"en-US\",\"@id\":\"https:\\\/\\\/jzi.org.pl\\\/#\\\/schema\\\/logo\\\/image\\\/\",\"url\":\"https:\\\/\\\/jzi.org.pl\\\/wp-content\\\/uploads\\\/2019\\\/03\\\/logo-stowarzyszenie-jzi.png\",\"contentUrl\":\"https:\\\/\\\/jzi.org.pl\\\/wp-content\\\/uploads\\\/2019\\\/03\\\/logo-stowarzyszenie-jzi.png\",\"width\":931,\"height\":990,\"caption\":\"Jami\u0144ski Zesp\u00f3\u0142 Indeksacyjny\"},\"image\":{\"@id\":\"https:\\\/\\\/jzi.org.pl\\\/#\\\/schema\\\/logo\\\/image\\\/\"},\"sameAs\":[\"https:\\\/\\\/www.facebook.com\\\/Jaminski.Zespol.Indeksacyjny\\\/\"]}]}<\/script>\n<!-- \/ Yoast SEO plugin. -->","yoast_head_json":{"title":"Jan Sidor - Jami\u0144ski Zesp\u00f3\u0142 Indeksacyjny","description":"Jan Sidor, syn Franciszka i Antoniny z D\u0105browskich. Urodzony 27 maja 1903 roku we wsi Rudniki w gminie Koniecb\u00f3r, w parafii Raczki. Mieszkaniec osady Raczki.","robots":{"index":"index","follow":"follow","max-snippet":"max-snippet:-1","max-image-preview":"max-image-preview:large","max-video-preview":"max-video-preview:-1"},"canonical":"https:\/\/jzi.org.pl\/en\/galerie\/ludzie-stad\/jan-sidor\/","og_locale":"en_US","og_type":"article","og_title":"Jan Sidor","og_description":"Jan Sidor, syn Franciszka i Antoniny z D\u0105browskich. Urodzony 27 maja 1903 roku we wsi Rudniki w gminie Koniecb\u00f3r, w parafii Raczki. Mieszkaniec osady Raczki.","og_url":"https:\/\/jzi.org.pl\/en\/galerie\/ludzie-stad\/jan-sidor\/","og_site_name":"Jami\u0144ski Zesp\u00f3\u0142 Indeksacyjny","article_publisher":"https:\/\/www.facebook.com\/Jaminski.Zespol.Indeksacyjny\/","og_image":[{"width":593,"height":960,"url":"https:\/\/jzi.org.pl\/wp-content\/uploads\/2020\/05\/Jan-Sidor-1.jpg","type":"image\/jpeg"}],"twitter_card":"summary_large_image","twitter_misc":{"Est. reading time":"2 minutes"},"schema":{"@context":"https:\/\/schema.org","@graph":[{"@type":"WebPage","@id":"https:\/\/jzi.org.pl\/en\/galerie\/ludzie-stad\/jan-sidor\/","url":"https:\/\/jzi.org.pl\/en\/galerie\/ludzie-stad\/jan-sidor\/","name":"Jan Sidor - Jami\u0144ski Zesp\u00f3\u0142 Indeksacyjny","isPartOf":{"@id":"https:\/\/jzi.org.pl\/#website"},"primaryImageOfPage":{"@id":"https:\/\/jzi.org.pl\/en\/galerie\/ludzie-stad\/jan-sidor\/#primaryimage"},"image":{"@id":"https:\/\/jzi.org.pl\/en\/galerie\/ludzie-stad\/jan-sidor\/#primaryimage"},"thumbnailUrl":"https:\/\/jzi.org.pl\/wp-content\/uploads\/2020\/05\/Jan-Sidor-1.jpg","datePublished":"2020-05-08T08:43:31+00:00","description":"Jan Sidor, syn Franciszka i Antoniny z D\u0105browskich. Urodzony 27 maja 1903 roku we wsi Rudniki w gminie Koniecb\u00f3r, w parafii Raczki. Mieszkaniec osady Raczki.","breadcrumb":{"@id":"https:\/\/jzi.org.pl\/en\/galerie\/ludzie-stad\/jan-sidor\/#breadcrumb"},"inLanguage":"en-US","potentialAction":[{"@type":"ReadAction","target":["https:\/\/jzi.org.pl\/en\/galerie\/ludzie-stad\/jan-sidor\/"]}]},{"@type":"ImageObject","inLanguage":"en-US","@id":"https:\/\/jzi.org.pl\/en\/galerie\/ludzie-stad\/jan-sidor\/#primaryimage","url":"https:\/\/jzi.org.pl\/wp-content\/uploads\/2020\/05\/Jan-Sidor-1.jpg","contentUrl":"https:\/\/jzi.org.pl\/wp-content\/uploads\/2020\/05\/Jan-Sidor-1.jpg","width":593,"height":960,"caption":"Jan Sidor."},{"@type":"BreadcrumbList","@id":"https:\/\/jzi.org.pl\/en\/galerie\/ludzie-stad\/jan-sidor\/#breadcrumb","itemListElement":[{"@type":"ListItem","position":1,"name":"Strona g\u0142\u00f3wna","item":"https:\/\/jzi.org.pl\/"},{"@type":"ListItem","position":2,"name":"Galerie","item":"https:\/\/jzi.org.pl\/galerie\/"},{"@type":"ListItem","position":3,"name":"Ludzie st\u0105d","item":"https:\/\/jzi.org.pl\/galerie\/ludzie-stad\/"},{"@type":"ListItem","position":4,"name":"Jan Sidor"}]},{"@type":"WebSite","@id":"https:\/\/jzi.org.pl\/#website","url":"https:\/\/jzi.org.pl\/","name":"Jaminy Indexing Team","description":"","publisher":{"@id":"https:\/\/jzi.org.pl\/#organization"},"potentialAction":[{"@type":"SearchAction","target":{"@type":"EntryPoint","urlTemplate":"https:\/\/jzi.org.pl\/?s={search_term_string}"},"query-input":{"@type":"PropertyValueSpecification","valueRequired":true,"valueName":"search_term_string"}}],"inLanguage":"en-US"},{"@type":"Organization","@id":"https:\/\/jzi.org.pl\/#organization","name":"Jaminy Indexing Team","url":"https:\/\/jzi.org.pl\/","logo":{"@type":"ImageObject","inLanguage":"en-US","@id":"https:\/\/jzi.org.pl\/#\/schema\/logo\/image\/","url":"https:\/\/jzi.org.pl\/wp-content\/uploads\/2019\/03\/logo-stowarzyszenie-jzi.png","contentUrl":"https:\/\/jzi.org.pl\/wp-content\/uploads\/2019\/03\/logo-stowarzyszenie-jzi.png","width":931,"height":990,"caption":"Jami\u0144ski Zesp\u00f3\u0142 Indeksacyjny"},"image":{"@id":"https:\/\/jzi.org.pl\/#\/schema\/logo\/image\/"},"sameAs":["https:\/\/www.facebook.com\/Jaminski.Zespol.Indeksacyjny\/"]}]}},"jetpack_likes_enabled":true,"jetpack_sharing_enabled":true,"_links":{"self":[{"href":"https:\/\/jzi.org.pl\/en\/wp-json\/wp\/v2\/pages\/13232","targetHints":{"allow":["GET"]}}],"collection":[{"href":"https:\/\/jzi.org.pl\/en\/wp-json\/wp\/v2\/pages"}],"about":[{"href":"https:\/\/jzi.org.pl\/en\/wp-json\/wp\/v2\/types\/page"}],"author":[{"embeddable":true,"href":"https:\/\/jzi.org.pl\/en\/wp-json\/wp\/v2\/users\/1"}],"replies":[{"embeddable":true,"href":"https:\/\/jzi.org.pl\/en\/wp-json\/wp\/v2\/comments?post=13232"}],"version-history":[{"count":0,"href":"https:\/\/jzi.org.pl\/en\/wp-json\/wp\/v2\/pages\/13232\/revisions"}],"up":[{"embeddable":true,"href":"https:\/\/jzi.org.pl\/en\/wp-json\/wp\/v2\/pages\/1223"}],"wp:featuredmedia":[{"embeddable":true,"href":"https:\/\/jzi.org.pl\/en\/wp-json\/wp\/v2\/media\/13228"}],"wp:attachment":[{"href":"https:\/\/jzi.org.pl\/en\/wp-json\/wp\/v2\/media?parent=13232"}],"curies":[{"name":"wp","href":"https:\/\/api.w.org\/{rel}","templated":true}]}}