{"id":13185,"date":"2020-05-08T07:30:26","date_gmt":"2020-05-08T05:30:26","guid":{"rendered":"https:\/\/jzi.org.pl\/?page_id=13185"},"modified":"2020-05-08T07:33:08","modified_gmt":"2020-05-08T05:33:08","slug":"dr-med-antoni-edmund-stanislaw-bohdanowicz","status":"publish","type":"page","link":"https:\/\/jzi.org.pl\/en\/galerie\/ludzie-stad\/dr-med-antoni-edmund-stanislaw-bohdanowicz\/","title":{"rendered":"dr. med. Antoni Edmund Stanis\u0142aw Bohdanowicz"},"content":{"rendered":"<p><span class=\"_50f4\">Dr. of medicine Antoni Bohdanowicz, son of Teofil (Snuff Guard) and Anastazja Mocarska, born in Jaziewo near August\u00f3w on November 4, 1858. After leaving the Kingdom of Poland, he began medical studies in France. His specialty was urology. In 1892 he married the painter Anna Bili\u0144ska (1856-1893), who is buried in Pow\u0105zki Cemetery, where according to family tradition Antoni was also buried (no inscription). After the death of his wife, Antoni Bohdanowicz worked as a doctor in Mexico, in Biarritz, and from 1901 in Nice. During the war he served French Army, and then in the Army of General Haller. After World War I, he worked in several places in Poland. He became the Chief Physician of the Central Zborna Station in Krak\u00f3w, later he worked in \u0141om\u017ca, and then in Sieradz and Maciejowice, he died in Warsaw on November 28, 1928. Antoni Bohdanowicz published several books: \"For The Sick And The Healthy\" Warszawa 1902, memories from Mexico \"In The Hospital\", \"B\u0142\u0119dny ognik\", \"Memories From Mexico\", Warsaw 1902 and \"Anna Bili\u0144ska according to her journal, letters and press reviews.\" Warsaw 1928 by his own publishing house.<\/span><\/p>\n<style type=\"text\/css\">\n#foogallery-gallery-1222.fg-masonry { --fg-gutter: 10px; }<\/style>\n\t\t\t<div class=\"foogallery foogallery-container foogallery-masonry foogallery-lightbox-none fg-center fg-masonry fg-ready fg-light fg-border-thin fg-shadow-outline fg-loading-default fg-loaded-fade-in fg-hover-scale fg-caption-hover fg-hover-fade fg-hover-zoom fg-col3\" id=\"foogallery-gallery-1222\" data-foogallery=\"{&quot;item&quot;:{&quot;showCaptionTitle&quot;:true,&quot;showCaptionDescription&quot;:true},&quot;lazy&quot;:true}\" style=\"--fg-title-line-clamp: 0; --fg-description-line-clamp: 0;\" >\n\t\t<div class=\"fg-column-width\"><\/div>\n\t<div class=\"fg-gutter-width\"><\/div>\n\t\t<div class=\"fg-item fg-type-image fg-idle\"><figure class=\"fg-item-inner\"><a href=\"https:\/\/jzi.org.pl\/wp-content\/uploads\/2017\/07\/941003_1101444819868791_6093803656301896349_n.jpg\" data-attachment-id=\"1215\" data-type=\"image\" class=\"fg-thumb\"><span class=\"fg-image-wrap\"><img fetchpriority=\"high\" decoding=\"async\" width=\"300\" height=\"404\" class=\"skip-lazy fg-image\" data-src-fg=\"https:\/\/jzi.org.pl\/wp-content\/uploads\/cache\/2017\/07\/941003_1101444819868791_6093803656301896349_n\/4173177069.jpg\" src=\"data:image\/svg+xml,%3Csvg%20xmlns%3D%22http%3A%2F%2Fwww.w3.org%2F2000%2Fsvg%22%20width%3D%22300%22%20height%3D%22404%22%20viewBox%3D%220%200%20300%20404%22%3E%3C%2Fsvg%3E\" alt=\"Dr. Antoni Bohdanowicz, lata 20 XX wieku\" loading=\"eager\"><\/span><span class=\"fg-image-overlay\"><\/span><\/a><\/figure><div class=\"fg-loader\"><\/div><\/div><div class=\"fg-item fg-type-image fg-idle\"><figure class=\"fg-item-inner\"><a href=\"https:\/\/jzi.org.pl\/wp-content\/uploads\/2017\/07\/1909727_1101444823202124_4834185436723274375_n.jpg\" data-attachment-id=\"1216\" data-type=\"image\" class=\"fg-thumb\"><span class=\"fg-image-wrap\"><img decoding=\"async\" width=\"300\" height=\"515.05376344086\" class=\"skip-lazy fg-image\" data-src-fg=\"https:\/\/jzi.org.pl\/wp-content\/uploads\/2017\/07\/1909727_1101444823202124_4834185436723274375_n.jpg\" src=\"data:image\/svg+xml,%3Csvg%20xmlns%3D%22http%3A%2F%2Fwww.w3.org%2F2000%2Fsvg%22%20width%3D%22300%22%20height%3D%22515.05376344086%22%20viewBox%3D%220%200%20300%20515.05376344086%22%3E%3C%2Fsvg%3E\" alt=\"W armi francuskiej, I wojna \u015bwiatowa\" loading=\"eager\"><\/span><span class=\"fg-image-overlay\"><\/span><\/a><\/figure><div class=\"fg-loader\"><\/div><\/div><div class=\"fg-item fg-type-image fg-idle\"><figure class=\"fg-item-inner\"><a href=\"https:\/\/jzi.org.pl\/wp-content\/uploads\/2017\/07\/12401815_1101445296535410_8391964220591640918_o.jpg\" data-attachment-id=\"1217\" data-type=\"image\" class=\"fg-thumb\"><span class=\"fg-image-wrap\"><img decoding=\"async\" width=\"300\" height=\"252\" class=\"skip-lazy fg-image\" data-src-fg=\"https:\/\/jzi.org.pl\/wp-content\/uploads\/cache\/2017\/07\/12401815_1101445296535410_8391964220591640918_o\/2619467246.jpg\" src=\"data:image\/svg+xml,%3Csvg%20xmlns%3D%22http%3A%2F%2Fwww.w3.org%2F2000%2Fsvg%22%20width%3D%22300%22%20height%3D%22252%22%20viewBox%3D%220%200%20300%20252%22%3E%3C%2Fsvg%3E\" alt=\"Artyku\u0142 w Kalendarzu Polskim z 1901 roku 1\/2\" loading=\"eager\"><\/span><span class=\"fg-image-overlay\"><\/span><\/a><\/figure><div class=\"fg-loader\"><\/div><\/div><div class=\"fg-item fg-type-image fg-idle\"><figure class=\"fg-item-inner\"><a href=\"https:\/\/jzi.org.pl\/wp-content\/uploads\/2017\/07\/10644666_1101445389868734_5433973823378169291_o.jpg\" data-attachment-id=\"1220\" data-type=\"image\" class=\"fg-thumb\"><span class=\"fg-image-wrap\"><img decoding=\"async\" width=\"300\" height=\"583\" class=\"skip-lazy fg-image\" data-src-fg=\"https:\/\/jzi.org.pl\/wp-content\/uploads\/cache\/2017\/07\/10644666_1101445389868734_5433973823378169291_o\/792118439.jpg\" src=\"data:image\/svg+xml,%3Csvg%20xmlns%3D%22http%3A%2F%2Fwww.w3.org%2F2000%2Fsvg%22%20width%3D%22300%22%20height%3D%22583%22%20viewBox%3D%220%200%20300%20583%22%3E%3C%2Fsvg%3E\" alt=\"Artyku\u0142 w Kalendarzu Polskim z 1901 roku 2\/2\" loading=\"eager\"><\/span><span class=\"fg-image-overlay\"><\/span><\/a><\/figure><div class=\"fg-loader\"><\/div><\/div><div class=\"fg-item fg-type-image fg-idle\"><figure class=\"fg-item-inner\"><a href=\"https:\/\/jzi.org.pl\/wp-content\/uploads\/2017\/07\/12401701_1101445616535378_52404595195069845_o.jpg\" data-attachment-id=\"1221\" data-type=\"image\" class=\"fg-thumb\"><span class=\"fg-image-wrap\"><img decoding=\"async\" title=\"Akt urodzenia z parafii Jaminy\" width=\"300\" height=\"222\" class=\"skip-lazy fg-image\" data-src-fg=\"https:\/\/jzi.org.pl\/wp-content\/uploads\/cache\/2017\/07\/12401701_1101445616535378_52404595195069845_o\/1412995707.jpg\" src=\"data:image\/svg+xml,%3Csvg%20xmlns%3D%22http%3A%2F%2Fwww.w3.org%2F2000%2Fsvg%22%20width%3D%22300%22%20height%3D%22222%22%20viewBox%3D%220%200%20300%20222%22%3E%3C%2Fsvg%3E\" alt=\"Akt urodzenia z parafii Jaminy\" loading=\"eager\"><\/span><span class=\"fg-image-overlay\"><\/span><\/a><figcaption class=\"fg-caption\"><div class=\"fg-caption-inner\"><div class=\"fg-caption-title\">Akt urodzenia z parafii Jaminy<\/div><div class=\"fg-caption-desc\">Akt urodzenia z parafii Jaminy<\/div><\/div><\/figcaption><\/figure><div class=\"fg-loader\"><\/div><\/div><div class=\"fg-item fg-type-image fg-idle\"><figure class=\"fg-item-inner\"><a href=\"https:\/\/jzi.org.pl\/wp-content\/uploads\/2017\/07\/10556934_1101445473202059_4063563595821312873_o.jpg\" data-attachment-id=\"1219\" data-type=\"image\" class=\"fg-thumb\"><span class=\"fg-image-wrap\"><img decoding=\"async\" width=\"300\" height=\"106\" class=\"skip-lazy fg-image\" data-src-fg=\"https:\/\/jzi.org.pl\/wp-content\/uploads\/cache\/2017\/07\/10556934_1101445473202059_4063563595821312873_o\/673580198.jpg\" src=\"data:image\/svg+xml,%3Csvg%20xmlns%3D%22http%3A%2F%2Fwww.w3.org%2F2000%2Fsvg%22%20width%3D%22300%22%20height%3D%22106%22%20viewBox%3D%220%200%20300%20106%22%3E%3C%2Fsvg%3E\" alt=\"Nekrolog z Kuriera Warszawskiego 1928 rok\" loading=\"eager\"><\/span><span class=\"fg-image-overlay\"><\/span><\/a><\/figure><div class=\"fg-loader\"><\/div><\/div><div class=\"fg-item fg-type-image fg-idle\"><figure class=\"fg-item-inner\"><a href=\"https:\/\/jzi.org.pl\/wp-content\/uploads\/2017\/07\/10389963_1101444903202116_4783860666520789447_n.jpg\" data-attachment-id=\"1218\" data-type=\"image\" class=\"fg-thumb\"><span class=\"fg-image-wrap\"><img decoding=\"async\" width=\"300\" height=\"400\" class=\"skip-lazy fg-image\" data-src-fg=\"https:\/\/jzi.org.pl\/wp-content\/uploads\/cache\/2017\/07\/10389963_1101444903202116_4783860666520789447_n\/3774182776.jpg\" src=\"data:image\/svg+xml,%3Csvg%20xmlns%3D%22http%3A%2F%2Fwww.w3.org%2F2000%2Fsvg%22%20width%3D%22300%22%20height%3D%22400%22%20viewBox%3D%220%200%20300%20400%22%3E%3C%2Fsvg%3E\" alt=\"Nagrobek \u017cony doktora,  Anny Bohdanowicz z Bili\u0144skich na Pow\u0105zkach, prawdopodobnie tu le\u017cy r\u00f3wnie\u017c Antoni Bohdanowicz\" loading=\"eager\"><\/span><span class=\"fg-image-overlay\"><\/span><\/a><\/figure><div class=\"fg-loader\"><\/div><\/div><\/div>\n<p>\u00a0<\/p>\n<p>\u00a0<\/p>","protected":false},"excerpt":{"rendered":"<p>Dr. medycyny Antoni Bohdanowicz, syn Teofila (Stra\u017cnika Tabacznego) i Anastazji Mocarskiej, ur. w Jaziewie k. Augustowa 4 listopada 1858 r. Po wyje\u017adzie z Kr\u00f3lestwa Polskiego rozpocz\u0105\u0142 studia medyczne we Francji. Jego specjalno\u015bci\u0105 by\u0142a urologia. W 1892 r. po\u015blubi\u0142 malark\u0119 Ann\u0119 Bili\u0144sk\u0105 (1856-1893), pochowan\u0105 na cm. Pow\u0105zkowskim, gdzie wg tradycji rodzinnej mia\u0142 te\u017c by\u0107 pochowany Antoni [&hellip;]<\/p>\n","protected":false},"author":1,"featured_media":1215,"parent":1223,"menu_order":0,"comment_status":"open","ping_status":"closed","template":"","meta":{"h5ap_radio_sources":[],"jetpack_post_was_ever_published":false,"footnotes":""},"class_list":["post-13185","page","type-page","status-publish","has-post-thumbnail","hentry"],"yoast_head":"<!-- This site is optimized with the Yoast SEO plugin v27.5 - https:\/\/yoast.com\/product\/yoast-seo-wordpress\/ -->\n<title>dr. med. Antoni Edmund Stanis\u0142aw Bohdanowicz - Jami\u0144ski Zesp\u00f3\u0142 Indeksacyjny<\/title>\n<meta name=\"description\" content=\"Antoni Bohdanowicz, ur. w Jaziewie 4-11-1858 r. Po wyje\u017adzie z Kr\u00f3lestwa Polskiego rozpocz\u0105\u0142 studia medyczne we Francji. Jego specjalno\u015bci\u0105 by\u0142a urologia.\" \/>\n<meta name=\"robots\" content=\"index, follow, max-snippet:-1, max-image-preview:large, max-video-preview:-1\" \/>\n<link rel=\"canonical\" href=\"https:\/\/jzi.org.pl\/en\/galerie\/ludzie-stad\/dr-med-antoni-edmund-stanislaw-bohdanowicz\/\" \/>\n<meta property=\"og:locale\" content=\"en_US\" \/>\n<meta property=\"og:type\" content=\"article\" \/>\n<meta property=\"og:title\" content=\"dr. med. Antoni Edmund Stanis\u0142aw Bohdanowicz\" \/>\n<meta property=\"og:description\" content=\"Antoni Bohdanowicz, ur. w Jaziewie 4-11-1858 r. Po wyje\u017adzie z Kr\u00f3lestwa Polskiego rozpocz\u0105\u0142 studia medyczne we Francji. Jego specjalno\u015bci\u0105 by\u0142a urologia.\" \/>\n<meta property=\"og:url\" content=\"https:\/\/jzi.org.pl\/en\/galerie\/ludzie-stad\/dr-med-antoni-edmund-stanislaw-bohdanowicz\/\" \/>\n<meta property=\"og:site_name\" content=\"Jami\u0144ski Zesp\u00f3\u0142 Indeksacyjny\" \/>\n<meta property=\"article:publisher\" content=\"https:\/\/www.facebook.com\/Jaminski.Zespol.Indeksacyjny\/\" \/>\n<meta property=\"article:modified_time\" content=\"2020-05-08T05:33:08+00:00\" \/>\n<meta property=\"og:image\" content=\"https:\/\/jzi.org.pl\/wp-content\/uploads\/2017\/07\/941003_1101444819868791_6093803656301896349_n.jpg\" \/>\n\t<meta property=\"og:image:width\" content=\"457\" \/>\n\t<meta property=\"og:image:height\" content=\"615\" \/>\n\t<meta property=\"og:image:type\" content=\"image\/jpeg\" \/>\n<meta name=\"twitter:card\" content=\"summary_large_image\" \/>\n<meta name=\"twitter:label1\" content=\"Est. reading time\" \/>\n\t<meta name=\"twitter:data1\" content=\"1 minute\" \/>\n<script type=\"application\/ld+json\" class=\"yoast-schema-graph\">{\"@context\":\"https:\\\/\\\/schema.org\",\"@graph\":[{\"@type\":\"WebPage\",\"@id\":\"https:\\\/\\\/jzi.org.pl\\\/galerie\\\/ludzie-stad\\\/dr-med-antoni-edmund-stanislaw-bohdanowicz\\\/\",\"url\":\"https:\\\/\\\/jzi.org.pl\\\/galerie\\\/ludzie-stad\\\/dr-med-antoni-edmund-stanislaw-bohdanowicz\\\/\",\"name\":\"dr. med. Antoni Edmund Stanis\u0142aw Bohdanowicz - Jami\u0144ski Zesp\u00f3\u0142 Indeksacyjny\",\"isPartOf\":{\"@id\":\"https:\\\/\\\/jzi.org.pl\\\/#website\"},\"primaryImageOfPage\":{\"@id\":\"https:\\\/\\\/jzi.org.pl\\\/galerie\\\/ludzie-stad\\\/dr-med-antoni-edmund-stanislaw-bohdanowicz\\\/#primaryimage\"},\"image\":{\"@id\":\"https:\\\/\\\/jzi.org.pl\\\/galerie\\\/ludzie-stad\\\/dr-med-antoni-edmund-stanislaw-bohdanowicz\\\/#primaryimage\"},\"thumbnailUrl\":\"https:\\\/\\\/jzi.org.pl\\\/wp-content\\\/uploads\\\/2017\\\/07\\\/941003_1101444819868791_6093803656301896349_n.jpg\",\"datePublished\":\"2020-05-08T05:30:26+00:00\",\"dateModified\":\"2020-05-08T05:33:08+00:00\",\"description\":\"Antoni Bohdanowicz, ur. w Jaziewie 4-11-1858 r. Po wyje\u017adzie z Kr\u00f3lestwa Polskiego rozpocz\u0105\u0142 studia medyczne we Francji. Jego specjalno\u015bci\u0105 by\u0142a urologia.\",\"breadcrumb\":{\"@id\":\"https:\\\/\\\/jzi.org.pl\\\/galerie\\\/ludzie-stad\\\/dr-med-antoni-edmund-stanislaw-bohdanowicz\\\/#breadcrumb\"},\"inLanguage\":\"en-US\",\"potentialAction\":[{\"@type\":\"ReadAction\",\"target\":[\"https:\\\/\\\/jzi.org.pl\\\/galerie\\\/ludzie-stad\\\/dr-med-antoni-edmund-stanislaw-bohdanowicz\\\/\"]}]},{\"@type\":\"ImageObject\",\"inLanguage\":\"en-US\",\"@id\":\"https:\\\/\\\/jzi.org.pl\\\/galerie\\\/ludzie-stad\\\/dr-med-antoni-edmund-stanislaw-bohdanowicz\\\/#primaryimage\",\"url\":\"https:\\\/\\\/jzi.org.pl\\\/wp-content\\\/uploads\\\/2017\\\/07\\\/941003_1101444819868791_6093803656301896349_n.jpg\",\"contentUrl\":\"https:\\\/\\\/jzi.org.pl\\\/wp-content\\\/uploads\\\/2017\\\/07\\\/941003_1101444819868791_6093803656301896349_n.jpg\",\"width\":457,\"height\":615},{\"@type\":\"BreadcrumbList\",\"@id\":\"https:\\\/\\\/jzi.org.pl\\\/galerie\\\/ludzie-stad\\\/dr-med-antoni-edmund-stanislaw-bohdanowicz\\\/#breadcrumb\",\"itemListElement\":[{\"@type\":\"ListItem\",\"position\":1,\"name\":\"Strona g\u0142\u00f3wna\",\"item\":\"https:\\\/\\\/jzi.org.pl\\\/\"},{\"@type\":\"ListItem\",\"position\":2,\"name\":\"Galerie\",\"item\":\"https:\\\/\\\/jzi.org.pl\\\/galerie\\\/\"},{\"@type\":\"ListItem\",\"position\":3,\"name\":\"Ludzie st\u0105d\",\"item\":\"https:\\\/\\\/jzi.org.pl\\\/galerie\\\/ludzie-stad\\\/\"},{\"@type\":\"ListItem\",\"position\":4,\"name\":\"dr. med. Antoni Edmund Stanis\u0142aw Bohdanowicz\"}]},{\"@type\":\"WebSite\",\"@id\":\"https:\\\/\\\/jzi.org.pl\\\/#website\",\"url\":\"https:\\\/\\\/jzi.org.pl\\\/\",\"name\":\"Jami\u0144ski Zesp\u00f3\u0142 Indeksacyjny\",\"description\":\"\",\"publisher\":{\"@id\":\"https:\\\/\\\/jzi.org.pl\\\/#organization\"},\"potentialAction\":[{\"@type\":\"SearchAction\",\"target\":{\"@type\":\"EntryPoint\",\"urlTemplate\":\"https:\\\/\\\/jzi.org.pl\\\/?s={search_term_string}\"},\"query-input\":{\"@type\":\"PropertyValueSpecification\",\"valueRequired\":true,\"valueName\":\"search_term_string\"}}],\"inLanguage\":\"en-US\"},{\"@type\":\"Organization\",\"@id\":\"https:\\\/\\\/jzi.org.pl\\\/#organization\",\"name\":\"Jami\u0144ski Zesp\u00f3\u0142 Indeksacyjny\",\"url\":\"https:\\\/\\\/jzi.org.pl\\\/\",\"logo\":{\"@type\":\"ImageObject\",\"inLanguage\":\"en-US\",\"@id\":\"https:\\\/\\\/jzi.org.pl\\\/#\\\/schema\\\/logo\\\/image\\\/\",\"url\":\"https:\\\/\\\/jzi.org.pl\\\/wp-content\\\/uploads\\\/2019\\\/03\\\/logo-stowarzyszenie-jzi.png\",\"contentUrl\":\"https:\\\/\\\/jzi.org.pl\\\/wp-content\\\/uploads\\\/2019\\\/03\\\/logo-stowarzyszenie-jzi.png\",\"width\":931,\"height\":990,\"caption\":\"Jami\u0144ski Zesp\u00f3\u0142 Indeksacyjny\"},\"image\":{\"@id\":\"https:\\\/\\\/jzi.org.pl\\\/#\\\/schema\\\/logo\\\/image\\\/\"},\"sameAs\":[\"https:\\\/\\\/www.facebook.com\\\/Jaminski.Zespol.Indeksacyjny\\\/\"]}]}<\/script>\n<!-- \/ Yoast SEO plugin. -->","yoast_head_json":{"title":"dr. med. Antoni Edmund Stanis\u0142aw Bohdanowicz - Jami\u0144ski Zesp\u00f3\u0142 Indeksacyjny","description":"Antoni Bohdanowicz, ur. w Jaziewie 4-11-1858 r. Po wyje\u017adzie z Kr\u00f3lestwa Polskiego rozpocz\u0105\u0142 studia medyczne we Francji. Jego specjalno\u015bci\u0105 by\u0142a urologia.","robots":{"index":"index","follow":"follow","max-snippet":"max-snippet:-1","max-image-preview":"max-image-preview:large","max-video-preview":"max-video-preview:-1"},"canonical":"https:\/\/jzi.org.pl\/en\/galerie\/ludzie-stad\/dr-med-antoni-edmund-stanislaw-bohdanowicz\/","og_locale":"en_US","og_type":"article","og_title":"dr. med. Antoni Edmund Stanis\u0142aw Bohdanowicz","og_description":"Antoni Bohdanowicz, ur. w Jaziewie 4-11-1858 r. Po wyje\u017adzie z Kr\u00f3lestwa Polskiego rozpocz\u0105\u0142 studia medyczne we Francji. Jego specjalno\u015bci\u0105 by\u0142a urologia.","og_url":"https:\/\/jzi.org.pl\/en\/galerie\/ludzie-stad\/dr-med-antoni-edmund-stanislaw-bohdanowicz\/","og_site_name":"Jami\u0144ski Zesp\u00f3\u0142 Indeksacyjny","article_publisher":"https:\/\/www.facebook.com\/Jaminski.Zespol.Indeksacyjny\/","article_modified_time":"2020-05-08T05:33:08+00:00","og_image":[{"width":457,"height":615,"url":"https:\/\/jzi.org.pl\/wp-content\/uploads\/2017\/07\/941003_1101444819868791_6093803656301896349_n.jpg","type":"image\/jpeg"}],"twitter_card":"summary_large_image","twitter_misc":{"Est. reading time":"1 minute"},"schema":{"@context":"https:\/\/schema.org","@graph":[{"@type":"WebPage","@id":"https:\/\/jzi.org.pl\/galerie\/ludzie-stad\/dr-med-antoni-edmund-stanislaw-bohdanowicz\/","url":"https:\/\/jzi.org.pl\/galerie\/ludzie-stad\/dr-med-antoni-edmund-stanislaw-bohdanowicz\/","name":"dr. med. Antoni Edmund Stanis\u0142aw Bohdanowicz - Jami\u0144ski Zesp\u00f3\u0142 Indeksacyjny","isPartOf":{"@id":"https:\/\/jzi.org.pl\/#website"},"primaryImageOfPage":{"@id":"https:\/\/jzi.org.pl\/galerie\/ludzie-stad\/dr-med-antoni-edmund-stanislaw-bohdanowicz\/#primaryimage"},"image":{"@id":"https:\/\/jzi.org.pl\/galerie\/ludzie-stad\/dr-med-antoni-edmund-stanislaw-bohdanowicz\/#primaryimage"},"thumbnailUrl":"https:\/\/jzi.org.pl\/wp-content\/uploads\/2017\/07\/941003_1101444819868791_6093803656301896349_n.jpg","datePublished":"2020-05-08T05:30:26+00:00","dateModified":"2020-05-08T05:33:08+00:00","description":"Antoni Bohdanowicz, ur. w Jaziewie 4-11-1858 r. Po wyje\u017adzie z Kr\u00f3lestwa Polskiego rozpocz\u0105\u0142 studia medyczne we Francji. Jego specjalno\u015bci\u0105 by\u0142a urologia.","breadcrumb":{"@id":"https:\/\/jzi.org.pl\/galerie\/ludzie-stad\/dr-med-antoni-edmund-stanislaw-bohdanowicz\/#breadcrumb"},"inLanguage":"en-US","potentialAction":[{"@type":"ReadAction","target":["https:\/\/jzi.org.pl\/galerie\/ludzie-stad\/dr-med-antoni-edmund-stanislaw-bohdanowicz\/"]}]},{"@type":"ImageObject","inLanguage":"en-US","@id":"https:\/\/jzi.org.pl\/galerie\/ludzie-stad\/dr-med-antoni-edmund-stanislaw-bohdanowicz\/#primaryimage","url":"https:\/\/jzi.org.pl\/wp-content\/uploads\/2017\/07\/941003_1101444819868791_6093803656301896349_n.jpg","contentUrl":"https:\/\/jzi.org.pl\/wp-content\/uploads\/2017\/07\/941003_1101444819868791_6093803656301896349_n.jpg","width":457,"height":615},{"@type":"BreadcrumbList","@id":"https:\/\/jzi.org.pl\/galerie\/ludzie-stad\/dr-med-antoni-edmund-stanislaw-bohdanowicz\/#breadcrumb","itemListElement":[{"@type":"ListItem","position":1,"name":"Strona g\u0142\u00f3wna","item":"https:\/\/jzi.org.pl\/"},{"@type":"ListItem","position":2,"name":"Galerie","item":"https:\/\/jzi.org.pl\/galerie\/"},{"@type":"ListItem","position":3,"name":"Ludzie st\u0105d","item":"https:\/\/jzi.org.pl\/galerie\/ludzie-stad\/"},{"@type":"ListItem","position":4,"name":"dr. med. Antoni Edmund Stanis\u0142aw Bohdanowicz"}]},{"@type":"WebSite","@id":"https:\/\/jzi.org.pl\/#website","url":"https:\/\/jzi.org.pl\/","name":"Jaminy Indexing Team","description":"","publisher":{"@id":"https:\/\/jzi.org.pl\/#organization"},"potentialAction":[{"@type":"SearchAction","target":{"@type":"EntryPoint","urlTemplate":"https:\/\/jzi.org.pl\/?s={search_term_string}"},"query-input":{"@type":"PropertyValueSpecification","valueRequired":true,"valueName":"search_term_string"}}],"inLanguage":"en-US"},{"@type":"Organization","@id":"https:\/\/jzi.org.pl\/#organization","name":"Jaminy Indexing Team","url":"https:\/\/jzi.org.pl\/","logo":{"@type":"ImageObject","inLanguage":"en-US","@id":"https:\/\/jzi.org.pl\/#\/schema\/logo\/image\/","url":"https:\/\/jzi.org.pl\/wp-content\/uploads\/2019\/03\/logo-stowarzyszenie-jzi.png","contentUrl":"https:\/\/jzi.org.pl\/wp-content\/uploads\/2019\/03\/logo-stowarzyszenie-jzi.png","width":931,"height":990,"caption":"Jami\u0144ski Zesp\u00f3\u0142 Indeksacyjny"},"image":{"@id":"https:\/\/jzi.org.pl\/#\/schema\/logo\/image\/"},"sameAs":["https:\/\/www.facebook.com\/Jaminski.Zespol.Indeksacyjny\/"]}]}},"jetpack_likes_enabled":true,"jetpack_sharing_enabled":true,"_links":{"self":[{"href":"https:\/\/jzi.org.pl\/en\/wp-json\/wp\/v2\/pages\/13185","targetHints":{"allow":["GET"]}}],"collection":[{"href":"https:\/\/jzi.org.pl\/en\/wp-json\/wp\/v2\/pages"}],"about":[{"href":"https:\/\/jzi.org.pl\/en\/wp-json\/wp\/v2\/types\/page"}],"author":[{"embeddable":true,"href":"https:\/\/jzi.org.pl\/en\/wp-json\/wp\/v2\/users\/1"}],"replies":[{"embeddable":true,"href":"https:\/\/jzi.org.pl\/en\/wp-json\/wp\/v2\/comments?post=13185"}],"version-history":[{"count":0,"href":"https:\/\/jzi.org.pl\/en\/wp-json\/wp\/v2\/pages\/13185\/revisions"}],"up":[{"embeddable":true,"href":"https:\/\/jzi.org.pl\/en\/wp-json\/wp\/v2\/pages\/1223"}],"wp:featuredmedia":[{"embeddable":true,"href":"https:\/\/jzi.org.pl\/en\/wp-json\/wp\/v2\/media\/1215"}],"wp:attachment":[{"href":"https:\/\/jzi.org.pl\/en\/wp-json\/wp\/v2\/media?parent=13185"}],"curies":[{"name":"wp","href":"https:\/\/api.w.org\/{rel}","templated":true}]}}