{"id":1223,"date":"2017-07-04T00:00:00","date_gmt":"2017-07-03T22:00:00","guid":{"rendered":"http:\/\/jzi.org.pl\/?page_id=1223"},"modified":"2020-05-08T08:23:50","modified_gmt":"2020-05-08T06:23:50","slug":"ludzie-stad","status":"publish","type":"page","link":"https:\/\/jzi.org.pl\/en\/galerie\/ludzie-stad\/","title":{"rendered":"People from here"},"content":{"rendered":"<div class=\"pt-cv-wrapper\"><div class=\"pt-cv-view pt-cv-grid pt-cv-colsys\" id=\"pt-cv-view-4c45d98xrt\"><div data-id=\"pt-cv-page-1\" class=\"pt-cv-page\" data-cvc=\"4\"><div class=\"col-md-3 col-sm-4 col-xs-6 pt-cv-content-item pt-cv-1-col\" ><div class='pt-cv-ifield'><a href=\"https:\/\/jzi.org.pl\/en\/galerie\/ludzie-stad\/aleksander-putra\/\" class=\"_self pt-cv-href-thumbnail pt-cv-thumb-default\" target=\"_self\" ><img loading=\"lazy\" decoding=\"async\" width=\"272\" height=\"182\" src=\"https:\/\/jzi.org.pl\/wp-content\/uploads\/2020\/05\/1-Aleksander-Putra-w-roku-1919.-272x182.jpg\" class=\"pt-cv-thumbnail\" alt=\"Aleksander Putra w roku 1919.\" \/><\/a>\n<h4 class=\"pt-cv-title\"><a href=\"https:\/\/jzi.org.pl\/en\/galerie\/ludzie-stad\/aleksander-putra\/\" class=\"_self\" target=\"_self\" >Aleksander Putra<\/a><\/h4><\/div><\/div>\n<div class=\"col-md-3 col-sm-4 col-xs-6 pt-cv-content-item pt-cv-1-col\" ><div class='pt-cv-ifield'><a href=\"https:\/\/jzi.org.pl\/en\/galerie\/ludzie-stad\/blogoslawiony-ksiadz-michal-piaszczynski\/\" class=\"_self pt-cv-href-thumbnail pt-cv-thumb-default\" target=\"_self\" ><img loading=\"lazy\" decoding=\"async\" width=\"272\" height=\"182\" src=\"https:\/\/jzi.org.pl\/wp-content\/uploads\/2020\/10\/michal-piaszczynski-272x182.jpg\" class=\"pt-cv-thumbnail\" alt=\"\" \/><\/a>\n<h4 class=\"pt-cv-title\"><a href=\"https:\/\/jzi.org.pl\/en\/galerie\/ludzie-stad\/blogoslawiony-ksiadz-michal-piaszczynski\/\" class=\"_self\" target=\"_self\" >B\u0142ogos\u0142awiony ksi\u0105dz Micha\u0142 Piaszczy\u0144ski<\/a><\/h4><\/div><\/div>\n<div class=\"col-md-3 col-sm-4 col-xs-6 pt-cv-content-item pt-cv-1-col\" ><div class='pt-cv-ifield'><a href=\"https:\/\/jzi.org.pl\/en\/galerie\/ludzie-stad\/dr-med-antoni-edmund-stanislaw-bohdanowicz\/\" class=\"_self pt-cv-href-thumbnail pt-cv-thumb-default\" target=\"_self\" ><img loading=\"lazy\" decoding=\"async\" width=\"272\" height=\"182\" src=\"https:\/\/jzi.org.pl\/wp-content\/uploads\/2017\/07\/941003_1101444819868791_6093803656301896349_n-272x182.jpg\" class=\"pt-cv-thumbnail\" alt=\"\" \/><\/a>\n<h4 class=\"pt-cv-title\"><a href=\"https:\/\/jzi.org.pl\/en\/galerie\/ludzie-stad\/dr-med-antoni-edmund-stanislaw-bohdanowicz\/\" class=\"_self\" target=\"_self\" >dr. med. Antoni Edmund Stanis\u0142aw Bohdanowicz<\/a><\/h4><\/div><\/div>\n<div class=\"col-md-3 col-sm-4 col-xs-6 pt-cv-content-item pt-cv-1-col\" ><div class='pt-cv-ifield'><a href=\"https:\/\/jzi.org.pl\/en\/galerie\/ludzie-stad\/helena-arciszewska-i-jej-rodzina\/\" class=\"_self pt-cv-href-thumbnail pt-cv-thumb-default\" target=\"_self\" ><img loading=\"lazy\" decoding=\"async\" width=\"272\" height=\"182\" src=\"https:\/\/jzi.org.pl\/wp-content\/uploads\/2020\/05\/Helena-Arciszewska-McKinney-portret-272x182.jpg\" class=\"pt-cv-thumbnail\" alt=\"Helena Arciszewska-McKinney. Portret\" \/><\/a>\n<h4 class=\"pt-cv-title\"><a href=\"https:\/\/jzi.org.pl\/en\/galerie\/ludzie-stad\/helena-arciszewska-i-jej-rodzina\/\" class=\"_self\" target=\"_self\" >Helena Arciszewska i jej rodzina<\/a><\/h4><\/div><\/div>\n<div class=\"col-md-3 col-sm-4 col-xs-6 pt-cv-content-item pt-cv-1-col\" ><div class='pt-cv-ifield'><a href=\"https:\/\/jzi.org.pl\/en\/galerie\/ludzie-stad\/ignacy-bialynicki-birula\/\" class=\"_self pt-cv-href-thumbnail pt-cv-thumb-default\" target=\"_self\" ><img loading=\"lazy\" decoding=\"async\" width=\"272\" height=\"182\" src=\"https:\/\/jzi.org.pl\/wp-content\/uploads\/2022\/11\/ignacy-bialynicki-birula-1-272x182.jpg\" class=\"pt-cv-thumbnail\" alt=\"\" \/><\/a>\n<h4 class=\"pt-cv-title\"><a href=\"https:\/\/jzi.org.pl\/en\/galerie\/ludzie-stad\/ignacy-bialynicki-birula\/\" class=\"_self\" target=\"_self\" >Ignacy Bia\u0142ynicki-Birula<\/a><\/h4><\/div><\/div>\n<div class=\"col-md-3 col-sm-4 col-xs-6 pt-cv-content-item pt-cv-1-col\" ><div class='pt-cv-ifield'><a href=\"https:\/\/jzi.org.pl\/en\/galerie\/ludzie-stad\/jan-noruk-i-strazacy-z-jaziewa\/\" class=\"_self pt-cv-href-thumbnail pt-cv-thumb-default\" target=\"_self\" ><img loading=\"lazy\" decoding=\"async\" width=\"272\" height=\"182\" src=\"https:\/\/jzi.org.pl\/wp-content\/uploads\/2017\/07\/398435_378571632156117_1564629251_n-272x182.jpg\" class=\"pt-cv-thumbnail\" alt=\"\" \/><\/a>\n<h4 class=\"pt-cv-title\"><a href=\"https:\/\/jzi.org.pl\/en\/galerie\/ludzie-stad\/jan-noruk-i-strazacy-z-jaziewa\/\" class=\"_self\" target=\"_self\" >Jan Noruk and firefighters from Jaziewo<\/a><\/h4><\/div><\/div>\n<div class=\"col-md-3 col-sm-4 col-xs-6 pt-cv-content-item pt-cv-1-col\" ><div class='pt-cv-ifield'><a href=\"https:\/\/jzi.org.pl\/en\/galerie\/ludzie-stad\/jan-sidor\/\" class=\"_self pt-cv-href-thumbnail pt-cv-thumb-default\" target=\"_self\" ><img loading=\"lazy\" decoding=\"async\" width=\"272\" height=\"182\" src=\"https:\/\/jzi.org.pl\/wp-content\/uploads\/2020\/05\/Jan-Sidor-1-272x182.jpg\" class=\"pt-cv-thumbnail\" alt=\"Jan Sidor.\" \/><\/a>\n<h4 class=\"pt-cv-title\"><a href=\"https:\/\/jzi.org.pl\/en\/galerie\/ludzie-stad\/jan-sidor\/\" class=\"_self\" target=\"_self\" >Jan Sidor<\/a><\/h4><\/div><\/div>\n<div class=\"col-md-3 col-sm-4 col-xs-6 pt-cv-content-item pt-cv-1-col\" ><div class='pt-cv-ifield'><a href=\"https:\/\/jzi.org.pl\/en\/galerie\/ludzie-stad\/jan-szylak\/\" class=\"_self pt-cv-href-thumbnail pt-cv-thumb-default\" target=\"_self\" ><img loading=\"lazy\" decoding=\"async\" width=\"272\" height=\"182\" src=\"https:\/\/jzi.org.pl\/wp-content\/uploads\/2020\/05\/1-Fragment-ksi\u0105\u017ceczki-wojskowej-272x182.jpg\" class=\"pt-cv-thumbnail\" alt=\"Fragment ksi\u0105\u017ceczki wojskowej.\" \/><\/a>\n<h4 class=\"pt-cv-title\"><a href=\"https:\/\/jzi.org.pl\/en\/galerie\/ludzie-stad\/jan-szylak\/\" class=\"_self\" target=\"_self\" >Jan Szy\u0142ak<\/a><\/h4><\/div><\/div>\n<div class=\"col-md-3 col-sm-4 col-xs-6 pt-cv-content-item pt-cv-1-col\" ><div class='pt-cv-ifield'><a href=\"https:\/\/jzi.org.pl\/en\/galerie\/ludzie-stad\/kazimierz-jaroma-i-jego-rodzina\/\" class=\"_self pt-cv-href-thumbnail pt-cv-thumb-default\" target=\"_self\" ><img loading=\"lazy\" decoding=\"async\" width=\"272\" height=\"182\" src=\"https:\/\/jzi.org.pl\/wp-content\/uploads\/2021\/07\/Charles-Jerome-1950s-e1627298262168-272x182.jpg\" class=\"pt-cv-thumbnail\" alt=\"Charles Jerome (Kazimierz Jaroma) oko\u0142o 1950 roku\" \/><\/a>\n<h4 class=\"pt-cv-title\"><a href=\"https:\/\/jzi.org.pl\/en\/galerie\/ludzie-stad\/kazimierz-jaroma-i-jego-rodzina\/\" class=\"_self\" target=\"_self\" >Kazimierz Jaroma and his family<\/a><\/h4><\/div><\/div>\n<div class=\"col-md-3 col-sm-4 col-xs-6 pt-cv-content-item pt-cv-1-col\" ><div class='pt-cv-ifield'><a href=\"https:\/\/jzi.org.pl\/en\/galerie\/ludzie-stad\/kazimierz-kozlowski\/\" class=\"_self pt-cv-href-thumbnail pt-cv-thumb-default\" target=\"_self\" ><img loading=\"lazy\" decoding=\"async\" width=\"272\" height=\"182\" src=\"https:\/\/jzi.org.pl\/wp-content\/uploads\/2022\/02\/K.-Kozlowski6-272x182.jpg\" class=\"pt-cv-thumbnail\" alt=\"Kazimierz Koz\u0142owski\" \/><\/a>\n<h4 class=\"pt-cv-title\"><a href=\"https:\/\/jzi.org.pl\/en\/galerie\/ludzie-stad\/kazimierz-kozlowski\/\" class=\"_self\" target=\"_self\" >Kazimierz Koz\u0142owski<\/a><\/h4><\/div><\/div>\n<div class=\"col-md-3 col-sm-4 col-xs-6 pt-cv-content-item pt-cv-1-col\" ><div class='pt-cv-ifield'><a href=\"https:\/\/jzi.org.pl\/en\/galerie\/ludzie-stad\/michal-szabuniewicz\/\" class=\"_self pt-cv-href-thumbnail pt-cv-thumb-default\" target=\"_self\" ><img loading=\"lazy\" decoding=\"async\" width=\"272\" height=\"182\" src=\"https:\/\/jzi.org.pl\/wp-content\/uploads\/2020\/04\/micha\u0142-szabuniewicz-272x182.jpg\" class=\"pt-cv-thumbnail\" alt=\"Micha\u0142 Szabuniewicz\" \/><\/a>\n<h4 class=\"pt-cv-title\"><a href=\"https:\/\/jzi.org.pl\/en\/galerie\/ludzie-stad\/michal-szabuniewicz\/\" class=\"_self\" target=\"_self\" >Micha\u0142 Szabuniewicz<\/a><\/h4><\/div><\/div>\n<div class=\"col-md-3 col-sm-4 col-xs-6 pt-cv-content-item pt-cv-1-col\" ><div class='pt-cv-ifield'><a href=\"https:\/\/jzi.org.pl\/en\/galerie\/ludzie-stad\/mieczyslaw-geniusz\/\" class=\"_self pt-cv-href-thumbnail pt-cv-thumb-default\" target=\"_self\" ><img loading=\"lazy\" decoding=\"async\" width=\"272\" height=\"182\" src=\"https:\/\/jzi.org.pl\/wp-content\/uploads\/2020\/07\/mieczyslaw-geniusz-272x182.jpg\" class=\"pt-cv-thumbnail\" alt=\"\" \/><\/a>\n<h4 class=\"pt-cv-title\"><a href=\"https:\/\/jzi.org.pl\/en\/galerie\/ludzie-stad\/mieczyslaw-geniusz\/\" class=\"_self\" target=\"_self\" >Mieczys\u0142aw Geniusz<\/a><\/h4><\/div><\/div>\n<div class=\"col-md-3 col-sm-4 col-xs-6 pt-cv-content-item pt-cv-1-col\" ><div class='pt-cv-ifield'><a href=\"https:\/\/jzi.org.pl\/en\/galerie\/ludzie-stad\/piotr-kloczko\/\" class=\"_self pt-cv-href-thumbnail pt-cv-thumb-default\" target=\"_self\" ><img loading=\"lazy\" decoding=\"async\" width=\"272\" height=\"182\" src=\"https:\/\/jzi.org.pl\/wp-content\/uploads\/2020\/07\/piotr-kloczko-272x182.jpg\" class=\"pt-cv-thumbnail\" alt=\"\" \/><\/a>\n<h4 class=\"pt-cv-title\"><a href=\"https:\/\/jzi.org.pl\/en\/galerie\/ludzie-stad\/piotr-kloczko\/\" class=\"_self\" target=\"_self\" >Piotr K\u0142oczko<\/a><\/h4><\/div><\/div><\/div><\/div><\/div>","protected":false},"excerpt":{"rendered":"","protected":false},"author":1,"featured_media":13219,"parent":1158,"menu_order":0,"comment_status":"open","ping_status":"open","template":"","meta":{"h5ap_radio_sources":[],"jetpack_post_was_ever_published":false,"footnotes":""},"class_list":["post-1223","page","type-page","status-publish","has-post-thumbnail","hentry"],"yoast_head":"<!-- This site is optimized with the Yoast SEO plugin v27.5 - https:\/\/yoast.com\/product\/yoast-seo-wordpress\/ -->\n<title>Ludzie st\u0105d - Jami\u0144ski Zesp\u00f3\u0142 Indeksacyjny<\/title>\n<meta name=\"description\" content=\"Galeria przedstawiaj\u0105ca ludzi pochodz\u0105cych z rejonu naszych zainteresowa\u0144.\" \/>\n<meta name=\"robots\" content=\"index, follow, max-snippet:-1, max-image-preview:large, max-video-preview:-1\" \/>\n<link rel=\"canonical\" href=\"https:\/\/jzi.org.pl\/en\/galerie\/ludzie-stad\/\" \/>\n<meta property=\"og:locale\" content=\"en_US\" \/>\n<meta property=\"og:type\" content=\"article\" \/>\n<meta property=\"og:title\" content=\"JZI - Ludzie st\u0105d\" \/>\n<meta property=\"og:description\" content=\"Galeria przedstawiaj\u0105ca ludzi pochodz\u0105cych z rejonu naszych zainteresowa\u0144.\" \/>\n<meta property=\"og:url\" content=\"https:\/\/jzi.org.pl\/en\/galerie\/ludzie-stad\/\" \/>\n<meta property=\"og:site_name\" content=\"Jami\u0144ski Zesp\u00f3\u0142 Indeksacyjny\" \/>\n<meta property=\"article:publisher\" content=\"https:\/\/www.facebook.com\/Jaminski.Zespol.Indeksacyjny\/\" \/>\n<meta property=\"article:modified_time\" content=\"2020-05-08T06:23:50+00:00\" \/>\n<meta property=\"og:image\" content=\"https:\/\/jzi.org.pl\/wp-content\/uploads\/2020\/05\/ludzie-stad.jpg\" \/>\n\t<meta property=\"og:image:width\" content=\"700\" \/>\n\t<meta property=\"og:image:height\" content=\"400\" \/>\n\t<meta property=\"og:image:type\" content=\"image\/jpeg\" \/>\n<meta name=\"twitter:card\" content=\"summary_large_image\" \/>\n<script type=\"application\/ld+json\" class=\"yoast-schema-graph\">{\"@context\":\"https:\\\/\\\/schema.org\",\"@graph\":[{\"@type\":\"WebPage\",\"@id\":\"https:\\\/\\\/jzi.org.pl\\\/galerie\\\/ludzie-stad\\\/\",\"url\":\"https:\\\/\\\/jzi.org.pl\\\/galerie\\\/ludzie-stad\\\/\",\"name\":\"Ludzie st\u0105d - Jami\u0144ski Zesp\u00f3\u0142 Indeksacyjny\",\"isPartOf\":{\"@id\":\"https:\\\/\\\/jzi.org.pl\\\/#website\"},\"primaryImageOfPage\":{\"@id\":\"https:\\\/\\\/jzi.org.pl\\\/galerie\\\/ludzie-stad\\\/#primaryimage\"},\"image\":{\"@id\":\"https:\\\/\\\/jzi.org.pl\\\/galerie\\\/ludzie-stad\\\/#primaryimage\"},\"thumbnailUrl\":\"https:\\\/\\\/jzi.org.pl\\\/wp-content\\\/uploads\\\/2020\\\/05\\\/ludzie-stad.jpg\",\"datePublished\":\"2017-07-03T22:00:00+00:00\",\"dateModified\":\"2020-05-08T06:23:50+00:00\",\"description\":\"Galeria przedstawiaj\u0105ca ludzi pochodz\u0105cych z rejonu naszych zainteresowa\u0144.\",\"breadcrumb\":{\"@id\":\"https:\\\/\\\/jzi.org.pl\\\/galerie\\\/ludzie-stad\\\/#breadcrumb\"},\"inLanguage\":\"en-US\",\"potentialAction\":[{\"@type\":\"ReadAction\",\"target\":[\"https:\\\/\\\/jzi.org.pl\\\/galerie\\\/ludzie-stad\\\/\"]}]},{\"@type\":\"ImageObject\",\"inLanguage\":\"en-US\",\"@id\":\"https:\\\/\\\/jzi.org.pl\\\/galerie\\\/ludzie-stad\\\/#primaryimage\",\"url\":\"https:\\\/\\\/jzi.org.pl\\\/wp-content\\\/uploads\\\/2020\\\/05\\\/ludzie-stad.jpg\",\"contentUrl\":\"https:\\\/\\\/jzi.org.pl\\\/wp-content\\\/uploads\\\/2020\\\/05\\\/ludzie-stad.jpg\",\"width\":700,\"height\":400},{\"@type\":\"BreadcrumbList\",\"@id\":\"https:\\\/\\\/jzi.org.pl\\\/galerie\\\/ludzie-stad\\\/#breadcrumb\",\"itemListElement\":[{\"@type\":\"ListItem\",\"position\":1,\"name\":\"Strona g\u0142\u00f3wna\",\"item\":\"https:\\\/\\\/jzi.org.pl\\\/\"},{\"@type\":\"ListItem\",\"position\":2,\"name\":\"Galerie\",\"item\":\"https:\\\/\\\/jzi.org.pl\\\/galerie\\\/\"},{\"@type\":\"ListItem\",\"position\":3,\"name\":\"Ludzie st\u0105d\"}]},{\"@type\":\"WebSite\",\"@id\":\"https:\\\/\\\/jzi.org.pl\\\/#website\",\"url\":\"https:\\\/\\\/jzi.org.pl\\\/\",\"name\":\"Jami\u0144ski Zesp\u00f3\u0142 Indeksacyjny\",\"description\":\"\",\"publisher\":{\"@id\":\"https:\\\/\\\/jzi.org.pl\\\/#organization\"},\"potentialAction\":[{\"@type\":\"SearchAction\",\"target\":{\"@type\":\"EntryPoint\",\"urlTemplate\":\"https:\\\/\\\/jzi.org.pl\\\/?s={search_term_string}\"},\"query-input\":{\"@type\":\"PropertyValueSpecification\",\"valueRequired\":true,\"valueName\":\"search_term_string\"}}],\"inLanguage\":\"en-US\"},{\"@type\":\"Organization\",\"@id\":\"https:\\\/\\\/jzi.org.pl\\\/#organization\",\"name\":\"Jami\u0144ski Zesp\u00f3\u0142 Indeksacyjny\",\"url\":\"https:\\\/\\\/jzi.org.pl\\\/\",\"logo\":{\"@type\":\"ImageObject\",\"inLanguage\":\"en-US\",\"@id\":\"https:\\\/\\\/jzi.org.pl\\\/#\\\/schema\\\/logo\\\/image\\\/\",\"url\":\"https:\\\/\\\/jzi.org.pl\\\/wp-content\\\/uploads\\\/2019\\\/03\\\/logo-stowarzyszenie-jzi.png\",\"contentUrl\":\"https:\\\/\\\/jzi.org.pl\\\/wp-content\\\/uploads\\\/2019\\\/03\\\/logo-stowarzyszenie-jzi.png\",\"width\":931,\"height\":990,\"caption\":\"Jami\u0144ski Zesp\u00f3\u0142 Indeksacyjny\"},\"image\":{\"@id\":\"https:\\\/\\\/jzi.org.pl\\\/#\\\/schema\\\/logo\\\/image\\\/\"},\"sameAs\":[\"https:\\\/\\\/www.facebook.com\\\/Jaminski.Zespol.Indeksacyjny\\\/\"]}]}<\/script>\n<!-- \/ Yoast SEO plugin. -->","yoast_head_json":{"title":"Ludzie st\u0105d - Jami\u0144ski Zesp\u00f3\u0142 Indeksacyjny","description":"Galeria przedstawiaj\u0105ca ludzi pochodz\u0105cych z rejonu naszych zainteresowa\u0144.","robots":{"index":"index","follow":"follow","max-snippet":"max-snippet:-1","max-image-preview":"max-image-preview:large","max-video-preview":"max-video-preview:-1"},"canonical":"https:\/\/jzi.org.pl\/en\/galerie\/ludzie-stad\/","og_locale":"en_US","og_type":"article","og_title":"JZI - Ludzie st\u0105d","og_description":"Galeria przedstawiaj\u0105ca ludzi pochodz\u0105cych z rejonu naszych zainteresowa\u0144.","og_url":"https:\/\/jzi.org.pl\/en\/galerie\/ludzie-stad\/","og_site_name":"Jami\u0144ski Zesp\u00f3\u0142 Indeksacyjny","article_publisher":"https:\/\/www.facebook.com\/Jaminski.Zespol.Indeksacyjny\/","article_modified_time":"2020-05-08T06:23:50+00:00","og_image":[{"width":700,"height":400,"url":"https:\/\/jzi.org.pl\/wp-content\/uploads\/2020\/05\/ludzie-stad.jpg","type":"image\/jpeg"}],"twitter_card":"summary_large_image","schema":{"@context":"https:\/\/schema.org","@graph":[{"@type":"WebPage","@id":"https:\/\/jzi.org.pl\/galerie\/ludzie-stad\/","url":"https:\/\/jzi.org.pl\/galerie\/ludzie-stad\/","name":"Ludzie st\u0105d - Jami\u0144ski Zesp\u00f3\u0142 Indeksacyjny","isPartOf":{"@id":"https:\/\/jzi.org.pl\/#website"},"primaryImageOfPage":{"@id":"https:\/\/jzi.org.pl\/galerie\/ludzie-stad\/#primaryimage"},"image":{"@id":"https:\/\/jzi.org.pl\/galerie\/ludzie-stad\/#primaryimage"},"thumbnailUrl":"https:\/\/jzi.org.pl\/wp-content\/uploads\/2020\/05\/ludzie-stad.jpg","datePublished":"2017-07-03T22:00:00+00:00","dateModified":"2020-05-08T06:23:50+00:00","description":"Galeria przedstawiaj\u0105ca ludzi pochodz\u0105cych z rejonu naszych zainteresowa\u0144.","breadcrumb":{"@id":"https:\/\/jzi.org.pl\/galerie\/ludzie-stad\/#breadcrumb"},"inLanguage":"en-US","potentialAction":[{"@type":"ReadAction","target":["https:\/\/jzi.org.pl\/galerie\/ludzie-stad\/"]}]},{"@type":"ImageObject","inLanguage":"en-US","@id":"https:\/\/jzi.org.pl\/galerie\/ludzie-stad\/#primaryimage","url":"https:\/\/jzi.org.pl\/wp-content\/uploads\/2020\/05\/ludzie-stad.jpg","contentUrl":"https:\/\/jzi.org.pl\/wp-content\/uploads\/2020\/05\/ludzie-stad.jpg","width":700,"height":400},{"@type":"BreadcrumbList","@id":"https:\/\/jzi.org.pl\/galerie\/ludzie-stad\/#breadcrumb","itemListElement":[{"@type":"ListItem","position":1,"name":"Strona g\u0142\u00f3wna","item":"https:\/\/jzi.org.pl\/"},{"@type":"ListItem","position":2,"name":"Galerie","item":"https:\/\/jzi.org.pl\/galerie\/"},{"@type":"ListItem","position":3,"name":"Ludzie st\u0105d"}]},{"@type":"WebSite","@id":"https:\/\/jzi.org.pl\/#website","url":"https:\/\/jzi.org.pl\/","name":"Jaminy Indexing Team","description":"","publisher":{"@id":"https:\/\/jzi.org.pl\/#organization"},"potentialAction":[{"@type":"SearchAction","target":{"@type":"EntryPoint","urlTemplate":"https:\/\/jzi.org.pl\/?s={search_term_string}"},"query-input":{"@type":"PropertyValueSpecification","valueRequired":true,"valueName":"search_term_string"}}],"inLanguage":"en-US"},{"@type":"Organization","@id":"https:\/\/jzi.org.pl\/#organization","name":"Jaminy Indexing Team","url":"https:\/\/jzi.org.pl\/","logo":{"@type":"ImageObject","inLanguage":"en-US","@id":"https:\/\/jzi.org.pl\/#\/schema\/logo\/image\/","url":"https:\/\/jzi.org.pl\/wp-content\/uploads\/2019\/03\/logo-stowarzyszenie-jzi.png","contentUrl":"https:\/\/jzi.org.pl\/wp-content\/uploads\/2019\/03\/logo-stowarzyszenie-jzi.png","width":931,"height":990,"caption":"Jami\u0144ski Zesp\u00f3\u0142 Indeksacyjny"},"image":{"@id":"https:\/\/jzi.org.pl\/#\/schema\/logo\/image\/"},"sameAs":["https:\/\/www.facebook.com\/Jaminski.Zespol.Indeksacyjny\/"]}]}},"jetpack_likes_enabled":true,"jetpack_sharing_enabled":true,"_links":{"self":[{"href":"https:\/\/jzi.org.pl\/en\/wp-json\/wp\/v2\/pages\/1223","targetHints":{"allow":["GET"]}}],"collection":[{"href":"https:\/\/jzi.org.pl\/en\/wp-json\/wp\/v2\/pages"}],"about":[{"href":"https:\/\/jzi.org.pl\/en\/wp-json\/wp\/v2\/types\/page"}],"author":[{"embeddable":true,"href":"https:\/\/jzi.org.pl\/en\/wp-json\/wp\/v2\/users\/1"}],"replies":[{"embeddable":true,"href":"https:\/\/jzi.org.pl\/en\/wp-json\/wp\/v2\/comments?post=1223"}],"version-history":[{"count":0,"href":"https:\/\/jzi.org.pl\/en\/wp-json\/wp\/v2\/pages\/1223\/revisions"}],"up":[{"embeddable":true,"href":"https:\/\/jzi.org.pl\/en\/wp-json\/wp\/v2\/pages\/1158"}],"wp:featuredmedia":[{"embeddable":true,"href":"https:\/\/jzi.org.pl\/en\/wp-json\/wp\/v2\/media\/13219"}],"wp:attachment":[{"href":"https:\/\/jzi.org.pl\/en\/wp-json\/wp\/v2\/media?parent=1223"}],"curies":[{"name":"wp","href":"https:\/\/api.w.org\/{rel}","templated":true}]}}