{"id":7105,"date":"2019-02-28T07:10:34","date_gmt":"2019-02-28T06:10:34","guid":{"rendered":"https:\/\/jzi.org.pl\/wp-content\/uploads\/2019\/02\/pisanki-foto-artur-juszczy\u0144ski-2019.jpg"},"modified":"2019-02-28T10:46:01","modified_gmt":"2019-02-28T09:46:01","slug":"pisanki-foto-artur-juszczynski-2019","status":"inherit","type":"attachment","link":"https:\/\/jzi.org.pl\/en\/2019\/02\/28\/krystyna-ciesluk-pisankarka-z-lipska\/pisanki-foto-artur-juszczynski-2019\/","title":{"rendered":"pisanki-foto-artur-juszczy\u0144ski-2019"},"author":1,"featured_media":0,"comment_status":"open","ping_status":"closed","template":"","meta":{"h5ap_radio_sources":[],"jetpack_post_was_ever_published":false},"class_list":["post-7105","attachment","type-attachment","status-inherit","hentry"],"yoast_head":"<!-- This site is optimized with the Yoast SEO plugin v27.5 - https:\/\/yoast.com\/product\/yoast-seo-wordpress\/ -->\n<title>pisanki-foto-artur-juszczy\u0144ski-2019 - Jami\u0144ski Zesp\u00f3\u0142 Indeksacyjny<\/title>\n<meta name=\"robots\" content=\"index, follow, max-snippet:-1, max-image-preview:large, max-video-preview:-1\" \/>\n<link rel=\"canonical\" href=\"https:\/\/jzi.org.pl\/wp-content\/uploads\/2019\/02\/pisanki-foto-artur-juszczy\u0144ski-2019.jpg\" \/>\n<meta property=\"og:locale\" content=\"en_US\" \/>\n<meta property=\"og:type\" content=\"article\" \/>\n<meta property=\"og:title\" content=\"pisanki-foto-artur-juszczy\u0144ski-2019 - Jami\u0144ski Zesp\u00f3\u0142 Indeksacyjny\" \/>\n<meta property=\"og:url\" content=\"https:\/\/jzi.org.pl\/wp-content\/uploads\/2019\/02\/pisanki-foto-artur-juszczy\u0144ski-2019.jpg\" \/>\n<meta property=\"og:site_name\" content=\"Jami\u0144ski Zesp\u00f3\u0142 Indeksacyjny\" \/>\n<meta property=\"article:publisher\" content=\"https:\/\/www.facebook.com\/Jaminski.Zespol.Indeksacyjny\/\" \/>\n<meta property=\"article:modified_time\" content=\"2019-02-28T09:46:01+00:00\" \/>\n<meta property=\"og:image\" content=\"https:\/\/jzi.org.pl\/wp-content\/uploads\/2019\/02\/pisanki-foto-artur-juszczy\u0144ski-2019-1024x683.jpg\" \/>\n\t<meta property=\"og:image:width\" content=\"1024\" \/>\n\t<meta property=\"og:image:height\" content=\"683\" \/>\n\t<meta property=\"og:image:type\" content=\"image\/jpeg\" \/>\n<meta name=\"twitter:card\" content=\"summary_large_image\" \/>\n<script type=\"application\/ld+json\" class=\"yoast-schema-graph\">{\"@context\":\"https:\\\/\\\/schema.org\",\"@graph\":[{\"@type\":\"WebPage\",\"@id\":\"https:\\\/\\\/jzi.org.pl\\\/wp-content\\\/uploads\\\/2019\\\/02\\\/pisanki-foto-artur-juszczy\u0144ski-2019.jpg\",\"url\":\"https:\\\/\\\/jzi.org.pl\\\/wp-content\\\/uploads\\\/2019\\\/02\\\/pisanki-foto-artur-juszczy\u0144ski-2019.jpg\",\"name\":\"pisanki-foto-artur-juszczy\u0144ski-2019 - Jami\u0144ski Zesp\u00f3\u0142 Indeksacyjny\",\"isPartOf\":{\"@id\":\"https:\\\/\\\/jzi.org.pl\\\/#website\"},\"datePublished\":\"2019-02-28T06:10:34+00:00\",\"dateModified\":\"2019-02-28T09:46:01+00:00\",\"breadcrumb\":{\"@id\":\"https:\\\/\\\/jzi.org.pl\\\/wp-content\\\/uploads\\\/2019\\\/02\\\/pisanki-foto-artur-juszczy\u0144ski-2019.jpg#breadcrumb\"},\"inLanguage\":\"en-US\",\"potentialAction\":[{\"@type\":\"ReadAction\",\"target\":[\"https:\\\/\\\/jzi.org.pl\\\/wp-content\\\/uploads\\\/2019\\\/02\\\/pisanki-foto-artur-juszczy\u0144ski-2019.jpg\"]}]},{\"@type\":\"BreadcrumbList\",\"@id\":\"https:\\\/\\\/jzi.org.pl\\\/wp-content\\\/uploads\\\/2019\\\/02\\\/pisanki-foto-artur-juszczy\u0144ski-2019.jpg#breadcrumb\",\"itemListElement\":[{\"@type\":\"ListItem\",\"position\":1,\"name\":\"Strona g\u0142\u00f3wna\",\"item\":\"https:\\\/\\\/jzi.org.pl\\\/\"},{\"@type\":\"ListItem\",\"position\":2,\"name\":\"Krystyna Cie\u015bluk &#8211; pisankarka z Lipska\",\"item\":\"https:\\\/\\\/jzi.org.pl\\\/en\\\/2019\\\/02\\\/28\\\/krystyna-ciesluk-pisankarka-z-lipska\\\/\"},{\"@type\":\"ListItem\",\"position\":3,\"name\":\"pisanki-foto-artur-juszczy\u0144ski-2019\"}]},{\"@type\":\"WebSite\",\"@id\":\"https:\\\/\\\/jzi.org.pl\\\/#website\",\"url\":\"https:\\\/\\\/jzi.org.pl\\\/\",\"name\":\"Jami\u0144ski Zesp\u00f3\u0142 Indeksacyjny\",\"description\":\"\",\"publisher\":{\"@id\":\"https:\\\/\\\/jzi.org.pl\\\/#organization\"},\"potentialAction\":[{\"@type\":\"SearchAction\",\"target\":{\"@type\":\"EntryPoint\",\"urlTemplate\":\"https:\\\/\\\/jzi.org.pl\\\/?s={search_term_string}\"},\"query-input\":{\"@type\":\"PropertyValueSpecification\",\"valueRequired\":true,\"valueName\":\"search_term_string\"}}],\"inLanguage\":\"en-US\"},{\"@type\":\"Organization\",\"@id\":\"https:\\\/\\\/jzi.org.pl\\\/#organization\",\"name\":\"Jami\u0144ski Zesp\u00f3\u0142 Indeksacyjny\",\"url\":\"https:\\\/\\\/jzi.org.pl\\\/\",\"logo\":{\"@type\":\"ImageObject\",\"inLanguage\":\"en-US\",\"@id\":\"https:\\\/\\\/jzi.org.pl\\\/#\\\/schema\\\/logo\\\/image\\\/\",\"url\":\"https:\\\/\\\/jzi.org.pl\\\/wp-content\\\/uploads\\\/2019\\\/03\\\/logo-stowarzyszenie-jzi.png\",\"contentUrl\":\"https:\\\/\\\/jzi.org.pl\\\/wp-content\\\/uploads\\\/2019\\\/03\\\/logo-stowarzyszenie-jzi.png\",\"width\":931,\"height\":990,\"caption\":\"Jami\u0144ski Zesp\u00f3\u0142 Indeksacyjny\"},\"image\":{\"@id\":\"https:\\\/\\\/jzi.org.pl\\\/#\\\/schema\\\/logo\\\/image\\\/\"},\"sameAs\":[\"https:\\\/\\\/www.facebook.com\\\/Jaminski.Zespol.Indeksacyjny\\\/\"]}]}<\/script>\n<!-- \/ Yoast SEO plugin. -->","yoast_head_json":{"title":"pisanki-foto-artur-juszczy\u0144ski-2019 - Jami\u0144ski Zesp\u00f3\u0142 Indeksacyjny","robots":{"index":"index","follow":"follow","max-snippet":"max-snippet:-1","max-image-preview":"max-image-preview:large","max-video-preview":"max-video-preview:-1"},"canonical":"https:\/\/jzi.org.pl\/wp-content\/uploads\/2019\/02\/pisanki-foto-artur-juszczy\u0144ski-2019.jpg","og_locale":"en_US","og_type":"article","og_title":"pisanki-foto-artur-juszczy\u0144ski-2019 - Jami\u0144ski Zesp\u00f3\u0142 Indeksacyjny","og_url":"https:\/\/jzi.org.pl\/wp-content\/uploads\/2019\/02\/pisanki-foto-artur-juszczy\u0144ski-2019.jpg","og_site_name":"Jami\u0144ski Zesp\u00f3\u0142 Indeksacyjny","article_publisher":"https:\/\/www.facebook.com\/Jaminski.Zespol.Indeksacyjny\/","article_modified_time":"2019-02-28T09:46:01+00:00","og_image":[{"width":1024,"height":683,"url":"https:\/\/jzi.org.pl\/wp-content\/uploads\/2019\/02\/pisanki-foto-artur-juszczy\u0144ski-2019-1024x683.jpg","type":"image\/jpeg"}],"twitter_card":"summary_large_image","schema":{"@context":"https:\/\/schema.org","@graph":[{"@type":"WebPage","@id":"https:\/\/jzi.org.pl\/wp-content\/uploads\/2019\/02\/pisanki-foto-artur-juszczy\u0144ski-2019.jpg","url":"https:\/\/jzi.org.pl\/wp-content\/uploads\/2019\/02\/pisanki-foto-artur-juszczy\u0144ski-2019.jpg","name":"pisanki-foto-artur-juszczy\u0144ski-2019 - Jami\u0144ski Zesp\u00f3\u0142 Indeksacyjny","isPartOf":{"@id":"https:\/\/jzi.org.pl\/#website"},"datePublished":"2019-02-28T06:10:34+00:00","dateModified":"2019-02-28T09:46:01+00:00","breadcrumb":{"@id":"https:\/\/jzi.org.pl\/wp-content\/uploads\/2019\/02\/pisanki-foto-artur-juszczy\u0144ski-2019.jpg#breadcrumb"},"inLanguage":"en-US","potentialAction":[{"@type":"ReadAction","target":["https:\/\/jzi.org.pl\/wp-content\/uploads\/2019\/02\/pisanki-foto-artur-juszczy\u0144ski-2019.jpg"]}]},{"@type":"BreadcrumbList","@id":"https:\/\/jzi.org.pl\/wp-content\/uploads\/2019\/02\/pisanki-foto-artur-juszczy\u0144ski-2019.jpg#breadcrumb","itemListElement":[{"@type":"ListItem","position":1,"name":"Strona g\u0142\u00f3wna","item":"https:\/\/jzi.org.pl\/"},{"@type":"ListItem","position":2,"name":"Krystyna Cie\u015bluk &#8211; pisankarka z Lipska","item":"https:\/\/jzi.org.pl\/en\/2019\/02\/28\/krystyna-ciesluk-pisankarka-z-lipska\/"},{"@type":"ListItem","position":3,"name":"pisanki-foto-artur-juszczy\u0144ski-2019"}]},{"@type":"WebSite","@id":"https:\/\/jzi.org.pl\/#website","url":"https:\/\/jzi.org.pl\/","name":"Jaminy Indexing Team","description":"","publisher":{"@id":"https:\/\/jzi.org.pl\/#organization"},"potentialAction":[{"@type":"SearchAction","target":{"@type":"EntryPoint","urlTemplate":"https:\/\/jzi.org.pl\/?s={search_term_string}"},"query-input":{"@type":"PropertyValueSpecification","valueRequired":true,"valueName":"search_term_string"}}],"inLanguage":"en-US"},{"@type":"Organization","@id":"https:\/\/jzi.org.pl\/#organization","name":"Jaminy Indexing Team","url":"https:\/\/jzi.org.pl\/","logo":{"@type":"ImageObject","inLanguage":"en-US","@id":"https:\/\/jzi.org.pl\/#\/schema\/logo\/image\/","url":"https:\/\/jzi.org.pl\/wp-content\/uploads\/2019\/03\/logo-stowarzyszenie-jzi.png","contentUrl":"https:\/\/jzi.org.pl\/wp-content\/uploads\/2019\/03\/logo-stowarzyszenie-jzi.png","width":931,"height":990,"caption":"Jami\u0144ski Zesp\u00f3\u0142 Indeksacyjny"},"image":{"@id":"https:\/\/jzi.org.pl\/#\/schema\/logo\/image\/"},"sameAs":["https:\/\/www.facebook.com\/Jaminski.Zespol.Indeksacyjny\/"]}]}},"jetpack_likes_enabled":true,"jetpack_sharing_enabled":true,"description":{"rendered":"<p class=\"attachment\"><a href='https:\/\/jzi.org.pl\/wp-content\/uploads\/2019\/02\/pisanki-foto-artur-juszczy\u0144ski-2019.jpg'><img loading=\"lazy\" decoding=\"async\" width=\"300\" height=\"200\" src=\"https:\/\/jzi.org.pl\/wp-content\/uploads\/2019\/02\/pisanki-foto-artur-juszczy\u0144ski-2019-300x200.jpg\" class=\"attachment-medium size-medium\" alt=\"\" srcset=\"https:\/\/jzi.org.pl\/wp-content\/uploads\/2019\/02\/pisanki-foto-artur-juszczy\u0144ski-2019-300x200.jpg 300w, https:\/\/jzi.org.pl\/wp-content\/uploads\/2019\/02\/pisanki-foto-artur-juszczy\u0144ski-2019-768x512.jpg 768w, https:\/\/jzi.org.pl\/wp-content\/uploads\/2019\/02\/pisanki-foto-artur-juszczy\u0144ski-2019-1024x683.jpg 1024w, https:\/\/jzi.org.pl\/wp-content\/uploads\/2019\/02\/pisanki-foto-artur-juszczy\u0144ski-2019-416x277.jpg 416w, https:\/\/jzi.org.pl\/wp-content\/uploads\/2019\/02\/pisanki-foto-artur-juszczy\u0144ski-2019-272x182.jpg 272w\" sizes=\"auto, (max-width: 300px) 100vw, 300px\" \/><\/a><\/p>\n"},"caption":{"rendered":""},"alt_text":"","media_type":"image","mime_type":"image\/jpeg","media_details":{"width":5384,"height":3589,"file":"2019\/02\/pisanki-foto-artur-juszczy\u0144ski-2019.jpg","sizes":{"thumbnail":{"file":"pisanki-foto-artur-juszczy\u0144ski-2019-150x150.jpg","width":150,"height":150,"mime_type":"image\/jpeg","source_url":"https:\/\/jzi.org.pl\/wp-content\/uploads\/2019\/02\/pisanki-foto-artur-juszczy\u0144ski-2019-150x150.jpg"},"medium":{"file":"pisanki-foto-artur-juszczy\u0144ski-2019-300x200.jpg","width":300,"height":200,"mime_type":"image\/jpeg","source_url":"https:\/\/jzi.org.pl\/wp-content\/uploads\/2019\/02\/pisanki-foto-artur-juszczy\u0144ski-2019-300x200.jpg"},"medium_large":{"file":"pisanki-foto-artur-juszczy\u0144ski-2019-768x512.jpg","width":768,"height":512,"mime_type":"image\/jpeg","source_url":"https:\/\/jzi.org.pl\/wp-content\/uploads\/2019\/02\/pisanki-foto-artur-juszczy\u0144ski-2019-768x512.jpg"},"large":{"file":"pisanki-foto-artur-juszczy\u0144ski-2019-1024x683.jpg","width":1024,"height":683,"mime_type":"image\/jpeg","source_url":"https:\/\/jzi.org.pl\/wp-content\/uploads\/2019\/02\/pisanki-foto-artur-juszczy\u0144ski-2019-1024x683.jpg"},"woocommerce_thumbnail":{"file":"pisanki-foto-artur-juszczy\u0144ski-2019-324x432.jpg","width":324,"height":432,"uncropped":false,"mime_type":"image\/jpeg","source_url":"https:\/\/jzi.org.pl\/wp-content\/uploads\/2019\/02\/pisanki-foto-artur-juszczy\u0144ski-2019-324x432.jpg"},"woocommerce_single":{"file":"pisanki-foto-artur-juszczy\u0144ski-2019-416x277.jpg","width":416,"height":277,"mime_type":"image\/jpeg","source_url":"https:\/\/jzi.org.pl\/wp-content\/uploads\/2019\/02\/pisanki-foto-artur-juszczy\u0144ski-2019-416x277.jpg"},"woocommerce_gallery_thumbnail":{"file":"pisanki-foto-artur-juszczy\u0144ski-2019-100x100.jpg","width":100,"height":100,"mime_type":"image\/jpeg","source_url":"https:\/\/jzi.org.pl\/wp-content\/uploads\/2019\/02\/pisanki-foto-artur-juszczy\u0144ski-2019-100x100.jpg"},"shop_catalog":{"file":"pisanki-foto-artur-juszczy\u0144ski-2019-324x432.jpg","width":324,"height":432,"mime_type":"image\/jpeg","source_url":"https:\/\/jzi.org.pl\/wp-content\/uploads\/2019\/02\/pisanki-foto-artur-juszczy\u0144ski-2019-324x432.jpg"},"shop_single":{"file":"pisanki-foto-artur-juszczy\u0144ski-2019-416x277.jpg","width":416,"height":277,"mime_type":"image\/jpeg","source_url":"https:\/\/jzi.org.pl\/wp-content\/uploads\/2019\/02\/pisanki-foto-artur-juszczy\u0144ski-2019-416x277.jpg"},"shop_thumbnail":{"file":"pisanki-foto-artur-juszczy\u0144ski-2019-100x100.jpg","width":100,"height":100,"mime_type":"image\/jpeg","source_url":"https:\/\/jzi.org.pl\/wp-content\/uploads\/2019\/02\/pisanki-foto-artur-juszczy\u0144ski-2019-100x100.jpg"},"sow-carousel-default":{"file":"pisanki-foto-artur-juszczy\u0144ski-2019-272x182.jpg","width":272,"height":182,"mime_type":"image\/jpeg","source_url":"https:\/\/jzi.org.pl\/wp-content\/uploads\/2019\/02\/pisanki-foto-artur-juszczy\u0144ski-2019-272x182.jpg"},"full":{"file":"pisanki-foto-artur-juszczy\u0144ski-2019.jpg","width":5384,"height":3589,"mime_type":"image\/jpeg","source_url":"https:\/\/jzi.org.pl\/wp-content\/uploads\/2019\/02\/pisanki-foto-artur-juszczy\u0144ski-2019.jpg"}},"image_meta":{"aperture":"2.8","credit":"Artur Juszczynski","camera":"Canon EOS 6D Mark II","caption":"","created_timestamp":"1549028143","copyright":"Artur Juszczy\u0144ski Fotografia www.fotozdroje.szczecin.pl","focal_length":"50","iso":"1000","shutter_speed":"0.01","title":"","orientation":"1","keywords":[]}},"post":7098,"source_url":"https:\/\/jzi.org.pl\/wp-content\/uploads\/2019\/02\/pisanki-foto-artur-juszczy\u0144ski-2019.jpg","_links":{"self":[{"href":"https:\/\/jzi.org.pl\/en\/wp-json\/wp\/v2\/media\/7105","targetHints":{"allow":["GET"]}}],"collection":[{"href":"https:\/\/jzi.org.pl\/en\/wp-json\/wp\/v2\/media"}],"about":[{"href":"https:\/\/jzi.org.pl\/en\/wp-json\/wp\/v2\/types\/attachment"}],"author":[{"embeddable":true,"href":"https:\/\/jzi.org.pl\/en\/wp-json\/wp\/v2\/users\/1"}],"replies":[{"embeddable":true,"href":"https:\/\/jzi.org.pl\/en\/wp-json\/wp\/v2\/comments?post=7105"}],"wp:attached-to":[{"embeddable":true,"post_type":"post","id":7098,"href":"https:\/\/jzi.org.pl\/en\/wp-json\/wp\/v2\/posts\/7098"}],"curies":[{"name":"wp","href":"https:\/\/api.w.org\/{rel}","templated":true}]}}