{"version":"1.0","provider_name":"Jaminy Indexing Team","provider_url":"https:\/\/jzi.org.pl\/en\/","author_name":"Marcin Halicki","author_url":"https:\/\/jzi.org.pl\/en\/author\/marcin-halicki-2\/","title":"Rys historyczny miejscowo\u015bci Ma\u0142e Raczki - Jami\u0144ski Zesp\u00f3\u0142 Indeksacyjny","type":"rich","width":600,"height":338,"html":"<blockquote class=\"wp-embedded-content\" data-secret=\"22Y7z0n1nz\"><a href=\"https:\/\/jzi.org.pl\/en\/2020\/02\/26\/rys-historyczny-miejscowosci-male-raczki\/\">Rys historyczny miejscowo\u015bci Ma\u0142e Raczki<\/a><\/blockquote><iframe sandbox=\"allow-scripts\" security=\"restricted\" src=\"https:\/\/jzi.org.pl\/en\/2020\/02\/26\/rys-historyczny-miejscowosci-male-raczki\/embed\/#?secret=22Y7z0n1nz\" width=\"600\" height=\"338\" title=\"&#8220;Rys historyczny miejscowo\u015bci Ma\u0142e Raczki&#8221; &#8212; Jami\u0144ski Zesp\u00f3\u0142 Indeksacyjny\" data-secret=\"22Y7z0n1nz\" frameborder=\"0\" marginwidth=\"0\" marginheight=\"0\" scrolling=\"no\" class=\"wp-embedded-content\"><\/iframe><script>\n\/*! This file is auto-generated *\/\n!function(d,l){\"use strict\";l.querySelector&&d.addEventListener&&\"undefined\"!=typeof URL&&(d.wp=d.wp||{},d.wp.receiveEmbedMessage||(d.wp.receiveEmbedMessage=function(e){var t=e.data;if((t||t.secret||t.message||t.value)&&!\/[^a-zA-Z0-9]\/.test(t.secret)){for(var s,r,n,a=l.querySelectorAll('iframe[data-secret=\"'+t.secret+'\"]'),o=l.querySelectorAll('blockquote[data-secret=\"'+t.secret+'\"]'),c=new RegExp(\"^https?:$\",\"i\"),i=0;i<o.length;i++)o[i].style.display=\"none\";for(i=0;i<a.length;i++)s=a[i],e.source===s.contentWindow&&(s.removeAttribute(\"style\"),\"height\"===t.message?(1e3<(r=parseInt(t.value,10))?r=1e3:~~r<200&&(r=200),s.height=r):\"link\"===t.message&&(r=new URL(s.getAttribute(\"src\")),n=new URL(t.value),c.test(n.protocol))&&n.host===r.host&&l.activeElement===s&&(d.top.location.href=t.value))}},d.addEventListener(\"message\",d.wp.receiveEmbedMessage,!1),l.addEventListener(\"DOMContentLoaded\",function(){for(var e,t,s=l.querySelectorAll(\"iframe.wp-embedded-content\"),r=0;r<s.length;r++)(t=(e=s[r]).getAttribute(\"data-secret\"))||(t=Math.random().toString(36).substring(2,12),e.src+=\"#?secret=\"+t,e.setAttribute(\"data-secret\",t)),e.contentWindow.postMessage({message:\"ready\",secret:t},\"*\")},!1)))}(window,document);\n\/\/# sourceURL=https:\/\/jzi.org.pl\/wp-includes\/js\/wp-embed.min.js\n<\/script>","thumbnail_url":"https:\/\/jzi.org.pl\/wp-content\/uploads\/2020\/02\/7.-Orkiestra-ko\u015bcielna-przed-budynkiem-plebanii-w-Raczkach.-W-sk\u0142adzie-orkiestry-mieszka\u0144cy-Ma\u0142ych-Raczek.-Lata-30.-XX-wieku.-1024x761.jpg","thumbnail_width":1024,"thumbnail_height":761,"description":"www.raczkowskiearchiwalia.pl Pierwsze osadnictwo na terenie obecnej wsi Ma\u0142e Raczki si\u0119ga schy\u0142ku starszej epoki kamienia- paleolitu. Potwierdzeniem sta\u0142ego osadnictwa jest osada z wczesnej epoki \u017celaza (650-400 p.n.e.) z nawarstwion\u0105 osad\u0105 \u015bredniowieczn\u0105. Znajdowa\u0142a si\u0119 ona na wysokim brzegu rzeki Rospudy (dawniej Dowspudy\/ Douspudy\/ Dospudy). Osada by\u0142a cz\u0119\u015bciowo zniszczona na skutek wybierania \u017cwiru. W czasie bada\u0144 archeologicznych w [&hellip;]"}